{"id":68390,"date":"2025-11-23T15:19:31","date_gmt":"2025-11-23T14:19:31","guid":{"rendered":"https:\/\/skyddaskogen.se\/services\/mehrfachnutzung-im-wald\/"},"modified":"2026-01-30T15:58:44","modified_gmt":"2026-01-30T14:58:44","slug":"mehrfachnutzung-im-wald","status":"publish","type":"cpt_services","link":"https:\/\/skyddaskogen.se\/de\/services\/mehrfachnutzung-im-wald\/","title":{"rendered":"Mehrfachnutzung im Wald"},"content":{"rendered":"\n<p><strong>Ein lebender Wald ist die Grundlage f\u00fcr eine Vielzahl von M\u00f6glichkeiten zur Mehrfachnutzung, wenn er innerhalb der Grenzen von \u00d6kosystemen bewirtschaftet wird. Nachhaltige Nutzung und Bewirtschaftung des Waldes sowie die Wiederherstellung zuvor ersch\u00f6pfter monotoner bewirtschafteter W\u00e4lder und Plantagen w\u00fcrden bedeuten, dass wir viele der grundlegenden \u00d6kosystemfunktionen sicherstellen k\u00f6nnen, von denen wir alle abh\u00e4ngig sind. <\/strong><\/p>\n\n<p>Vielf\u00e4ltige und lebendige W\u00e4lder bilden die Grundlage vieler \u00d6kosystemfunktionen und -dienstleistungen, von denen wir alle abh\u00e4ngig sind; Best\u00e4ubung, M\u00fcllabfuhr, Wasserregulierung, Wasseraufbereitung, Klimaregulierung, Kohlenstoffspeicherung und Luftreinigung. Sie sch\u00fctzen uns vor Naturkatastrophen. Vielf\u00e4ltige W\u00e4lder weisen zudem eine h\u00f6here Widerstandsf\u00e4higkeit auf, also Resilienz und Resilienz, was angesichts zunehmender negativer Klimaauswirkungen wie St\u00fcrme, Br\u00e4nde und D\u00fcrren grundlegend ist.  <\/p>\n\n<figure class=\"wp-block-image size-large\"><img fetchpriority=\"high\" decoding=\"async\" width=\"1024\" height=\"576\" src=\"https:\/\/skyddaskogen.se\/wp-content\/uploads\/2021\/02\/skyddaskogen.se_helifilm-com-01711352-03946-1024x576.png\" alt=\"\" class=\"wp-image-20116\" srcset=\"https:\/\/skyddaskogen.se\/wp-content\/uploads\/2021\/02\/skyddaskogen.se_helifilm-com-01711352-03946-1024x576.png 1024w, https:\/\/skyddaskogen.se\/wp-content\/uploads\/2021\/02\/skyddaskogen.se_helifilm-com-01711352-03946-300x169.png 300w, https:\/\/skyddaskogen.se\/wp-content\/uploads\/2021\/02\/skyddaskogen.se_helifilm-com-01711352-03946-768x432.png 768w, https:\/\/skyddaskogen.se\/wp-content\/uploads\/2021\/02\/skyddaskogen.se_helifilm-com-01711352-03946-1536x864.png 1536w, https:\/\/skyddaskogen.se\/wp-content\/uploads\/2021\/02\/skyddaskogen.se_helifilm-com-01711352-03946-2048x1152.png 2048w\" sizes=\"(max-width: 1024px) 100vw, 1024px\" \/><figcaption class=\"wp-element-caption\">Foto: Bj\u00f6rn Olin<\/figcaption><\/figure>\n\n<p>\u00d6kosystembasierte, naturnahe Forstwirtschaft und Mischw\u00e4lder w\u00fcrden mehr Besch\u00e4ftigungsm\u00f6glichkeiten, eine gr\u00f6\u00dfere Vielfalt an Nutzungsformen und generell mehr \u00d6kosystemdienstleistungen sowie mehr gesellschaftliche Vorteile bieten. Es gibt eine Vielzahl von Mehrzweckbereichen wie Naturtourismus, Rentierhaltung, Holzgewinnung, Beeren- und Pilzpfl\u00fccken und vieles mehr. In unserem Land dominieren derzeit forstwirtschaftliche Methoden, die nicht nur Tiere und Pflanzen benachteiligten, sondern auch andere menschliche Industrien oder andere Arten der Waldnutzung erschweren.  <\/p>\n\n<p><strong>Der Vorschlag von Protect the Forest f\u00fcr nachhaltige Holzproduktion bedeutet Forstwirtschaft, die:<\/strong><\/p>\n\n<ul class=\"wp-block-list\">\n<li>basierend auf nat\u00fcrlicher Regeneration und Walddynamik.<\/li>\n\n\n\n<li>umfasst den Schutz und die Wiederherstellung der Waldlandschaft im Einklang mit dem \u00dcbereinkommen \u00fcber die biologische Vielfalt (<a href=\"https:\/\/www.cbd.int\/\">CBD).<\/a><\/li>\n\n\n\n<li>Konzentriert sich darauf, die Kohlenstoffbest\u00e4nde in unseren W\u00e4ldern durch reduzierte F\u00e4llung und ver\u00e4nderte Forstwirtschaftspraktiken zu erh\u00f6hen.<\/li>\n\n\n\n<li>konzentriert sich auf die Herstellung langlebiger Qualit\u00e4tsprodukte und -materialien.<\/li>\n\n\n\n<li>verhindert Bodensch\u00e4den und ber\u00fccksichtigt die Biodiversit\u00e4t, das Wasser, die kulturellen Werte und andere Nutzungsformen vollst\u00e4ndig.<\/li>\n\n\n\n<li>die Rechte der Samen respektieren.<br\/><br\/><\/li>\n<\/ul>\n\n<figure class=\"wp-block-image size-large\"><img decoding=\"async\" width=\"1024\" height=\"746\" src=\"https:\/\/skyddaskogen.se\/wp-content\/uploads\/2021\/03\/skyddaskogen.se_tor-ren-allmanningen-granudden-jokkmokk-1024x746.jpg\" alt=\"\" class=\"wp-image-20445\" srcset=\"https:\/\/skyddaskogen.se\/wp-content\/uploads\/2021\/03\/skyddaskogen.se_tor-ren-allmanningen-granudden-jokkmokk-1024x746.jpg 1024w, https:\/\/skyddaskogen.se\/wp-content\/uploads\/2021\/03\/skyddaskogen.se_tor-ren-allmanningen-granudden-jokkmokk-300x219.jpg 300w, https:\/\/skyddaskogen.se\/wp-content\/uploads\/2021\/03\/skyddaskogen.se_tor-ren-allmanningen-granudden-jokkmokk-768x559.jpg 768w, https:\/\/skyddaskogen.se\/wp-content\/uploads\/2021\/03\/skyddaskogen.se_tor-ren-allmanningen-granudden-jokkmokk-1536x1119.jpg 1536w, https:\/\/skyddaskogen.se\/wp-content\/uploads\/2021\/03\/skyddaskogen.se_tor-ren-allmanningen-granudden-jokkmokk.jpg 2000w\" sizes=\"(max-width: 1024px) 100vw, 1024px\" \/><figcaption class=\"wp-element-caption\">Rentierlarven grasen in nat\u00fcrlichen W\u00e4ldern. Karatj, R\u00e5vv\u00e5ivve. Jokkmokk, Lappland. \u00a9 Tor Lundberg Tuorda\/Naturfotograferna\/IBL Bildbyr\u00e5.   <\/figcaption><\/figure>\n\n<p><strong>WAS SCH\u00dcTZT DER WALD:<\/strong> Wir setzen uns f\u00fcr eine \u00f6kosystembasierte Mehrzwecknutzung ein, bei der nachhaltige Holzeinschlagung eine von vielen M\u00f6glichkeiten ist, den Wald zu nutzen. Eine \u00f6kosystembasierte Forstwirtschaft, die auf aktueller forst\u00f6kologischer Forschung basiert. Protect the Forest will nicht nur die verbliebenen nat\u00fcrlichen W\u00e4lder bewahren. Wir arbeiten au\u00dferdem daran, sicherzustellen, dass die bewirtschafteten W\u00e4lder so bewirtschaftet werden, dass M\u00f6glichkeiten f\u00fcr eine breite Palette von Nutzungen entstehen, Risiken reduziert und gesellschaftliche sowie \u00f6kologische Resilienz geschaffen werden.   <\/p>\n","protected":false},"excerpt":{"rendered":"<p>Ein lebender Wald ist die Grundlage f\u00fcr eine Vielzahl von M\u00f6glichkeiten zur mehrfachen Nutzung.<\/p>\n","protected":false},"author":18,"featured_media":36474,"comment_status":"closed","ping_status":"closed","template":"","cpt_services_group":[1513],"class_list":["post-68390","cpt_services","type-cpt_services","status-publish","has-post-thumbnail","hentry","cpt_services_group-schutzen-sie-den-wald"],"yoast_head":"<!-- This site is optimized with the Yoast SEO plugin v27.4 - https:\/\/yoast.com\/product\/yoast-seo-wordpress\/ -->\n<title>Mehrfachnutzung im Wald - Sch\u00fczt den wald<\/title>\n<meta name=\"robots\" content=\"index, follow, max-snippet:-1, max-image-preview:large, max-video-preview:-1\" \/>\n<link rel=\"canonical\" href=\"https:\/\/skyddaskogen.se\/de\/services\/mehrfachnutzung-im-wald\/\" \/>\n<meta property=\"og:locale\" content=\"de_DE\" \/>\n<meta property=\"og:type\" content=\"article\" \/>\n<meta property=\"og:title\" content=\"Mehrfachnutzung im Wald - Sch\u00fczt den wald\" \/>\n<meta property=\"og:description\" content=\"Ein lebender Wald ist die Grundlage f\u00fcr eine Vielzahl von M\u00f6glichkeiten zur mehrfachen Nutzung.\" \/>\n<meta property=\"og:url\" content=\"https:\/\/skyddaskogen.se\/de\/services\/mehrfachnutzung-im-wald\/\" \/>\n<meta property=\"og:site_name\" content=\"Sch\u00fczt den wald\" \/>\n<meta property=\"article:publisher\" content=\"https:\/\/www.facebook.com\/groups\/54996954022\/\" \/>\n<meta property=\"article:modified_time\" content=\"2026-01-30T14:58:44+00:00\" \/>\n<meta property=\"og:image\" content=\"https:\/\/skyddaskogen.se\/wp-content\/uploads\/2020\/04\/deer.jpg\" \/>\n\t<meta property=\"og:image:width\" content=\"902\" \/>\n\t<meta property=\"og:image:height\" content=\"1022\" \/>\n\t<meta property=\"og:image:type\" content=\"image\/jpeg\" \/>\n<meta name=\"twitter:card\" content=\"summary_large_image\" \/>\n<meta name=\"twitter:site\" content=\"@skyddaskogen\" \/>\n<meta name=\"twitter:label1\" content=\"Gesch\u00e4tzte Lesezeit\" \/>\n\t<meta name=\"twitter:data1\" content=\"2\u00a0Minuten\" \/>\n<script type=\"application\/ld+json\" class=\"yoast-schema-graph\">{\"@context\":\"https:\\\/\\\/schema.org\",\"@graph\":[{\"@type\":\"WebPage\",\"@id\":\"https:\\\/\\\/skyddaskogen.se\\\/de\\\/services\\\/mehrfachnutzung-im-wald\\\/\",\"url\":\"https:\\\/\\\/skyddaskogen.se\\\/de\\\/services\\\/mehrfachnutzung-im-wald\\\/\",\"name\":\"Mehrfachnutzung im Wald - Sch\u00fczt den wald\",\"isPartOf\":{\"@id\":\"https:\\\/\\\/skyddaskogen.se\\\/#website\"},\"primaryImageOfPage\":{\"@id\":\"https:\\\/\\\/skyddaskogen.se\\\/de\\\/services\\\/mehrfachnutzung-im-wald\\\/#primaryimage\"},\"image\":{\"@id\":\"https:\\\/\\\/skyddaskogen.se\\\/de\\\/services\\\/mehrfachnutzung-im-wald\\\/#primaryimage\"},\"thumbnailUrl\":\"https:\\\/\\\/skyddaskogen.se\\\/wp-content\\\/uploads\\\/2020\\\/04\\\/deer.jpg\",\"datePublished\":\"2025-11-23T14:19:31+00:00\",\"dateModified\":\"2026-01-30T14:58:44+00:00\",\"breadcrumb\":{\"@id\":\"https:\\\/\\\/skyddaskogen.se\\\/de\\\/services\\\/mehrfachnutzung-im-wald\\\/#breadcrumb\"},\"inLanguage\":\"de\",\"potentialAction\":[{\"@type\":\"ReadAction\",\"target\":[\"https:\\\/\\\/skyddaskogen.se\\\/de\\\/services\\\/mehrfachnutzung-im-wald\\\/\"]}]},{\"@type\":\"ImageObject\",\"inLanguage\":\"de\",\"@id\":\"https:\\\/\\\/skyddaskogen.se\\\/de\\\/services\\\/mehrfachnutzung-im-wald\\\/#primaryimage\",\"url\":\"https:\\\/\\\/skyddaskogen.se\\\/wp-content\\\/uploads\\\/2020\\\/04\\\/deer.jpg\",\"contentUrl\":\"https:\\\/\\\/skyddaskogen.se\\\/wp-content\\\/uploads\\\/2020\\\/04\\\/deer.jpg\",\"width\":902,\"height\":1022,\"caption\":\"Screenshot\"},{\"@type\":\"BreadcrumbList\",\"@id\":\"https:\\\/\\\/skyddaskogen.se\\\/de\\\/services\\\/mehrfachnutzung-im-wald\\\/#breadcrumb\",\"itemListElement\":[{\"@type\":\"ListItem\",\"position\":1,\"name\":\"Home\",\"item\":\"https:\\\/\\\/skyddaskogen.se\\\/de\\\/schutzen-sie-den-wald\\\/\"},{\"@type\":\"ListItem\",\"position\":2,\"name\":\"Services\",\"item\":\"https:\\\/\\\/skyddaskogen.se\\\/services\\\/\"},{\"@type\":\"ListItem\",\"position\":3,\"name\":\"Mehrfachnutzung im Wald\"}]},{\"@type\":\"WebSite\",\"@id\":\"https:\\\/\\\/skyddaskogen.se\\\/#website\",\"url\":\"https:\\\/\\\/skyddaskogen.se\\\/\",\"name\":\"Skydda Skogen\",\"description\":\"Zum Schutz alter W\u00e4lder und nat\u00fcrlicher Bauernh\u00f6fe\",\"publisher\":{\"@id\":\"https:\\\/\\\/skyddaskogen.se\\\/#organization\"},\"potentialAction\":[{\"@type\":\"SearchAction\",\"target\":{\"@type\":\"EntryPoint\",\"urlTemplate\":\"https:\\\/\\\/skyddaskogen.se\\\/?s={search_term_string}\"},\"query-input\":{\"@type\":\"PropertyValueSpecification\",\"valueRequired\":true,\"valueName\":\"search_term_string\"}}],\"inLanguage\":\"de\"},{\"@type\":\"Organization\",\"@id\":\"https:\\\/\\\/skyddaskogen.se\\\/#organization\",\"name\":\"Skydda Skogen\",\"url\":\"https:\\\/\\\/skyddaskogen.se\\\/\",\"logo\":{\"@type\":\"ImageObject\",\"inLanguage\":\"de\",\"@id\":\"https:\\\/\\\/skyddaskogen.se\\\/#\\\/schema\\\/logo\\\/image\\\/\",\"url\":\"https:\\\/\\\/skyddaskogen.se\\\/wp-content\\\/uploads\\\/2020\\\/09\\\/skyddaskogen.se_favicon-1.png\",\"contentUrl\":\"https:\\\/\\\/skyddaskogen.se\\\/wp-content\\\/uploads\\\/2020\\\/09\\\/skyddaskogen.se_favicon-1.png\",\"width\":256,\"height\":256,\"caption\":\"Skydda Skogen\"},\"image\":{\"@id\":\"https:\\\/\\\/skyddaskogen.se\\\/#\\\/schema\\\/logo\\\/image\\\/\"},\"sameAs\":[\"https:\\\/\\\/www.facebook.com\\\/groups\\\/54996954022\\\/\",\"https:\\\/\\\/x.com\\\/skyddaskogen\",\"https:\\\/\\\/www.instagram.com\\\/skyddaskogen\\\/\",\"https:\\\/\\\/www.youtube.com\\\/channel\\\/UCHJVIc9sptUj-qPek3Imitw\"]}]}<\/script>\n<!-- \/ Yoast SEO plugin. -->","yoast_head_json":{"title":"Mehrfachnutzung im Wald - Sch\u00fczt den wald","robots":{"index":"index","follow":"follow","max-snippet":"max-snippet:-1","max-image-preview":"max-image-preview:large","max-video-preview":"max-video-preview:-1"},"canonical":"https:\/\/skyddaskogen.se\/de\/services\/mehrfachnutzung-im-wald\/","og_locale":"de_DE","og_type":"article","og_title":"Mehrfachnutzung im Wald - Sch\u00fczt den wald","og_description":"Ein lebender Wald ist die Grundlage f\u00fcr eine Vielzahl von M\u00f6glichkeiten zur mehrfachen Nutzung.","og_url":"https:\/\/skyddaskogen.se\/de\/services\/mehrfachnutzung-im-wald\/","og_site_name":"Sch\u00fczt den wald","article_publisher":"https:\/\/www.facebook.com\/groups\/54996954022\/","article_modified_time":"2026-01-30T14:58:44+00:00","og_image":[{"width":902,"height":1022,"url":"https:\/\/skyddaskogen.se\/wp-content\/uploads\/2020\/04\/deer.jpg","type":"image\/jpeg"}],"twitter_card":"summary_large_image","twitter_site":"@skyddaskogen","twitter_misc":{"Gesch\u00e4tzte Lesezeit":"2\u00a0Minuten"},"schema":{"@context":"https:\/\/schema.org","@graph":[{"@type":"WebPage","@id":"https:\/\/skyddaskogen.se\/de\/services\/mehrfachnutzung-im-wald\/","url":"https:\/\/skyddaskogen.se\/de\/services\/mehrfachnutzung-im-wald\/","name":"Mehrfachnutzung im Wald - Sch\u00fczt den wald","isPartOf":{"@id":"https:\/\/skyddaskogen.se\/#website"},"primaryImageOfPage":{"@id":"https:\/\/skyddaskogen.se\/de\/services\/mehrfachnutzung-im-wald\/#primaryimage"},"image":{"@id":"https:\/\/skyddaskogen.se\/de\/services\/mehrfachnutzung-im-wald\/#primaryimage"},"thumbnailUrl":"https:\/\/skyddaskogen.se\/wp-content\/uploads\/2020\/04\/deer.jpg","datePublished":"2025-11-23T14:19:31+00:00","dateModified":"2026-01-30T14:58:44+00:00","breadcrumb":{"@id":"https:\/\/skyddaskogen.se\/de\/services\/mehrfachnutzung-im-wald\/#breadcrumb"},"inLanguage":"de","potentialAction":[{"@type":"ReadAction","target":["https:\/\/skyddaskogen.se\/de\/services\/mehrfachnutzung-im-wald\/"]}]},{"@type":"ImageObject","inLanguage":"de","@id":"https:\/\/skyddaskogen.se\/de\/services\/mehrfachnutzung-im-wald\/#primaryimage","url":"https:\/\/skyddaskogen.se\/wp-content\/uploads\/2020\/04\/deer.jpg","contentUrl":"https:\/\/skyddaskogen.se\/wp-content\/uploads\/2020\/04\/deer.jpg","width":902,"height":1022,"caption":"Screenshot"},{"@type":"BreadcrumbList","@id":"https:\/\/skyddaskogen.se\/de\/services\/mehrfachnutzung-im-wald\/#breadcrumb","itemListElement":[{"@type":"ListItem","position":1,"name":"Home","item":"https:\/\/skyddaskogen.se\/de\/schutzen-sie-den-wald\/"},{"@type":"ListItem","position":2,"name":"Services","item":"https:\/\/skyddaskogen.se\/services\/"},{"@type":"ListItem","position":3,"name":"Mehrfachnutzung im Wald"}]},{"@type":"WebSite","@id":"https:\/\/skyddaskogen.se\/#website","url":"https:\/\/skyddaskogen.se\/","name":"Skydda Skogen","description":"Zum Schutz alter W\u00e4lder und nat\u00fcrlicher Bauernh\u00f6fe","publisher":{"@id":"https:\/\/skyddaskogen.se\/#organization"},"potentialAction":[{"@type":"SearchAction","target":{"@type":"EntryPoint","urlTemplate":"https:\/\/skyddaskogen.se\/?s={search_term_string}"},"query-input":{"@type":"PropertyValueSpecification","valueRequired":true,"valueName":"search_term_string"}}],"inLanguage":"de"},{"@type":"Organization","@id":"https:\/\/skyddaskogen.se\/#organization","name":"Skydda Skogen","url":"https:\/\/skyddaskogen.se\/","logo":{"@type":"ImageObject","inLanguage":"de","@id":"https:\/\/skyddaskogen.se\/#\/schema\/logo\/image\/","url":"https:\/\/skyddaskogen.se\/wp-content\/uploads\/2020\/09\/skyddaskogen.se_favicon-1.png","contentUrl":"https:\/\/skyddaskogen.se\/wp-content\/uploads\/2020\/09\/skyddaskogen.se_favicon-1.png","width":256,"height":256,"caption":"Skydda Skogen"},"image":{"@id":"https:\/\/skyddaskogen.se\/#\/schema\/logo\/image\/"},"sameAs":["https:\/\/www.facebook.com\/groups\/54996954022\/","https:\/\/x.com\/skyddaskogen","https:\/\/www.instagram.com\/skyddaskogen\/","https:\/\/www.youtube.com\/channel\/UCHJVIc9sptUj-qPek3Imitw"]}]}},"_links":{"self":[{"href":"https:\/\/skyddaskogen.se\/de\/wp-json\/wp\/v2\/cpt_services\/68390","targetHints":{"allow":["GET"]}}],"collection":[{"href":"https:\/\/skyddaskogen.se\/de\/wp-json\/wp\/v2\/cpt_services"}],"about":[{"href":"https:\/\/skyddaskogen.se\/de\/wp-json\/wp\/v2\/types\/cpt_services"}],"author":[{"embeddable":true,"href":"https:\/\/skyddaskogen.se\/de\/wp-json\/wp\/v2\/users\/18"}],"replies":[{"embeddable":true,"href":"https:\/\/skyddaskogen.se\/de\/wp-json\/wp\/v2\/comments?post=68390"}],"wp:featuredmedia":[{"embeddable":true,"href":"https:\/\/skyddaskogen.se\/de\/wp-json\/wp\/v2\/media\/36474"}],"wp:attachment":[{"href":"https:\/\/skyddaskogen.se\/de\/wp-json\/wp\/v2\/media?parent=68390"}],"wp:term":[{"taxonomy":"cpt_services_group","embeddable":true,"href":"https:\/\/skyddaskogen.se\/de\/wp-json\/wp\/v2\/cpt_services_group?post=68390"}],"curies":[{"name":"wp","href":"https:\/\/api.w.org\/{rel}","templated":true}]}}