{"id":68392,"date":"2025-11-23T15:23:13","date_gmt":"2025-11-23T14:23:13","guid":{"rendered":"https:\/\/skyddaskogen.se\/services\/das-klima-und-der-wald\/"},"modified":"2026-01-30T15:58:12","modified_gmt":"2026-01-30T14:58:12","slug":"das-klima-und-der-wald","status":"publish","type":"cpt_services","link":"https:\/\/skyddaskogen.se\/de\/services\/das-klima-und-der-wald\/","title":{"rendered":"Das Klima und der Wald"},"content":{"rendered":"\n<p><strong>Wussten Sie, dass allein der Forstsektor mehr Treibhausgase ausst\u00f6\u00dft als alle Gesamtemissionsquellen Schwedens zusammen?<\/strong><\/p>\n\n<p>Die n\u00f6rdlichen Naturw\u00e4lder der Welt speichern enorme Mengen an Kohlenstoff in Vegetation und Boden und sind Heimat einer reichen Biodiversit\u00e4t. Artenreiche, gesunde und nat\u00fcrliche \u00d6kosysteme haben eine gr\u00f6\u00dfere Widerstandsf\u00e4higkeit, das hei\u00dft, sie kommen besser zurecht als industrielle Baumbest\u00e4nde und Plantagen, wenn sie St\u00f6rungen ausgesetzt sind, und k\u00f6nnen daher besser mit den verschiedenen Auswirkungen des Klimawandels umgehen. Daher ist es \u00e4u\u00dferst wichtig, das nat\u00fcrliche Waldgebiet der Welt zu bewahren, zu restaurieren und zu erweitern.  <\/p>\n\n<p>W\u00e4hrend der Schutz der W\u00e4lder der Welt eine Schl\u00fcsselfigur f\u00fcr das Klima spielt, ist die schwedische Forstindustrie f\u00fcr gigantische Treibhausgasemissionen aus Kahlschlag, Stra\u00dfenbau, Forstmaschinen und -transport, der Verbrennung von Biokraftstoffen sowie Industrien wie Zellstoff- und Papierfabriken verantwortlich.<\/p>\n\n<figure class=\"wp-block-image size-large\"><img fetchpriority=\"high\" decoding=\"async\" width=\"1024\" height=\"529\" src=\"https:\/\/skyddaskogen.se\/wp-content\/uploads\/2021\/02\/skyddaskogen.se_massafabrik-1024x529.jpg\" alt=\"Die Forstwirtschaft st&#xF6;&#xDF;t gro&#xDF;e Mengen Treibhausgase aus. Foto: Bj&#xF6;rn Olin \" class=\"wp-image-20037\" srcset=\"https:\/\/skyddaskogen.se\/wp-content\/uploads\/2021\/02\/skyddaskogen.se_massafabrik-1024x529.jpg 1024w, https:\/\/skyddaskogen.se\/wp-content\/uploads\/2021\/02\/skyddaskogen.se_massafabrik-300x155.jpg 300w, https:\/\/skyddaskogen.se\/wp-content\/uploads\/2021\/02\/skyddaskogen.se_massafabrik-768x396.jpg 768w, https:\/\/skyddaskogen.se\/wp-content\/uploads\/2021\/02\/skyddaskogen.se_massafabrik.jpg 1426w\" sizes=\"(max-width: 1024px) 100vw, 1024px\" \/><figcaption class=\"wp-element-caption\">Die Forstwirtschaft st\u00f6\u00dft gro\u00dfe Mengen Treibhausgase aus. Foto: Bj\u00f6rn Olin <\/figcaption><\/figure>\n\n<p><strong>Klimafreundliche Waldprodukte?<\/strong><br\/>Etwa 80 Prozent der Waldprodukte werden zu kurzlebigen Produkten, die schnell in Form von Treibhausgasen in die Atmosph\u00e4re zur\u00fcckkehren. Nur ein kleiner Teil, 15\u201320 Prozent, wird zu langlebigen Produkten wie Holz verarbeitet. Die meisten gef\u00e4llten W\u00e4lder werden zu klarf\u00e4lligen R\u00fcckst\u00e4nden, Energie und nicht unerheblichen Mengen unn\u00f6tiger Papp- und Papierprodukte, wie Direktmailing, viele verschiedene Designboxen, die nicht zum Bewahren oder Transport eines Produkts ben\u00f6tigt werden, eine Vielzahl von Einwegartikeln wie Untersetzer und Pappbechern in der Fast-Food-Branche sowie all die \u00fcbergro\u00dfen Kartons, die im wachsenden Online-Handel viel Luft transportieren. Diese Produkte werden nicht ben\u00f6tigt, um die Grundbed\u00fcrfnisse der Menschheit zu decken.   <\/p>\n\n<p>\u00dcberproduktion und \u00dcberkonsum treiben den Klimawandel und den Verlust der Biodiversit\u00e4t voran.<\/p>\n\n<p><strong>Alter Naturwald ist nicht erneuerbar<\/strong><br\/>Die Forstwirtschaft sagt, dass Holz und Biokraftstoffe erneuerbar sind und ihre Produkte Stahl, \u00d6l, Beton und Kunststoff ersetzen werden. Ein nat\u00fcrlicher Wald ist jedoch nicht &#8222;erneuerbar&#8220;. Man kann neue B\u00e4ume pflanzen, aber ein alter Naturwald, der noch nicht kahlgeschlagen wurde, kann nicht gepflanzt werden. Es ist nicht m\u00f6glich, diese Art von Lebensraum in wenigen Jahrzehnten nachzubilden. Es dauert Jahrhunderte oder Jahrtausende, bis die Natur einen solchen Wald wiedererschafft.    <\/p>\n\n<p>Wenn die Forstindustrie t\u00e4glich in das schrumpfende Gebiet des echten Waldes expandiert, sie ernten nat\u00fcrliche W\u00e4lder mit gro\u00dfen Kohlenstoffreserven, und es dauert enorm lange, bis die neuen Baumst\u00e4nde die entsprechende Menge an Kohlenstoff aufnehmen \u2013 Zeit, die wir aus Klimasicht nicht haben. Au\u00dferdem werden die B\u00e4ume gepflanzt und dann erneut gef\u00e4llt. Wie ein Bauernhof.  <\/p>\n\n<p><strong>WAS SCH\u00dcTZT DER WALD:<\/strong> Wir arbeiten aktiv mit internationalen und nationalen Kampagnen zusammen, mit Informationsverbreitung, Interessenvertretung und Debatte, um die Klimavorteile der W\u00e4lder hervorzuheben, aber auch die W\u00e4lder klimasicher zu machen und sie vor Ausbeutung und Ersch\u00f6pfung zu sch\u00fctzen. Dies tun wir unter anderem, indem wir uns f\u00fcr eine Reform des heutigen gef\u00e4hrdeten Kahlschlag- und Plantagemodells einsetzen, f\u00fcr klimaangepasste, \u00f6kosystembasierte Waldbewirtschaftung sowie f\u00fcr den Schutz und die Wiederherstellung von W\u00e4ldern, eine erh\u00f6hte Kohlenstoffbindung und die Reduzierung der Holzf\u00e4llung. <\/p>\n","protected":false},"excerpt":{"rendered":"<p>Die Forstwirtschaft ist f\u00fcr hohe Treibhausgasemissionen verantwortlich.<\/p>\n","protected":false},"author":18,"featured_media":36477,"comment_status":"closed","ping_status":"closed","template":"","cpt_services_group":[1513],"class_list":["post-68392","cpt_services","type-cpt_services","status-publish","has-post-thumbnail","hentry","cpt_services_group-schutzen-sie-den-wald"],"yoast_head":"<!-- This site is optimized with the Yoast SEO plugin v27.4 - https:\/\/yoast.com\/product\/yoast-seo-wordpress\/ -->\n<title>Das Klima und der Wald - Sch\u00fczt den wald<\/title>\n<meta name=\"robots\" content=\"index, follow, max-snippet:-1, max-image-preview:large, max-video-preview:-1\" \/>\n<link rel=\"canonical\" href=\"https:\/\/skyddaskogen.se\/de\/services\/das-klima-und-der-wald\/\" \/>\n<meta property=\"og:locale\" content=\"de_DE\" \/>\n<meta property=\"og:type\" content=\"article\" \/>\n<meta property=\"og:title\" content=\"Das Klima und der Wald - Sch\u00fczt den wald\" \/>\n<meta property=\"og:description\" content=\"Die Forstwirtschaft ist f\u00fcr hohe Treibhausgasemissionen verantwortlich.\" \/>\n<meta property=\"og:url\" content=\"https:\/\/skyddaskogen.se\/de\/services\/das-klima-und-der-wald\/\" \/>\n<meta property=\"og:site_name\" content=\"Sch\u00fczt den wald\" \/>\n<meta property=\"article:publisher\" content=\"https:\/\/www.facebook.com\/groups\/54996954022\/\" \/>\n<meta property=\"article:modified_time\" content=\"2026-01-30T14:58:12+00:00\" \/>\n<meta property=\"og:image\" content=\"https:\/\/skyddaskogen.se\/wp-content\/uploads\/2020\/04\/olin13-1024x576.jpg\" \/>\n\t<meta property=\"og:image:width\" content=\"1024\" \/>\n\t<meta property=\"og:image:height\" content=\"576\" \/>\n\t<meta property=\"og:image:type\" content=\"image\/jpeg\" \/>\n<meta name=\"twitter:card\" content=\"summary_large_image\" \/>\n<meta name=\"twitter:site\" content=\"@skyddaskogen\" \/>\n<meta name=\"twitter:label1\" content=\"Gesch\u00e4tzte Lesezeit\" \/>\n\t<meta name=\"twitter:data1\" content=\"3\u00a0Minuten\" \/>\n<script type=\"application\/ld+json\" class=\"yoast-schema-graph\">{\"@context\":\"https:\\\/\\\/schema.org\",\"@graph\":[{\"@type\":\"WebPage\",\"@id\":\"https:\\\/\\\/skyddaskogen.se\\\/de\\\/services\\\/das-klima-und-der-wald\\\/\",\"url\":\"https:\\\/\\\/skyddaskogen.se\\\/de\\\/services\\\/das-klima-und-der-wald\\\/\",\"name\":\"Das Klima und der Wald - Sch\u00fczt den wald\",\"isPartOf\":{\"@id\":\"https:\\\/\\\/skyddaskogen.se\\\/#website\"},\"primaryImageOfPage\":{\"@id\":\"https:\\\/\\\/skyddaskogen.se\\\/de\\\/services\\\/das-klima-und-der-wald\\\/#primaryimage\"},\"image\":{\"@id\":\"https:\\\/\\\/skyddaskogen.se\\\/de\\\/services\\\/das-klima-und-der-wald\\\/#primaryimage\"},\"thumbnailUrl\":\"https:\\\/\\\/skyddaskogen.se\\\/wp-content\\\/uploads\\\/2020\\\/04\\\/olin13.jpg\",\"datePublished\":\"2025-11-23T14:23:13+00:00\",\"dateModified\":\"2026-01-30T14:58:12+00:00\",\"breadcrumb\":{\"@id\":\"https:\\\/\\\/skyddaskogen.se\\\/de\\\/services\\\/das-klima-und-der-wald\\\/#breadcrumb\"},\"inLanguage\":\"de\",\"potentialAction\":[{\"@type\":\"ReadAction\",\"target\":[\"https:\\\/\\\/skyddaskogen.se\\\/de\\\/services\\\/das-klima-und-der-wald\\\/\"]}]},{\"@type\":\"ImageObject\",\"inLanguage\":\"de\",\"@id\":\"https:\\\/\\\/skyddaskogen.se\\\/de\\\/services\\\/das-klima-und-der-wald\\\/#primaryimage\",\"url\":\"https:\\\/\\\/skyddaskogen.se\\\/wp-content\\\/uploads\\\/2020\\\/04\\\/olin13.jpg\",\"contentUrl\":\"https:\\\/\\\/skyddaskogen.se\\\/wp-content\\\/uploads\\\/2020\\\/04\\\/olin13.jpg\",\"width\":1920,\"height\":1080},{\"@type\":\"BreadcrumbList\",\"@id\":\"https:\\\/\\\/skyddaskogen.se\\\/de\\\/services\\\/das-klima-und-der-wald\\\/#breadcrumb\",\"itemListElement\":[{\"@type\":\"ListItem\",\"position\":1,\"name\":\"Home\",\"item\":\"https:\\\/\\\/skyddaskogen.se\\\/de\\\/schutzen-sie-den-wald\\\/\"},{\"@type\":\"ListItem\",\"position\":2,\"name\":\"Services\",\"item\":\"https:\\\/\\\/skyddaskogen.se\\\/services\\\/\"},{\"@type\":\"ListItem\",\"position\":3,\"name\":\"Das Klima und der Wald\"}]},{\"@type\":\"WebSite\",\"@id\":\"https:\\\/\\\/skyddaskogen.se\\\/#website\",\"url\":\"https:\\\/\\\/skyddaskogen.se\\\/\",\"name\":\"Skydda Skogen\",\"description\":\"Zum Schutz alter W\u00e4lder und nat\u00fcrlicher Bauernh\u00f6fe\",\"publisher\":{\"@id\":\"https:\\\/\\\/skyddaskogen.se\\\/#organization\"},\"potentialAction\":[{\"@type\":\"SearchAction\",\"target\":{\"@type\":\"EntryPoint\",\"urlTemplate\":\"https:\\\/\\\/skyddaskogen.se\\\/?s={search_term_string}\"},\"query-input\":{\"@type\":\"PropertyValueSpecification\",\"valueRequired\":true,\"valueName\":\"search_term_string\"}}],\"inLanguage\":\"de\"},{\"@type\":\"Organization\",\"@id\":\"https:\\\/\\\/skyddaskogen.se\\\/#organization\",\"name\":\"Skydda Skogen\",\"url\":\"https:\\\/\\\/skyddaskogen.se\\\/\",\"logo\":{\"@type\":\"ImageObject\",\"inLanguage\":\"de\",\"@id\":\"https:\\\/\\\/skyddaskogen.se\\\/#\\\/schema\\\/logo\\\/image\\\/\",\"url\":\"https:\\\/\\\/skyddaskogen.se\\\/wp-content\\\/uploads\\\/2020\\\/09\\\/skyddaskogen.se_favicon-1.png\",\"contentUrl\":\"https:\\\/\\\/skyddaskogen.se\\\/wp-content\\\/uploads\\\/2020\\\/09\\\/skyddaskogen.se_favicon-1.png\",\"width\":256,\"height\":256,\"caption\":\"Skydda Skogen\"},\"image\":{\"@id\":\"https:\\\/\\\/skyddaskogen.se\\\/#\\\/schema\\\/logo\\\/image\\\/\"},\"sameAs\":[\"https:\\\/\\\/www.facebook.com\\\/groups\\\/54996954022\\\/\",\"https:\\\/\\\/x.com\\\/skyddaskogen\",\"https:\\\/\\\/www.instagram.com\\\/skyddaskogen\\\/\",\"https:\\\/\\\/www.youtube.com\\\/channel\\\/UCHJVIc9sptUj-qPek3Imitw\"]}]}<\/script>\n<!-- \/ Yoast SEO plugin. -->","yoast_head_json":{"title":"Das Klima und der Wald - Sch\u00fczt den wald","robots":{"index":"index","follow":"follow","max-snippet":"max-snippet:-1","max-image-preview":"max-image-preview:large","max-video-preview":"max-video-preview:-1"},"canonical":"https:\/\/skyddaskogen.se\/de\/services\/das-klima-und-der-wald\/","og_locale":"de_DE","og_type":"article","og_title":"Das Klima und der Wald - Sch\u00fczt den wald","og_description":"Die Forstwirtschaft ist f\u00fcr hohe Treibhausgasemissionen verantwortlich.","og_url":"https:\/\/skyddaskogen.se\/de\/services\/das-klima-und-der-wald\/","og_site_name":"Sch\u00fczt den wald","article_publisher":"https:\/\/www.facebook.com\/groups\/54996954022\/","article_modified_time":"2026-01-30T14:58:12+00:00","og_image":[{"width":1024,"height":576,"url":"https:\/\/skyddaskogen.se\/wp-content\/uploads\/2020\/04\/olin13-1024x576.jpg","type":"image\/jpeg"}],"twitter_card":"summary_large_image","twitter_site":"@skyddaskogen","twitter_misc":{"Gesch\u00e4tzte Lesezeit":"3\u00a0Minuten"},"schema":{"@context":"https:\/\/schema.org","@graph":[{"@type":"WebPage","@id":"https:\/\/skyddaskogen.se\/de\/services\/das-klima-und-der-wald\/","url":"https:\/\/skyddaskogen.se\/de\/services\/das-klima-und-der-wald\/","name":"Das Klima und der Wald - Sch\u00fczt den wald","isPartOf":{"@id":"https:\/\/skyddaskogen.se\/#website"},"primaryImageOfPage":{"@id":"https:\/\/skyddaskogen.se\/de\/services\/das-klima-und-der-wald\/#primaryimage"},"image":{"@id":"https:\/\/skyddaskogen.se\/de\/services\/das-klima-und-der-wald\/#primaryimage"},"thumbnailUrl":"https:\/\/skyddaskogen.se\/wp-content\/uploads\/2020\/04\/olin13.jpg","datePublished":"2025-11-23T14:23:13+00:00","dateModified":"2026-01-30T14:58:12+00:00","breadcrumb":{"@id":"https:\/\/skyddaskogen.se\/de\/services\/das-klima-und-der-wald\/#breadcrumb"},"inLanguage":"de","potentialAction":[{"@type":"ReadAction","target":["https:\/\/skyddaskogen.se\/de\/services\/das-klima-und-der-wald\/"]}]},{"@type":"ImageObject","inLanguage":"de","@id":"https:\/\/skyddaskogen.se\/de\/services\/das-klima-und-der-wald\/#primaryimage","url":"https:\/\/skyddaskogen.se\/wp-content\/uploads\/2020\/04\/olin13.jpg","contentUrl":"https:\/\/skyddaskogen.se\/wp-content\/uploads\/2020\/04\/olin13.jpg","width":1920,"height":1080},{"@type":"BreadcrumbList","@id":"https:\/\/skyddaskogen.se\/de\/services\/das-klima-und-der-wald\/#breadcrumb","itemListElement":[{"@type":"ListItem","position":1,"name":"Home","item":"https:\/\/skyddaskogen.se\/de\/schutzen-sie-den-wald\/"},{"@type":"ListItem","position":2,"name":"Services","item":"https:\/\/skyddaskogen.se\/services\/"},{"@type":"ListItem","position":3,"name":"Das Klima und der Wald"}]},{"@type":"WebSite","@id":"https:\/\/skyddaskogen.se\/#website","url":"https:\/\/skyddaskogen.se\/","name":"Skydda Skogen","description":"Zum Schutz alter W\u00e4lder und nat\u00fcrlicher Bauernh\u00f6fe","publisher":{"@id":"https:\/\/skyddaskogen.se\/#organization"},"potentialAction":[{"@type":"SearchAction","target":{"@type":"EntryPoint","urlTemplate":"https:\/\/skyddaskogen.se\/?s={search_term_string}"},"query-input":{"@type":"PropertyValueSpecification","valueRequired":true,"valueName":"search_term_string"}}],"inLanguage":"de"},{"@type":"Organization","@id":"https:\/\/skyddaskogen.se\/#organization","name":"Skydda Skogen","url":"https:\/\/skyddaskogen.se\/","logo":{"@type":"ImageObject","inLanguage":"de","@id":"https:\/\/skyddaskogen.se\/#\/schema\/logo\/image\/","url":"https:\/\/skyddaskogen.se\/wp-content\/uploads\/2020\/09\/skyddaskogen.se_favicon-1.png","contentUrl":"https:\/\/skyddaskogen.se\/wp-content\/uploads\/2020\/09\/skyddaskogen.se_favicon-1.png","width":256,"height":256,"caption":"Skydda Skogen"},"image":{"@id":"https:\/\/skyddaskogen.se\/#\/schema\/logo\/image\/"},"sameAs":["https:\/\/www.facebook.com\/groups\/54996954022\/","https:\/\/x.com\/skyddaskogen","https:\/\/www.instagram.com\/skyddaskogen\/","https:\/\/www.youtube.com\/channel\/UCHJVIc9sptUj-qPek3Imitw"]}]}},"_links":{"self":[{"href":"https:\/\/skyddaskogen.se\/de\/wp-json\/wp\/v2\/cpt_services\/68392","targetHints":{"allow":["GET"]}}],"collection":[{"href":"https:\/\/skyddaskogen.se\/de\/wp-json\/wp\/v2\/cpt_services"}],"about":[{"href":"https:\/\/skyddaskogen.se\/de\/wp-json\/wp\/v2\/types\/cpt_services"}],"author":[{"embeddable":true,"href":"https:\/\/skyddaskogen.se\/de\/wp-json\/wp\/v2\/users\/18"}],"replies":[{"embeddable":true,"href":"https:\/\/skyddaskogen.se\/de\/wp-json\/wp\/v2\/comments?post=68392"}],"wp:featuredmedia":[{"embeddable":true,"href":"https:\/\/skyddaskogen.se\/de\/wp-json\/wp\/v2\/media\/36477"}],"wp:attachment":[{"href":"https:\/\/skyddaskogen.se\/de\/wp-json\/wp\/v2\/media?parent=68392"}],"wp:term":[{"taxonomy":"cpt_services_group","embeddable":true,"href":"https:\/\/skyddaskogen.se\/de\/wp-json\/wp\/v2\/cpt_services_group?post=68392"}],"curies":[{"name":"wp","href":"https:\/\/api.w.org\/{rel}","templated":true}]}}