{"id":68139,"date":"2025-11-13T00:24:23","date_gmt":"2025-11-12T23:24:23","guid":{"rendered":"https:\/\/skyddaskogen.se\/team\/elin-goetmark\/"},"modified":"2026-04-08T16:23:31","modified_gmt":"2026-04-08T14:23:31","slug":"elin-goetmark","status":"publish","type":"cpt_team","link":"https:\/\/skyddaskogen.se\/de\/team\/elin-goetmark\/","title":{"rendered":"Elin G\u00f6tmark"},"content":{"rendered":"\n<p>Elin ist seit 2003 freiwillig im Naturschutz der W\u00e4lder aktiv, zun\u00e4chst in Die Feldbiologen und dann in . Sie hat sich ganz in die Situation gest\u00fcrzt und Wald\u00f6kologie und hat auch sporadisch mit Wald\u00f6kologie zusammengearbeitet an der Universit\u00e4t G\u00f6teborg und der Universit\u00e4t Ume\u00e5 und ist Mitautor von zwei wissenschaftlichen Artikeln in Nature Conservation und Pflanzen\u00f6kologie. T\u00e4glich arbeitet sie als Universit\u00e4tslehrerin f\u00fcr Mathematik bei Chalmers.  <\/p>\n\n<p>Sie verf\u00fcgt \u00fcber 20 Jahre Erfahrung im Vorstand von Non-Profit-Organisationen. Neben seiner T\u00e4tigkeit als Schatzmeister und\/oder Sprecher bei Sch\u00fctzt den Wald f\u00fcr etwa Zehn Jahre lang war sie zuvor Schatzmeisterin und Laienpr\u00fcferin in Die Feldbiologen sowie der Vorsitzende und Laienpr\u00fcfer einer Gewerkschaft.<\/p>\n","protected":false},"excerpt":{"rendered":"<p>Elin ist seit 2003 freiwillig im Naturschutz der W\u00e4lder aktiv, zun\u00e4chst in Die Feldbiologen und dann in . Sie hat sich ganz in die Situation gest\u00fcrzt und Wald\u00f6kologie und hat&hellip;<\/p>\n","protected":false},"author":32,"featured_media":70852,"comment_status":"closed","ping_status":"closed","template":"","cpt_team_group":[1495,1580],"class_list":["post-68139","cpt_team","type-cpt_team","status-publish","has-post-thumbnail","hentry","cpt_team_group-brett","cpt_team_group-presse"],"yoast_head":"<!-- This site is optimized with the Yoast SEO plugin v27.4 - https:\/\/yoast.com\/product\/yoast-seo-wordpress\/ -->\n<title>Elin G\u00f6tmark - Sch\u00fczt den wald<\/title>\n<meta name=\"robots\" content=\"index, follow, max-snippet:-1, max-image-preview:large, max-video-preview:-1\" \/>\n<link rel=\"canonical\" href=\"https:\/\/skyddaskogen.se\/de\/team\/elin-goetmark\/\" \/>\n<meta property=\"og:locale\" content=\"de_DE\" \/>\n<meta property=\"og:type\" content=\"article\" \/>\n<meta property=\"og:title\" content=\"Elin G\u00f6tmark - Sch\u00fczt den wald\" \/>\n<meta property=\"og:description\" content=\"Elin ist seit 2003 freiwillig im Naturschutz der W\u00e4lder aktiv, zun\u00e4chst in Die Feldbiologen und dann in . Sie hat sich ganz in die Situation gest\u00fcrzt und Wald\u00f6kologie und hat&hellip;\" \/>\n<meta property=\"og:url\" content=\"https:\/\/skyddaskogen.se\/de\/team\/elin-goetmark\/\" \/>\n<meta property=\"og:site_name\" content=\"Sch\u00fczt den wald\" \/>\n<meta property=\"article:publisher\" content=\"https:\/\/www.facebook.com\/groups\/54996954022\/\" \/>\n<meta property=\"article:modified_time\" content=\"2026-04-08T14:23:31+00:00\" \/>\n<meta property=\"og:image\" content=\"https:\/\/skyddaskogen.se\/wp-content\/uploads\/2025\/05\/elingotmark-1.png\" \/>\n\t<meta property=\"og:image:width\" content=\"298\" \/>\n\t<meta property=\"og:image:height\" content=\"298\" \/>\n\t<meta property=\"og:image:type\" content=\"image\/png\" \/>\n<meta name=\"twitter:card\" content=\"summary_large_image\" \/>\n<meta name=\"twitter:site\" content=\"@skyddaskogen\" \/>\n<meta name=\"twitter:label1\" content=\"Gesch\u00e4tzte Lesezeit\" \/>\n\t<meta name=\"twitter:data1\" content=\"1\u00a0Minute\" \/>\n<script type=\"application\/ld+json\" class=\"yoast-schema-graph\">{\"@context\":\"https:\\\/\\\/schema.org\",\"@graph\":[{\"@type\":\"WebPage\",\"@id\":\"https:\\\/\\\/skyddaskogen.se\\\/de\\\/team\\\/elin-goetmark\\\/\",\"url\":\"https:\\\/\\\/skyddaskogen.se\\\/de\\\/team\\\/elin-goetmark\\\/\",\"name\":\"Elin G\u00f6tmark - Sch\u00fczt den wald\",\"isPartOf\":{\"@id\":\"https:\\\/\\\/skyddaskogen.se\\\/#website\"},\"primaryImageOfPage\":{\"@id\":\"https:\\\/\\\/skyddaskogen.se\\\/de\\\/team\\\/elin-goetmark\\\/#primaryimage\"},\"image\":{\"@id\":\"https:\\\/\\\/skyddaskogen.se\\\/de\\\/team\\\/elin-goetmark\\\/#primaryimage\"},\"thumbnailUrl\":\"https:\\\/\\\/skyddaskogen.se\\\/wp-content\\\/uploads\\\/2025\\\/05\\\/elingotmark-1.png\",\"datePublished\":\"2025-11-12T23:24:23+00:00\",\"dateModified\":\"2026-04-08T14:23:31+00:00\",\"breadcrumb\":{\"@id\":\"https:\\\/\\\/skyddaskogen.se\\\/de\\\/team\\\/elin-goetmark\\\/#breadcrumb\"},\"inLanguage\":\"de\",\"potentialAction\":[{\"@type\":\"ReadAction\",\"target\":[\"https:\\\/\\\/skyddaskogen.se\\\/de\\\/team\\\/elin-goetmark\\\/\"]}]},{\"@type\":\"ImageObject\",\"inLanguage\":\"de\",\"@id\":\"https:\\\/\\\/skyddaskogen.se\\\/de\\\/team\\\/elin-goetmark\\\/#primaryimage\",\"url\":\"https:\\\/\\\/skyddaskogen.se\\\/wp-content\\\/uploads\\\/2025\\\/05\\\/elingotmark-1.png\",\"contentUrl\":\"https:\\\/\\\/skyddaskogen.se\\\/wp-content\\\/uploads\\\/2025\\\/05\\\/elingotmark-1.png\",\"width\":298,\"height\":298},{\"@type\":\"BreadcrumbList\",\"@id\":\"https:\\\/\\\/skyddaskogen.se\\\/de\\\/team\\\/elin-goetmark\\\/#breadcrumb\",\"itemListElement\":[{\"@type\":\"ListItem\",\"position\":1,\"name\":\"Home\",\"item\":\"https:\\\/\\\/skyddaskogen.se\\\/de\\\/schutzen-sie-den-wald\\\/\"},{\"@type\":\"ListItem\",\"position\":2,\"name\":\"Team\",\"item\":\"https:\\\/\\\/skyddaskogen.se\\\/team\\\/\"},{\"@type\":\"ListItem\",\"position\":3,\"name\":\"Elin G\u00f6tmark\"}]},{\"@type\":\"WebSite\",\"@id\":\"https:\\\/\\\/skyddaskogen.se\\\/#website\",\"url\":\"https:\\\/\\\/skyddaskogen.se\\\/\",\"name\":\"Skydda Skogen\",\"description\":\"Zum Schutz alter W\u00e4lder und nat\u00fcrlicher Bauernh\u00f6fe\",\"publisher\":{\"@id\":\"https:\\\/\\\/skyddaskogen.se\\\/#organization\"},\"potentialAction\":[{\"@type\":\"SearchAction\",\"target\":{\"@type\":\"EntryPoint\",\"urlTemplate\":\"https:\\\/\\\/skyddaskogen.se\\\/?s={search_term_string}\"},\"query-input\":{\"@type\":\"PropertyValueSpecification\",\"valueRequired\":true,\"valueName\":\"search_term_string\"}}],\"inLanguage\":\"de\"},{\"@type\":\"Organization\",\"@id\":\"https:\\\/\\\/skyddaskogen.se\\\/#organization\",\"name\":\"Skydda Skogen\",\"url\":\"https:\\\/\\\/skyddaskogen.se\\\/\",\"logo\":{\"@type\":\"ImageObject\",\"inLanguage\":\"de\",\"@id\":\"https:\\\/\\\/skyddaskogen.se\\\/#\\\/schema\\\/logo\\\/image\\\/\",\"url\":\"https:\\\/\\\/skyddaskogen.se\\\/wp-content\\\/uploads\\\/2020\\\/09\\\/skyddaskogen.se_favicon-1.png\",\"contentUrl\":\"https:\\\/\\\/skyddaskogen.se\\\/wp-content\\\/uploads\\\/2020\\\/09\\\/skyddaskogen.se_favicon-1.png\",\"width\":256,\"height\":256,\"caption\":\"Skydda Skogen\"},\"image\":{\"@id\":\"https:\\\/\\\/skyddaskogen.se\\\/#\\\/schema\\\/logo\\\/image\\\/\"},\"sameAs\":[\"https:\\\/\\\/www.facebook.com\\\/groups\\\/54996954022\\\/\",\"https:\\\/\\\/x.com\\\/skyddaskogen\",\"https:\\\/\\\/www.instagram.com\\\/skyddaskogen\\\/\",\"https:\\\/\\\/www.youtube.com\\\/channel\\\/UCHJVIc9sptUj-qPek3Imitw\"]}]}<\/script>\n<!-- \/ Yoast SEO plugin. -->","yoast_head_json":{"title":"Elin G\u00f6tmark - Sch\u00fczt den wald","robots":{"index":"index","follow":"follow","max-snippet":"max-snippet:-1","max-image-preview":"max-image-preview:large","max-video-preview":"max-video-preview:-1"},"canonical":"https:\/\/skyddaskogen.se\/de\/team\/elin-goetmark\/","og_locale":"de_DE","og_type":"article","og_title":"Elin G\u00f6tmark - Sch\u00fczt den wald","og_description":"Elin ist seit 2003 freiwillig im Naturschutz der W\u00e4lder aktiv, zun\u00e4chst in Die Feldbiologen und dann in . Sie hat sich ganz in die Situation gest\u00fcrzt und Wald\u00f6kologie und hat&hellip;","og_url":"https:\/\/skyddaskogen.se\/de\/team\/elin-goetmark\/","og_site_name":"Sch\u00fczt den wald","article_publisher":"https:\/\/www.facebook.com\/groups\/54996954022\/","article_modified_time":"2026-04-08T14:23:31+00:00","og_image":[{"width":298,"height":298,"url":"https:\/\/skyddaskogen.se\/wp-content\/uploads\/2025\/05\/elingotmark-1.png","type":"image\/png"}],"twitter_card":"summary_large_image","twitter_site":"@skyddaskogen","twitter_misc":{"Gesch\u00e4tzte Lesezeit":"1\u00a0Minute"},"schema":{"@context":"https:\/\/schema.org","@graph":[{"@type":"WebPage","@id":"https:\/\/skyddaskogen.se\/de\/team\/elin-goetmark\/","url":"https:\/\/skyddaskogen.se\/de\/team\/elin-goetmark\/","name":"Elin G\u00f6tmark - Sch\u00fczt den wald","isPartOf":{"@id":"https:\/\/skyddaskogen.se\/#website"},"primaryImageOfPage":{"@id":"https:\/\/skyddaskogen.se\/de\/team\/elin-goetmark\/#primaryimage"},"image":{"@id":"https:\/\/skyddaskogen.se\/de\/team\/elin-goetmark\/#primaryimage"},"thumbnailUrl":"https:\/\/skyddaskogen.se\/wp-content\/uploads\/2025\/05\/elingotmark-1.png","datePublished":"2025-11-12T23:24:23+00:00","dateModified":"2026-04-08T14:23:31+00:00","breadcrumb":{"@id":"https:\/\/skyddaskogen.se\/de\/team\/elin-goetmark\/#breadcrumb"},"inLanguage":"de","potentialAction":[{"@type":"ReadAction","target":["https:\/\/skyddaskogen.se\/de\/team\/elin-goetmark\/"]}]},{"@type":"ImageObject","inLanguage":"de","@id":"https:\/\/skyddaskogen.se\/de\/team\/elin-goetmark\/#primaryimage","url":"https:\/\/skyddaskogen.se\/wp-content\/uploads\/2025\/05\/elingotmark-1.png","contentUrl":"https:\/\/skyddaskogen.se\/wp-content\/uploads\/2025\/05\/elingotmark-1.png","width":298,"height":298},{"@type":"BreadcrumbList","@id":"https:\/\/skyddaskogen.se\/de\/team\/elin-goetmark\/#breadcrumb","itemListElement":[{"@type":"ListItem","position":1,"name":"Home","item":"https:\/\/skyddaskogen.se\/de\/schutzen-sie-den-wald\/"},{"@type":"ListItem","position":2,"name":"Team","item":"https:\/\/skyddaskogen.se\/team\/"},{"@type":"ListItem","position":3,"name":"Elin G\u00f6tmark"}]},{"@type":"WebSite","@id":"https:\/\/skyddaskogen.se\/#website","url":"https:\/\/skyddaskogen.se\/","name":"Skydda Skogen","description":"Zum Schutz alter W\u00e4lder und nat\u00fcrlicher Bauernh\u00f6fe","publisher":{"@id":"https:\/\/skyddaskogen.se\/#organization"},"potentialAction":[{"@type":"SearchAction","target":{"@type":"EntryPoint","urlTemplate":"https:\/\/skyddaskogen.se\/?s={search_term_string}"},"query-input":{"@type":"PropertyValueSpecification","valueRequired":true,"valueName":"search_term_string"}}],"inLanguage":"de"},{"@type":"Organization","@id":"https:\/\/skyddaskogen.se\/#organization","name":"Skydda Skogen","url":"https:\/\/skyddaskogen.se\/","logo":{"@type":"ImageObject","inLanguage":"de","@id":"https:\/\/skyddaskogen.se\/#\/schema\/logo\/image\/","url":"https:\/\/skyddaskogen.se\/wp-content\/uploads\/2020\/09\/skyddaskogen.se_favicon-1.png","contentUrl":"https:\/\/skyddaskogen.se\/wp-content\/uploads\/2020\/09\/skyddaskogen.se_favicon-1.png","width":256,"height":256,"caption":"Skydda Skogen"},"image":{"@id":"https:\/\/skyddaskogen.se\/#\/schema\/logo\/image\/"},"sameAs":["https:\/\/www.facebook.com\/groups\/54996954022\/","https:\/\/x.com\/skyddaskogen","https:\/\/www.instagram.com\/skyddaskogen\/","https:\/\/www.youtube.com\/channel\/UCHJVIc9sptUj-qPek3Imitw"]}]}},"_links":{"self":[{"href":"https:\/\/skyddaskogen.se\/de\/wp-json\/wp\/v2\/cpt_team\/68139","targetHints":{"allow":["GET"]}}],"collection":[{"href":"https:\/\/skyddaskogen.se\/de\/wp-json\/wp\/v2\/cpt_team"}],"about":[{"href":"https:\/\/skyddaskogen.se\/de\/wp-json\/wp\/v2\/types\/cpt_team"}],"author":[{"embeddable":true,"href":"https:\/\/skyddaskogen.se\/de\/wp-json\/wp\/v2\/users\/32"}],"replies":[{"embeddable":true,"href":"https:\/\/skyddaskogen.se\/de\/wp-json\/wp\/v2\/comments?post=68139"}],"wp:featuredmedia":[{"embeddable":true,"href":"https:\/\/skyddaskogen.se\/de\/wp-json\/wp\/v2\/media\/70852"}],"wp:attachment":[{"href":"https:\/\/skyddaskogen.se\/de\/wp-json\/wp\/v2\/media?parent=68139"}],"wp:term":[{"taxonomy":"cpt_team_group","embeddable":true,"href":"https:\/\/skyddaskogen.se\/de\/wp-json\/wp\/v2\/cpt_team_group?post=68139"}],"curies":[{"name":"wp","href":"https:\/\/api.w.org\/{rel}","templated":true}]}}