{"id":68146,"date":"2025-11-13T00:26:36","date_gmt":"2025-11-12T23:26:36","guid":{"rendered":"https:\/\/skyddaskogen.se\/team\/michael-nilsson\/"},"modified":"2026-02-24T17:44:56","modified_gmt":"2026-02-24T16:44:56","slug":"michael-nilsson","status":"publish","type":"cpt_team","link":"https:\/\/skyddaskogen.se\/de\/team\/michael-nilsson\/","title":{"rendered":"Michael Nilsson"},"content":{"rendered":"<p>Ist ein waldwandernder Naturinventar-K\u00fcnstler, der sich seit den 1980er Jahren ehrenamtlich f\u00fcr den Wald engagiert. Ich lebe \u00f6stlich von G\u00f6teborg in der h\u00fcgeligen und seenreichen Waldlandschaft von H\u00e4rryda, wo ich Inspiration f\u00fcr meine Kunst und mein Engagement f\u00fcr den Wald finde. <\/p>\n<p>Neben meiner k\u00fcnstlerischen T\u00e4tigkeit habe ich ein Beratungsunternehmen, in dem ich Umweltuntersuchungen und Naturinventare durchf\u00fchre. Ich bin in V\u00e4stervik aufgewachsen, wo ich als Kind die Sommer in den Sch\u00e4ren mit ihren W\u00e4ldern mit knorrigen alten Kiefern verbracht habe, die ein starkes Gef\u00fchl f\u00fcr die Natur geschaffen haben. <\/p>\n<p>Engagiert sich seit vielen Jahren in der Schwedischen Gesellschaft f\u00fcr Naturschutz, im Vorstand des Bezirks H\u00e4rryda und f\u00fcr den Kreisverband. Auch auf nationaler Ebene in verschiedenen Gruppen und Netzwerken in Forstfragen engagiert. Er sitzt im Sektorrat der Schwedischen Forstagentur f\u00fcr die Region West und im Wasserrat von M\u00f6lndals\u00e5n als Vertreter der Schwedischen Gesellschaft f\u00fcr Naturschutz und der gemeinn\u00fctzigen Naturschutzorganisation. Durch mein Engagement habe ich Einblicke in alles gewonnen, von der gro\u00dfen Bedeutung und Funktion von Wald\u00f6kosystemen bis hin zu den Auswirkungen von Forstwirtschaft und Gesellschaft auf den Wald. Ich m\u00f6chte mich daf\u00fcr einsetzen, dass sich die heute oft negativen Auswirkungen des Menschen auf die Natur \u00e4ndern und mehr W\u00e4lder gesch\u00fctzt werden.    <\/p>\n","protected":false},"excerpt":{"rendered":"<p>Ist ein waldwandernder Naturinventar-K\u00fcnstler, der sich seit den 1980er Jahren ehrenamtlich f\u00fcr den Wald engagiert. Ich lebe \u00f6stlich von G\u00f6teborg in der h\u00fcgeligen und seenreichen Waldlandschaft von H\u00e4rryda, wo ich&hellip;<\/p>\n","protected":false},"author":32,"featured_media":36039,"comment_status":"closed","ping_status":"closed","template":"","cpt_team_group":[1495],"class_list":["post-68146","cpt_team","type-cpt_team","status-publish","has-post-thumbnail","hentry","cpt_team_group-brett"],"yoast_head":"<!-- This site is optimized with the Yoast SEO plugin v27.4 - https:\/\/yoast.com\/product\/yoast-seo-wordpress\/ -->\n<title>Michael Nilsson - Sch\u00fczt den wald<\/title>\n<meta name=\"robots\" content=\"index, follow, max-snippet:-1, max-image-preview:large, max-video-preview:-1\" \/>\n<link rel=\"canonical\" href=\"https:\/\/skyddaskogen.se\/de\/team\/michael-nilsson\/\" \/>\n<meta property=\"og:locale\" content=\"de_DE\" \/>\n<meta property=\"og:type\" content=\"article\" \/>\n<meta property=\"og:title\" content=\"Michael Nilsson - Sch\u00fczt den wald\" \/>\n<meta property=\"og:description\" content=\"Ist ein waldwandernder Naturinventar-K\u00fcnstler, der sich seit den 1980er Jahren ehrenamtlich f\u00fcr den Wald engagiert. Ich lebe \u00f6stlich von G\u00f6teborg in der h\u00fcgeligen und seenreichen Waldlandschaft von H\u00e4rryda, wo ich&hellip;\" \/>\n<meta property=\"og:url\" content=\"https:\/\/skyddaskogen.se\/de\/team\/michael-nilsson\/\" \/>\n<meta property=\"og:site_name\" content=\"Sch\u00fczt den wald\" \/>\n<meta property=\"article:publisher\" content=\"https:\/\/www.facebook.com\/groups\/54996954022\/\" \/>\n<meta property=\"article:modified_time\" content=\"2026-02-24T16:44:56+00:00\" \/>\n<meta property=\"og:image\" content=\"https:\/\/skyddaskogen.se\/wp-content\/uploads\/2024\/05\/cropped-image-5.png\" \/>\n\t<meta property=\"og:image:width\" content=\"298\" \/>\n\t<meta property=\"og:image:height\" content=\"298\" \/>\n\t<meta property=\"og:image:type\" content=\"image\/png\" \/>\n<meta name=\"twitter:card\" content=\"summary_large_image\" \/>\n<meta name=\"twitter:site\" content=\"@skyddaskogen\" \/>\n<meta name=\"twitter:label1\" content=\"Gesch\u00e4tzte Lesezeit\" \/>\n\t<meta name=\"twitter:data1\" content=\"2\u00a0Minuten\" \/>\n<script type=\"application\/ld+json\" class=\"yoast-schema-graph\">{\"@context\":\"https:\\\/\\\/schema.org\",\"@graph\":[{\"@type\":\"WebPage\",\"@id\":\"https:\\\/\\\/skyddaskogen.se\\\/de\\\/team\\\/michael-nilsson\\\/\",\"url\":\"https:\\\/\\\/skyddaskogen.se\\\/de\\\/team\\\/michael-nilsson\\\/\",\"name\":\"Michael Nilsson - Sch\u00fczt den wald\",\"isPartOf\":{\"@id\":\"https:\\\/\\\/skyddaskogen.se\\\/#website\"},\"primaryImageOfPage\":{\"@id\":\"https:\\\/\\\/skyddaskogen.se\\\/de\\\/team\\\/michael-nilsson\\\/#primaryimage\"},\"image\":{\"@id\":\"https:\\\/\\\/skyddaskogen.se\\\/de\\\/team\\\/michael-nilsson\\\/#primaryimage\"},\"thumbnailUrl\":\"https:\\\/\\\/skyddaskogen.se\\\/wp-content\\\/uploads\\\/2024\\\/05\\\/cropped-image-5.png\",\"datePublished\":\"2025-11-12T23:26:36+00:00\",\"dateModified\":\"2026-02-24T16:44:56+00:00\",\"breadcrumb\":{\"@id\":\"https:\\\/\\\/skyddaskogen.se\\\/de\\\/team\\\/michael-nilsson\\\/#breadcrumb\"},\"inLanguage\":\"de\",\"potentialAction\":[{\"@type\":\"ReadAction\",\"target\":[\"https:\\\/\\\/skyddaskogen.se\\\/de\\\/team\\\/michael-nilsson\\\/\"]}]},{\"@type\":\"ImageObject\",\"inLanguage\":\"de\",\"@id\":\"https:\\\/\\\/skyddaskogen.se\\\/de\\\/team\\\/michael-nilsson\\\/#primaryimage\",\"url\":\"https:\\\/\\\/skyddaskogen.se\\\/wp-content\\\/uploads\\\/2024\\\/05\\\/cropped-image-5.png\",\"contentUrl\":\"https:\\\/\\\/skyddaskogen.se\\\/wp-content\\\/uploads\\\/2024\\\/05\\\/cropped-image-5.png\",\"width\":298,\"height\":298},{\"@type\":\"BreadcrumbList\",\"@id\":\"https:\\\/\\\/skyddaskogen.se\\\/de\\\/team\\\/michael-nilsson\\\/#breadcrumb\",\"itemListElement\":[{\"@type\":\"ListItem\",\"position\":1,\"name\":\"Home\",\"item\":\"https:\\\/\\\/skyddaskogen.se\\\/de\\\/schutzen-sie-den-wald\\\/\"},{\"@type\":\"ListItem\",\"position\":2,\"name\":\"Team\",\"item\":\"https:\\\/\\\/skyddaskogen.se\\\/team\\\/\"},{\"@type\":\"ListItem\",\"position\":3,\"name\":\"Michael Nilsson\"}]},{\"@type\":\"WebSite\",\"@id\":\"https:\\\/\\\/skyddaskogen.se\\\/#website\",\"url\":\"https:\\\/\\\/skyddaskogen.se\\\/\",\"name\":\"Skydda Skogen\",\"description\":\"Zum Schutz alter W\u00e4lder und nat\u00fcrlicher Bauernh\u00f6fe\",\"publisher\":{\"@id\":\"https:\\\/\\\/skyddaskogen.se\\\/#organization\"},\"potentialAction\":[{\"@type\":\"SearchAction\",\"target\":{\"@type\":\"EntryPoint\",\"urlTemplate\":\"https:\\\/\\\/skyddaskogen.se\\\/?s={search_term_string}\"},\"query-input\":{\"@type\":\"PropertyValueSpecification\",\"valueRequired\":true,\"valueName\":\"search_term_string\"}}],\"inLanguage\":\"de\"},{\"@type\":\"Organization\",\"@id\":\"https:\\\/\\\/skyddaskogen.se\\\/#organization\",\"name\":\"Skydda Skogen\",\"url\":\"https:\\\/\\\/skyddaskogen.se\\\/\",\"logo\":{\"@type\":\"ImageObject\",\"inLanguage\":\"de\",\"@id\":\"https:\\\/\\\/skyddaskogen.se\\\/#\\\/schema\\\/logo\\\/image\\\/\",\"url\":\"https:\\\/\\\/skyddaskogen.se\\\/wp-content\\\/uploads\\\/2020\\\/09\\\/skyddaskogen.se_favicon-1.png\",\"contentUrl\":\"https:\\\/\\\/skyddaskogen.se\\\/wp-content\\\/uploads\\\/2020\\\/09\\\/skyddaskogen.se_favicon-1.png\",\"width\":256,\"height\":256,\"caption\":\"Skydda Skogen\"},\"image\":{\"@id\":\"https:\\\/\\\/skyddaskogen.se\\\/#\\\/schema\\\/logo\\\/image\\\/\"},\"sameAs\":[\"https:\\\/\\\/www.facebook.com\\\/groups\\\/54996954022\\\/\",\"https:\\\/\\\/x.com\\\/skyddaskogen\",\"https:\\\/\\\/www.instagram.com\\\/skyddaskogen\\\/\",\"https:\\\/\\\/www.youtube.com\\\/channel\\\/UCHJVIc9sptUj-qPek3Imitw\"]}]}<\/script>\n<!-- \/ Yoast SEO plugin. -->","yoast_head_json":{"title":"Michael Nilsson - Sch\u00fczt den wald","robots":{"index":"index","follow":"follow","max-snippet":"max-snippet:-1","max-image-preview":"max-image-preview:large","max-video-preview":"max-video-preview:-1"},"canonical":"https:\/\/skyddaskogen.se\/de\/team\/michael-nilsson\/","og_locale":"de_DE","og_type":"article","og_title":"Michael Nilsson - Sch\u00fczt den wald","og_description":"Ist ein waldwandernder Naturinventar-K\u00fcnstler, der sich seit den 1980er Jahren ehrenamtlich f\u00fcr den Wald engagiert. Ich lebe \u00f6stlich von G\u00f6teborg in der h\u00fcgeligen und seenreichen Waldlandschaft von H\u00e4rryda, wo ich&hellip;","og_url":"https:\/\/skyddaskogen.se\/de\/team\/michael-nilsson\/","og_site_name":"Sch\u00fczt den wald","article_publisher":"https:\/\/www.facebook.com\/groups\/54996954022\/","article_modified_time":"2026-02-24T16:44:56+00:00","og_image":[{"width":298,"height":298,"url":"https:\/\/skyddaskogen.se\/wp-content\/uploads\/2024\/05\/cropped-image-5.png","type":"image\/png"}],"twitter_card":"summary_large_image","twitter_site":"@skyddaskogen","twitter_misc":{"Gesch\u00e4tzte Lesezeit":"2\u00a0Minuten"},"schema":{"@context":"https:\/\/schema.org","@graph":[{"@type":"WebPage","@id":"https:\/\/skyddaskogen.se\/de\/team\/michael-nilsson\/","url":"https:\/\/skyddaskogen.se\/de\/team\/michael-nilsson\/","name":"Michael Nilsson - Sch\u00fczt den wald","isPartOf":{"@id":"https:\/\/skyddaskogen.se\/#website"},"primaryImageOfPage":{"@id":"https:\/\/skyddaskogen.se\/de\/team\/michael-nilsson\/#primaryimage"},"image":{"@id":"https:\/\/skyddaskogen.se\/de\/team\/michael-nilsson\/#primaryimage"},"thumbnailUrl":"https:\/\/skyddaskogen.se\/wp-content\/uploads\/2024\/05\/cropped-image-5.png","datePublished":"2025-11-12T23:26:36+00:00","dateModified":"2026-02-24T16:44:56+00:00","breadcrumb":{"@id":"https:\/\/skyddaskogen.se\/de\/team\/michael-nilsson\/#breadcrumb"},"inLanguage":"de","potentialAction":[{"@type":"ReadAction","target":["https:\/\/skyddaskogen.se\/de\/team\/michael-nilsson\/"]}]},{"@type":"ImageObject","inLanguage":"de","@id":"https:\/\/skyddaskogen.se\/de\/team\/michael-nilsson\/#primaryimage","url":"https:\/\/skyddaskogen.se\/wp-content\/uploads\/2024\/05\/cropped-image-5.png","contentUrl":"https:\/\/skyddaskogen.se\/wp-content\/uploads\/2024\/05\/cropped-image-5.png","width":298,"height":298},{"@type":"BreadcrumbList","@id":"https:\/\/skyddaskogen.se\/de\/team\/michael-nilsson\/#breadcrumb","itemListElement":[{"@type":"ListItem","position":1,"name":"Home","item":"https:\/\/skyddaskogen.se\/de\/schutzen-sie-den-wald\/"},{"@type":"ListItem","position":2,"name":"Team","item":"https:\/\/skyddaskogen.se\/team\/"},{"@type":"ListItem","position":3,"name":"Michael Nilsson"}]},{"@type":"WebSite","@id":"https:\/\/skyddaskogen.se\/#website","url":"https:\/\/skyddaskogen.se\/","name":"Skydda Skogen","description":"Zum Schutz alter W\u00e4lder und nat\u00fcrlicher Bauernh\u00f6fe","publisher":{"@id":"https:\/\/skyddaskogen.se\/#organization"},"potentialAction":[{"@type":"SearchAction","target":{"@type":"EntryPoint","urlTemplate":"https:\/\/skyddaskogen.se\/?s={search_term_string}"},"query-input":{"@type":"PropertyValueSpecification","valueRequired":true,"valueName":"search_term_string"}}],"inLanguage":"de"},{"@type":"Organization","@id":"https:\/\/skyddaskogen.se\/#organization","name":"Skydda Skogen","url":"https:\/\/skyddaskogen.se\/","logo":{"@type":"ImageObject","inLanguage":"de","@id":"https:\/\/skyddaskogen.se\/#\/schema\/logo\/image\/","url":"https:\/\/skyddaskogen.se\/wp-content\/uploads\/2020\/09\/skyddaskogen.se_favicon-1.png","contentUrl":"https:\/\/skyddaskogen.se\/wp-content\/uploads\/2020\/09\/skyddaskogen.se_favicon-1.png","width":256,"height":256,"caption":"Skydda Skogen"},"image":{"@id":"https:\/\/skyddaskogen.se\/#\/schema\/logo\/image\/"},"sameAs":["https:\/\/www.facebook.com\/groups\/54996954022\/","https:\/\/x.com\/skyddaskogen","https:\/\/www.instagram.com\/skyddaskogen\/","https:\/\/www.youtube.com\/channel\/UCHJVIc9sptUj-qPek3Imitw"]}]}},"_links":{"self":[{"href":"https:\/\/skyddaskogen.se\/de\/wp-json\/wp\/v2\/cpt_team\/68146","targetHints":{"allow":["GET"]}}],"collection":[{"href":"https:\/\/skyddaskogen.se\/de\/wp-json\/wp\/v2\/cpt_team"}],"about":[{"href":"https:\/\/skyddaskogen.se\/de\/wp-json\/wp\/v2\/types\/cpt_team"}],"author":[{"embeddable":true,"href":"https:\/\/skyddaskogen.se\/de\/wp-json\/wp\/v2\/users\/32"}],"replies":[{"embeddable":true,"href":"https:\/\/skyddaskogen.se\/de\/wp-json\/wp\/v2\/comments?post=68146"}],"wp:featuredmedia":[{"embeddable":true,"href":"https:\/\/skyddaskogen.se\/de\/wp-json\/wp\/v2\/media\/36039"}],"wp:attachment":[{"href":"https:\/\/skyddaskogen.se\/de\/wp-json\/wp\/v2\/media?parent=68146"}],"wp:term":[{"taxonomy":"cpt_team_group","embeddable":true,"href":"https:\/\/skyddaskogen.se\/de\/wp-json\/wp\/v2\/cpt_team_group?post=68146"}],"curies":[{"name":"wp","href":"https:\/\/api.w.org\/{rel}","templated":true}]}}