{"id":68148,"date":"2025-11-13T00:27:22","date_gmt":"2025-11-12T23:27:22","guid":{"rendered":"https:\/\/skyddaskogen.se\/team\/sebastian-kirppu\/"},"modified":"2026-02-24T17:38:03","modified_gmt":"2026-02-24T16:38:03","slug":"sebastian-kirppu","status":"publish","type":"cpt_team","link":"https:\/\/skyddaskogen.se\/de\/team\/sebastian-kirppu\/","title":{"rendered":"Sebastian Kirppu"},"content":{"rendered":"<p>Sebastian Kirppu ist Waldbiologe, Dozent, Kursleiter und Experte f\u00fcr Forstwirtschaft. Geboren und aufgewachsen in V\u00e4sterg\u00f6tland. Jetzt lebe ich in Dalarna. Sebastian Kirppu ist Waldbiologe, der sich seit langem mit Naturwertinventaren von W\u00e4ldern, insbesondere borealen W\u00e4ldern (Nadelw\u00e4ldern) besch\u00e4ftigt und sich f\u00fcr die Artenvielfalt von W\u00e4ldern einsetzt.   <\/p>\n<p>Arbeitgeber waren die schwedische Forstbeh\u00f6rde, Forstunternehmen, Bezirksverwaltungen und gemeinn\u00fctzige Umweltorganisationen. Sebastian arbeitet derzeit f\u00fcr Protect the Forest als Biologe, Erfinder und Waldbotschafter in Schweden und international. Er h\u00e4lt auch Gastvortr\u00e4ge und Kurse \u00fcber den Wald und sein \u00d6kosystem an Volkshochschulen, Hochschulen\/Universit\u00e4ten sowie an Forstunternehmen und Beh\u00f6rden.  <\/p>\n","protected":false},"excerpt":{"rendered":"<p>Sebastian Kirppu ist Waldbiologe, Dozent, Kursleiter und Experte f\u00fcr Forstwirtschaft. Geboren und aufgewachsen in V\u00e4sterg\u00f6tland. Jetzt lebe ich in Dalarna. Sebastian Kirppu ist Waldbiologe, der sich seit langem mit Naturwertinventaren&hellip;<\/p>\n","protected":false},"author":32,"featured_media":36054,"comment_status":"closed","ping_status":"closed","template":"","cpt_team_group":[1571],"class_list":["post-68148","cpt_team","type-cpt_team","status-publish","has-post-thumbnail","hentry","cpt_team_group-der-nominierungsausschuss"],"yoast_head":"<!-- This site is optimized with the Yoast SEO plugin v27.4 - https:\/\/yoast.com\/product\/yoast-seo-wordpress\/ -->\n<title>Sebastian Kirppu - Sch\u00fczt den wald<\/title>\n<meta name=\"robots\" content=\"index, follow, max-snippet:-1, max-image-preview:large, max-video-preview:-1\" \/>\n<link rel=\"canonical\" href=\"https:\/\/skyddaskogen.se\/de\/team\/sebastian-kirppu\/\" \/>\n<meta property=\"og:locale\" content=\"de_DE\" \/>\n<meta property=\"og:type\" content=\"article\" \/>\n<meta property=\"og:title\" content=\"Sebastian Kirppu - Sch\u00fczt den wald\" \/>\n<meta property=\"og:description\" content=\"Sebastian Kirppu ist Waldbiologe, Dozent, Kursleiter und Experte f\u00fcr Forstwirtschaft. Geboren und aufgewachsen in V\u00e4sterg\u00f6tland. Jetzt lebe ich in Dalarna. Sebastian Kirppu ist Waldbiologe, der sich seit langem mit Naturwertinventaren&hellip;\" \/>\n<meta property=\"og:url\" content=\"https:\/\/skyddaskogen.se\/de\/team\/sebastian-kirppu\/\" \/>\n<meta property=\"og:site_name\" content=\"Sch\u00fczt den wald\" \/>\n<meta property=\"article:publisher\" content=\"https:\/\/www.facebook.com\/groups\/54996954022\/\" \/>\n<meta property=\"article:modified_time\" content=\"2026-02-24T16:38:03+00:00\" \/>\n<meta property=\"og:image\" content=\"https:\/\/skyddaskogen.se\/wp-content\/uploads\/2024\/05\/cropped-image-2.png\" \/>\n\t<meta property=\"og:image:width\" content=\"278\" \/>\n\t<meta property=\"og:image:height\" content=\"278\" \/>\n\t<meta property=\"og:image:type\" content=\"image\/png\" \/>\n<meta name=\"twitter:card\" content=\"summary_large_image\" \/>\n<meta name=\"twitter:site\" content=\"@skyddaskogen\" \/>\n<meta name=\"twitter:label1\" content=\"Gesch\u00e4tzte Lesezeit\" \/>\n\t<meta name=\"twitter:data1\" content=\"1\u00a0Minute\" \/>\n<script type=\"application\/ld+json\" class=\"yoast-schema-graph\">{\"@context\":\"https:\\\/\\\/schema.org\",\"@graph\":[{\"@type\":\"WebPage\",\"@id\":\"https:\\\/\\\/skyddaskogen.se\\\/de\\\/team\\\/sebastian-kirppu\\\/\",\"url\":\"https:\\\/\\\/skyddaskogen.se\\\/de\\\/team\\\/sebastian-kirppu\\\/\",\"name\":\"Sebastian Kirppu - Sch\u00fczt den wald\",\"isPartOf\":{\"@id\":\"https:\\\/\\\/skyddaskogen.se\\\/#website\"},\"primaryImageOfPage\":{\"@id\":\"https:\\\/\\\/skyddaskogen.se\\\/de\\\/team\\\/sebastian-kirppu\\\/#primaryimage\"},\"image\":{\"@id\":\"https:\\\/\\\/skyddaskogen.se\\\/de\\\/team\\\/sebastian-kirppu\\\/#primaryimage\"},\"thumbnailUrl\":\"https:\\\/\\\/skyddaskogen.se\\\/wp-content\\\/uploads\\\/2024\\\/05\\\/cropped-image-2.png\",\"datePublished\":\"2025-11-12T23:27:22+00:00\",\"dateModified\":\"2026-02-24T16:38:03+00:00\",\"breadcrumb\":{\"@id\":\"https:\\\/\\\/skyddaskogen.se\\\/de\\\/team\\\/sebastian-kirppu\\\/#breadcrumb\"},\"inLanguage\":\"de\",\"potentialAction\":[{\"@type\":\"ReadAction\",\"target\":[\"https:\\\/\\\/skyddaskogen.se\\\/de\\\/team\\\/sebastian-kirppu\\\/\"]}]},{\"@type\":\"ImageObject\",\"inLanguage\":\"de\",\"@id\":\"https:\\\/\\\/skyddaskogen.se\\\/de\\\/team\\\/sebastian-kirppu\\\/#primaryimage\",\"url\":\"https:\\\/\\\/skyddaskogen.se\\\/wp-content\\\/uploads\\\/2024\\\/05\\\/cropped-image-2.png\",\"contentUrl\":\"https:\\\/\\\/skyddaskogen.se\\\/wp-content\\\/uploads\\\/2024\\\/05\\\/cropped-image-2.png\",\"width\":278,\"height\":278},{\"@type\":\"BreadcrumbList\",\"@id\":\"https:\\\/\\\/skyddaskogen.se\\\/de\\\/team\\\/sebastian-kirppu\\\/#breadcrumb\",\"itemListElement\":[{\"@type\":\"ListItem\",\"position\":1,\"name\":\"Home\",\"item\":\"https:\\\/\\\/skyddaskogen.se\\\/de\\\/schutzen-sie-den-wald\\\/\"},{\"@type\":\"ListItem\",\"position\":2,\"name\":\"Team\",\"item\":\"https:\\\/\\\/skyddaskogen.se\\\/team\\\/\"},{\"@type\":\"ListItem\",\"position\":3,\"name\":\"Sebastian Kirppu\"}]},{\"@type\":\"WebSite\",\"@id\":\"https:\\\/\\\/skyddaskogen.se\\\/#website\",\"url\":\"https:\\\/\\\/skyddaskogen.se\\\/\",\"name\":\"Skydda Skogen\",\"description\":\"Zum Schutz alter W\u00e4lder und nat\u00fcrlicher Bauernh\u00f6fe\",\"publisher\":{\"@id\":\"https:\\\/\\\/skyddaskogen.se\\\/#organization\"},\"potentialAction\":[{\"@type\":\"SearchAction\",\"target\":{\"@type\":\"EntryPoint\",\"urlTemplate\":\"https:\\\/\\\/skyddaskogen.se\\\/?s={search_term_string}\"},\"query-input\":{\"@type\":\"PropertyValueSpecification\",\"valueRequired\":true,\"valueName\":\"search_term_string\"}}],\"inLanguage\":\"de\"},{\"@type\":\"Organization\",\"@id\":\"https:\\\/\\\/skyddaskogen.se\\\/#organization\",\"name\":\"Skydda Skogen\",\"url\":\"https:\\\/\\\/skyddaskogen.se\\\/\",\"logo\":{\"@type\":\"ImageObject\",\"inLanguage\":\"de\",\"@id\":\"https:\\\/\\\/skyddaskogen.se\\\/#\\\/schema\\\/logo\\\/image\\\/\",\"url\":\"https:\\\/\\\/skyddaskogen.se\\\/wp-content\\\/uploads\\\/2020\\\/09\\\/skyddaskogen.se_favicon-1.png\",\"contentUrl\":\"https:\\\/\\\/skyddaskogen.se\\\/wp-content\\\/uploads\\\/2020\\\/09\\\/skyddaskogen.se_favicon-1.png\",\"width\":256,\"height\":256,\"caption\":\"Skydda Skogen\"},\"image\":{\"@id\":\"https:\\\/\\\/skyddaskogen.se\\\/#\\\/schema\\\/logo\\\/image\\\/\"},\"sameAs\":[\"https:\\\/\\\/www.facebook.com\\\/groups\\\/54996954022\\\/\",\"https:\\\/\\\/x.com\\\/skyddaskogen\",\"https:\\\/\\\/www.instagram.com\\\/skyddaskogen\\\/\",\"https:\\\/\\\/www.youtube.com\\\/channel\\\/UCHJVIc9sptUj-qPek3Imitw\"]}]}<\/script>\n<!-- \/ Yoast SEO plugin. -->","yoast_head_json":{"title":"Sebastian Kirppu - Sch\u00fczt den wald","robots":{"index":"index","follow":"follow","max-snippet":"max-snippet:-1","max-image-preview":"max-image-preview:large","max-video-preview":"max-video-preview:-1"},"canonical":"https:\/\/skyddaskogen.se\/de\/team\/sebastian-kirppu\/","og_locale":"de_DE","og_type":"article","og_title":"Sebastian Kirppu - Sch\u00fczt den wald","og_description":"Sebastian Kirppu ist Waldbiologe, Dozent, Kursleiter und Experte f\u00fcr Forstwirtschaft. Geboren und aufgewachsen in V\u00e4sterg\u00f6tland. Jetzt lebe ich in Dalarna. Sebastian Kirppu ist Waldbiologe, der sich seit langem mit Naturwertinventaren&hellip;","og_url":"https:\/\/skyddaskogen.se\/de\/team\/sebastian-kirppu\/","og_site_name":"Sch\u00fczt den wald","article_publisher":"https:\/\/www.facebook.com\/groups\/54996954022\/","article_modified_time":"2026-02-24T16:38:03+00:00","og_image":[{"width":278,"height":278,"url":"https:\/\/skyddaskogen.se\/wp-content\/uploads\/2024\/05\/cropped-image-2.png","type":"image\/png"}],"twitter_card":"summary_large_image","twitter_site":"@skyddaskogen","twitter_misc":{"Gesch\u00e4tzte Lesezeit":"1\u00a0Minute"},"schema":{"@context":"https:\/\/schema.org","@graph":[{"@type":"WebPage","@id":"https:\/\/skyddaskogen.se\/de\/team\/sebastian-kirppu\/","url":"https:\/\/skyddaskogen.se\/de\/team\/sebastian-kirppu\/","name":"Sebastian Kirppu - Sch\u00fczt den wald","isPartOf":{"@id":"https:\/\/skyddaskogen.se\/#website"},"primaryImageOfPage":{"@id":"https:\/\/skyddaskogen.se\/de\/team\/sebastian-kirppu\/#primaryimage"},"image":{"@id":"https:\/\/skyddaskogen.se\/de\/team\/sebastian-kirppu\/#primaryimage"},"thumbnailUrl":"https:\/\/skyddaskogen.se\/wp-content\/uploads\/2024\/05\/cropped-image-2.png","datePublished":"2025-11-12T23:27:22+00:00","dateModified":"2026-02-24T16:38:03+00:00","breadcrumb":{"@id":"https:\/\/skyddaskogen.se\/de\/team\/sebastian-kirppu\/#breadcrumb"},"inLanguage":"de","potentialAction":[{"@type":"ReadAction","target":["https:\/\/skyddaskogen.se\/de\/team\/sebastian-kirppu\/"]}]},{"@type":"ImageObject","inLanguage":"de","@id":"https:\/\/skyddaskogen.se\/de\/team\/sebastian-kirppu\/#primaryimage","url":"https:\/\/skyddaskogen.se\/wp-content\/uploads\/2024\/05\/cropped-image-2.png","contentUrl":"https:\/\/skyddaskogen.se\/wp-content\/uploads\/2024\/05\/cropped-image-2.png","width":278,"height":278},{"@type":"BreadcrumbList","@id":"https:\/\/skyddaskogen.se\/de\/team\/sebastian-kirppu\/#breadcrumb","itemListElement":[{"@type":"ListItem","position":1,"name":"Home","item":"https:\/\/skyddaskogen.se\/de\/schutzen-sie-den-wald\/"},{"@type":"ListItem","position":2,"name":"Team","item":"https:\/\/skyddaskogen.se\/team\/"},{"@type":"ListItem","position":3,"name":"Sebastian Kirppu"}]},{"@type":"WebSite","@id":"https:\/\/skyddaskogen.se\/#website","url":"https:\/\/skyddaskogen.se\/","name":"Skydda Skogen","description":"Zum Schutz alter W\u00e4lder und nat\u00fcrlicher Bauernh\u00f6fe","publisher":{"@id":"https:\/\/skyddaskogen.se\/#organization"},"potentialAction":[{"@type":"SearchAction","target":{"@type":"EntryPoint","urlTemplate":"https:\/\/skyddaskogen.se\/?s={search_term_string}"},"query-input":{"@type":"PropertyValueSpecification","valueRequired":true,"valueName":"search_term_string"}}],"inLanguage":"de"},{"@type":"Organization","@id":"https:\/\/skyddaskogen.se\/#organization","name":"Skydda Skogen","url":"https:\/\/skyddaskogen.se\/","logo":{"@type":"ImageObject","inLanguage":"de","@id":"https:\/\/skyddaskogen.se\/#\/schema\/logo\/image\/","url":"https:\/\/skyddaskogen.se\/wp-content\/uploads\/2020\/09\/skyddaskogen.se_favicon-1.png","contentUrl":"https:\/\/skyddaskogen.se\/wp-content\/uploads\/2020\/09\/skyddaskogen.se_favicon-1.png","width":256,"height":256,"caption":"Skydda Skogen"},"image":{"@id":"https:\/\/skyddaskogen.se\/#\/schema\/logo\/image\/"},"sameAs":["https:\/\/www.facebook.com\/groups\/54996954022\/","https:\/\/x.com\/skyddaskogen","https:\/\/www.instagram.com\/skyddaskogen\/","https:\/\/www.youtube.com\/channel\/UCHJVIc9sptUj-qPek3Imitw"]}]}},"_links":{"self":[{"href":"https:\/\/skyddaskogen.se\/de\/wp-json\/wp\/v2\/cpt_team\/68148","targetHints":{"allow":["GET"]}}],"collection":[{"href":"https:\/\/skyddaskogen.se\/de\/wp-json\/wp\/v2\/cpt_team"}],"about":[{"href":"https:\/\/skyddaskogen.se\/de\/wp-json\/wp\/v2\/types\/cpt_team"}],"author":[{"embeddable":true,"href":"https:\/\/skyddaskogen.se\/de\/wp-json\/wp\/v2\/users\/32"}],"replies":[{"embeddable":true,"href":"https:\/\/skyddaskogen.se\/de\/wp-json\/wp\/v2\/comments?post=68148"}],"wp:featuredmedia":[{"embeddable":true,"href":"https:\/\/skyddaskogen.se\/de\/wp-json\/wp\/v2\/media\/36054"}],"wp:attachment":[{"href":"https:\/\/skyddaskogen.se\/de\/wp-json\/wp\/v2\/media?parent=68148"}],"wp:term":[{"taxonomy":"cpt_team_group","embeddable":true,"href":"https:\/\/skyddaskogen.se\/de\/wp-json\/wp\/v2\/cpt_team_group?post=68148"}],"curies":[{"name":"wp","href":"https:\/\/api.w.org\/{rel}","templated":true}]}}