{"id":68149,"date":"2025-11-13T00:28:36","date_gmt":"2025-11-12T23:28:36","guid":{"rendered":"https:\/\/skyddaskogen.se\/team\/lina-burnelius\/"},"modified":"2026-02-24T17:44:11","modified_gmt":"2026-02-24T16:44:11","slug":"lina-burnelius","status":"publish","type":"cpt_team","link":"https:\/\/skyddaskogen.se\/de\/team\/lina-burnelius\/","title":{"rendered":"Lina Burnelius"},"content":{"rendered":"<p>Klima- und Landnutzungsexperte und seit mehr als 12 Jahren in Umweltfragen sowohl in Schweden als auch im Ausland aktiv.<\/p>\n<p>Wald ist f\u00fcr mich Ruhe, Erholung und Harmonie \u2013 dieses komplexe \u00d6kosystem und sein wimmelndes Leben ist f\u00fcr mich absolut atemberaubend, im Wald werde ich daran erinnert, wie wichtig das Echo vor dem Ego ist. Das Engagement, die riesigen Kohlenstoffspeicher unserer letzten Naturw\u00e4lder zu retten, in denen es von Leben nur so wimmelt, ist unerm\u00fcdlich, weil ich glaube, dass zuk\u00fcnftige Generationen das Recht auf einen bewohnbaren, widerstandsf\u00e4higen und gesunden Planeten haben und nicht zuletzt, dass sie die gleichen Waldspazierg\u00e4nge erleben sollten, die es mir immer schaffen, mir Erholung und Perspektive zu geben. <\/p>\n<p>F\u00fcr die heutige Zeit ist das leider keine Selbstverst\u00e4ndlichkeit \u2013 die Bedrohung f\u00fcr den letzten Rest Naturwald nimmt t\u00e4glich zu. Sehr be\u00e4ngstigend, denn gesch\u00fctzte W\u00e4lder sind unser bester und wichtigster Freund im Kampf gegen den Klimawandel. Schweden sollte das Richtige tun und damit beginnen, Gesetze f\u00fcr eine Forstpolitik zu erlassen, die Schwedens Verpflichtungen aus dem Pariser Abkommen, dem UN-\u00dcbereinkommen \u00fcber die biologische Vielfalt und dem ILO-\u00dcbereinkommen 169 respektiert, das besagt, dass indigene V\u00f6lker das Recht haben, Nein zu Eingriffen in ihr Land zu sagen. Zusammen setzen diese drei internationalen Konventionen einen klaren Rahmen daf\u00fcr, wie viel und auf welche Weise wir unsere W\u00e4lder bewirtschaften d\u00fcrfen. Wenn wir anfangen w\u00fcrden, genug zu sch\u00fctzen und statt wie heute den Wald fair und nachhaltig zu bewirtschaften, w\u00fcrde der Wald zum positiven Puzzleteil der beiden schicksalhaften Themen unserer Zeit werden; die Klimakrise und der Verlust der Artenvielfalt \u2013 so dringend notwendig. Das ist eine Tatsache, f\u00fcr die ich immer wieder Motivation empfinde, daf\u00fcr zu k\u00e4mpfen.     <\/p>\n","protected":false},"excerpt":{"rendered":"<p>Klima- und Landnutzungsexperte und seit mehr als 12 Jahren in Umweltfragen sowohl in Schweden als auch im Ausland aktiv. Wald ist f\u00fcr mich Ruhe, Erholung und Harmonie \u2013 dieses komplexe&hellip;<\/p>\n","protected":false},"author":32,"featured_media":36069,"comment_status":"closed","ping_status":"closed","template":"","cpt_team_group":[1496],"class_list":["post-68149","cpt_team","type-cpt_team","status-publish","has-post-thumbnail","hentry","cpt_team_group-mitarbeiter"],"yoast_head":"<!-- This site is optimized with the Yoast SEO plugin v27.4 - https:\/\/yoast.com\/product\/yoast-seo-wordpress\/ -->\n<title>Lina Burnelius - Sch\u00fczt den wald<\/title>\n<meta name=\"robots\" content=\"index, follow, max-snippet:-1, max-image-preview:large, max-video-preview:-1\" \/>\n<link rel=\"canonical\" href=\"https:\/\/skyddaskogen.se\/de\/team\/lina-burnelius\/\" \/>\n<meta property=\"og:locale\" content=\"de_DE\" \/>\n<meta property=\"og:type\" content=\"article\" \/>\n<meta property=\"og:title\" content=\"Lina Burnelius - Sch\u00fczt den wald\" \/>\n<meta property=\"og:description\" content=\"Klima- und Landnutzungsexperte und seit mehr als 12 Jahren in Umweltfragen sowohl in Schweden als auch im Ausland aktiv. Wald ist f\u00fcr mich Ruhe, Erholung und Harmonie \u2013 dieses komplexe&hellip;\" \/>\n<meta property=\"og:url\" content=\"https:\/\/skyddaskogen.se\/de\/team\/lina-burnelius\/\" \/>\n<meta property=\"og:site_name\" content=\"Sch\u00fczt den wald\" \/>\n<meta property=\"article:publisher\" content=\"https:\/\/www.facebook.com\/groups\/54996954022\/\" \/>\n<meta property=\"article:modified_time\" content=\"2026-02-24T16:44:11+00:00\" \/>\n<meta property=\"og:image\" content=\"https:\/\/skyddaskogen.se\/wp-content\/uploads\/2024\/05\/cropped-image-8.png\" \/>\n\t<meta property=\"og:image:width\" content=\"298\" \/>\n\t<meta property=\"og:image:height\" content=\"298\" \/>\n\t<meta property=\"og:image:type\" content=\"image\/png\" \/>\n<meta name=\"twitter:card\" content=\"summary_large_image\" \/>\n<meta name=\"twitter:site\" content=\"@skyddaskogen\" \/>\n<meta name=\"twitter:label1\" content=\"Gesch\u00e4tzte Lesezeit\" \/>\n\t<meta name=\"twitter:data1\" content=\"2\u00a0Minuten\" \/>\n<script type=\"application\/ld+json\" class=\"yoast-schema-graph\">{\"@context\":\"https:\\\/\\\/schema.org\",\"@graph\":[{\"@type\":\"WebPage\",\"@id\":\"https:\\\/\\\/skyddaskogen.se\\\/de\\\/team\\\/lina-burnelius\\\/\",\"url\":\"https:\\\/\\\/skyddaskogen.se\\\/de\\\/team\\\/lina-burnelius\\\/\",\"name\":\"Lina Burnelius - Sch\u00fczt den wald\",\"isPartOf\":{\"@id\":\"https:\\\/\\\/skyddaskogen.se\\\/#website\"},\"primaryImageOfPage\":{\"@id\":\"https:\\\/\\\/skyddaskogen.se\\\/de\\\/team\\\/lina-burnelius\\\/#primaryimage\"},\"image\":{\"@id\":\"https:\\\/\\\/skyddaskogen.se\\\/de\\\/team\\\/lina-burnelius\\\/#primaryimage\"},\"thumbnailUrl\":\"https:\\\/\\\/skyddaskogen.se\\\/wp-content\\\/uploads\\\/2024\\\/05\\\/cropped-image-8.png\",\"datePublished\":\"2025-11-12T23:28:36+00:00\",\"dateModified\":\"2026-02-24T16:44:11+00:00\",\"breadcrumb\":{\"@id\":\"https:\\\/\\\/skyddaskogen.se\\\/de\\\/team\\\/lina-burnelius\\\/#breadcrumb\"},\"inLanguage\":\"de\",\"potentialAction\":[{\"@type\":\"ReadAction\",\"target\":[\"https:\\\/\\\/skyddaskogen.se\\\/de\\\/team\\\/lina-burnelius\\\/\"]}]},{\"@type\":\"ImageObject\",\"inLanguage\":\"de\",\"@id\":\"https:\\\/\\\/skyddaskogen.se\\\/de\\\/team\\\/lina-burnelius\\\/#primaryimage\",\"url\":\"https:\\\/\\\/skyddaskogen.se\\\/wp-content\\\/uploads\\\/2024\\\/05\\\/cropped-image-8.png\",\"contentUrl\":\"https:\\\/\\\/skyddaskogen.se\\\/wp-content\\\/uploads\\\/2024\\\/05\\\/cropped-image-8.png\",\"width\":298,\"height\":298},{\"@type\":\"BreadcrumbList\",\"@id\":\"https:\\\/\\\/skyddaskogen.se\\\/de\\\/team\\\/lina-burnelius\\\/#breadcrumb\",\"itemListElement\":[{\"@type\":\"ListItem\",\"position\":1,\"name\":\"Home\",\"item\":\"https:\\\/\\\/skyddaskogen.se\\\/de\\\/schutzen-sie-den-wald\\\/\"},{\"@type\":\"ListItem\",\"position\":2,\"name\":\"Team\",\"item\":\"https:\\\/\\\/skyddaskogen.se\\\/team\\\/\"},{\"@type\":\"ListItem\",\"position\":3,\"name\":\"Lina Burnelius\"}]},{\"@type\":\"WebSite\",\"@id\":\"https:\\\/\\\/skyddaskogen.se\\\/#website\",\"url\":\"https:\\\/\\\/skyddaskogen.se\\\/\",\"name\":\"Skydda Skogen\",\"description\":\"Zum Schutz alter W\u00e4lder und nat\u00fcrlicher Bauernh\u00f6fe\",\"publisher\":{\"@id\":\"https:\\\/\\\/skyddaskogen.se\\\/#organization\"},\"potentialAction\":[{\"@type\":\"SearchAction\",\"target\":{\"@type\":\"EntryPoint\",\"urlTemplate\":\"https:\\\/\\\/skyddaskogen.se\\\/?s={search_term_string}\"},\"query-input\":{\"@type\":\"PropertyValueSpecification\",\"valueRequired\":true,\"valueName\":\"search_term_string\"}}],\"inLanguage\":\"de\"},{\"@type\":\"Organization\",\"@id\":\"https:\\\/\\\/skyddaskogen.se\\\/#organization\",\"name\":\"Skydda Skogen\",\"url\":\"https:\\\/\\\/skyddaskogen.se\\\/\",\"logo\":{\"@type\":\"ImageObject\",\"inLanguage\":\"de\",\"@id\":\"https:\\\/\\\/skyddaskogen.se\\\/#\\\/schema\\\/logo\\\/image\\\/\",\"url\":\"https:\\\/\\\/skyddaskogen.se\\\/wp-content\\\/uploads\\\/2020\\\/09\\\/skyddaskogen.se_favicon-1.png\",\"contentUrl\":\"https:\\\/\\\/skyddaskogen.se\\\/wp-content\\\/uploads\\\/2020\\\/09\\\/skyddaskogen.se_favicon-1.png\",\"width\":256,\"height\":256,\"caption\":\"Skydda Skogen\"},\"image\":{\"@id\":\"https:\\\/\\\/skyddaskogen.se\\\/#\\\/schema\\\/logo\\\/image\\\/\"},\"sameAs\":[\"https:\\\/\\\/www.facebook.com\\\/groups\\\/54996954022\\\/\",\"https:\\\/\\\/x.com\\\/skyddaskogen\",\"https:\\\/\\\/www.instagram.com\\\/skyddaskogen\\\/\",\"https:\\\/\\\/www.youtube.com\\\/channel\\\/UCHJVIc9sptUj-qPek3Imitw\"]}]}<\/script>\n<!-- \/ Yoast SEO plugin. -->","yoast_head_json":{"title":"Lina Burnelius - Sch\u00fczt den wald","robots":{"index":"index","follow":"follow","max-snippet":"max-snippet:-1","max-image-preview":"max-image-preview:large","max-video-preview":"max-video-preview:-1"},"canonical":"https:\/\/skyddaskogen.se\/de\/team\/lina-burnelius\/","og_locale":"de_DE","og_type":"article","og_title":"Lina Burnelius - Sch\u00fczt den wald","og_description":"Klima- und Landnutzungsexperte und seit mehr als 12 Jahren in Umweltfragen sowohl in Schweden als auch im Ausland aktiv. Wald ist f\u00fcr mich Ruhe, Erholung und Harmonie \u2013 dieses komplexe&hellip;","og_url":"https:\/\/skyddaskogen.se\/de\/team\/lina-burnelius\/","og_site_name":"Sch\u00fczt den wald","article_publisher":"https:\/\/www.facebook.com\/groups\/54996954022\/","article_modified_time":"2026-02-24T16:44:11+00:00","og_image":[{"width":298,"height":298,"url":"https:\/\/skyddaskogen.se\/wp-content\/uploads\/2024\/05\/cropped-image-8.png","type":"image\/png"}],"twitter_card":"summary_large_image","twitter_site":"@skyddaskogen","twitter_misc":{"Gesch\u00e4tzte Lesezeit":"2\u00a0Minuten"},"schema":{"@context":"https:\/\/schema.org","@graph":[{"@type":"WebPage","@id":"https:\/\/skyddaskogen.se\/de\/team\/lina-burnelius\/","url":"https:\/\/skyddaskogen.se\/de\/team\/lina-burnelius\/","name":"Lina Burnelius - Sch\u00fczt den wald","isPartOf":{"@id":"https:\/\/skyddaskogen.se\/#website"},"primaryImageOfPage":{"@id":"https:\/\/skyddaskogen.se\/de\/team\/lina-burnelius\/#primaryimage"},"image":{"@id":"https:\/\/skyddaskogen.se\/de\/team\/lina-burnelius\/#primaryimage"},"thumbnailUrl":"https:\/\/skyddaskogen.se\/wp-content\/uploads\/2024\/05\/cropped-image-8.png","datePublished":"2025-11-12T23:28:36+00:00","dateModified":"2026-02-24T16:44:11+00:00","breadcrumb":{"@id":"https:\/\/skyddaskogen.se\/de\/team\/lina-burnelius\/#breadcrumb"},"inLanguage":"de","potentialAction":[{"@type":"ReadAction","target":["https:\/\/skyddaskogen.se\/de\/team\/lina-burnelius\/"]}]},{"@type":"ImageObject","inLanguage":"de","@id":"https:\/\/skyddaskogen.se\/de\/team\/lina-burnelius\/#primaryimage","url":"https:\/\/skyddaskogen.se\/wp-content\/uploads\/2024\/05\/cropped-image-8.png","contentUrl":"https:\/\/skyddaskogen.se\/wp-content\/uploads\/2024\/05\/cropped-image-8.png","width":298,"height":298},{"@type":"BreadcrumbList","@id":"https:\/\/skyddaskogen.se\/de\/team\/lina-burnelius\/#breadcrumb","itemListElement":[{"@type":"ListItem","position":1,"name":"Home","item":"https:\/\/skyddaskogen.se\/de\/schutzen-sie-den-wald\/"},{"@type":"ListItem","position":2,"name":"Team","item":"https:\/\/skyddaskogen.se\/team\/"},{"@type":"ListItem","position":3,"name":"Lina Burnelius"}]},{"@type":"WebSite","@id":"https:\/\/skyddaskogen.se\/#website","url":"https:\/\/skyddaskogen.se\/","name":"Skydda Skogen","description":"Zum Schutz alter W\u00e4lder und nat\u00fcrlicher Bauernh\u00f6fe","publisher":{"@id":"https:\/\/skyddaskogen.se\/#organization"},"potentialAction":[{"@type":"SearchAction","target":{"@type":"EntryPoint","urlTemplate":"https:\/\/skyddaskogen.se\/?s={search_term_string}"},"query-input":{"@type":"PropertyValueSpecification","valueRequired":true,"valueName":"search_term_string"}}],"inLanguage":"de"},{"@type":"Organization","@id":"https:\/\/skyddaskogen.se\/#organization","name":"Skydda Skogen","url":"https:\/\/skyddaskogen.se\/","logo":{"@type":"ImageObject","inLanguage":"de","@id":"https:\/\/skyddaskogen.se\/#\/schema\/logo\/image\/","url":"https:\/\/skyddaskogen.se\/wp-content\/uploads\/2020\/09\/skyddaskogen.se_favicon-1.png","contentUrl":"https:\/\/skyddaskogen.se\/wp-content\/uploads\/2020\/09\/skyddaskogen.se_favicon-1.png","width":256,"height":256,"caption":"Skydda Skogen"},"image":{"@id":"https:\/\/skyddaskogen.se\/#\/schema\/logo\/image\/"},"sameAs":["https:\/\/www.facebook.com\/groups\/54996954022\/","https:\/\/x.com\/skyddaskogen","https:\/\/www.instagram.com\/skyddaskogen\/","https:\/\/www.youtube.com\/channel\/UCHJVIc9sptUj-qPek3Imitw"]}]}},"_links":{"self":[{"href":"https:\/\/skyddaskogen.se\/de\/wp-json\/wp\/v2\/cpt_team\/68149","targetHints":{"allow":["GET"]}}],"collection":[{"href":"https:\/\/skyddaskogen.se\/de\/wp-json\/wp\/v2\/cpt_team"}],"about":[{"href":"https:\/\/skyddaskogen.se\/de\/wp-json\/wp\/v2\/types\/cpt_team"}],"author":[{"embeddable":true,"href":"https:\/\/skyddaskogen.se\/de\/wp-json\/wp\/v2\/users\/32"}],"replies":[{"embeddable":true,"href":"https:\/\/skyddaskogen.se\/de\/wp-json\/wp\/v2\/comments?post=68149"}],"wp:featuredmedia":[{"embeddable":true,"href":"https:\/\/skyddaskogen.se\/de\/wp-json\/wp\/v2\/media\/36069"}],"wp:attachment":[{"href":"https:\/\/skyddaskogen.se\/de\/wp-json\/wp\/v2\/media?parent=68149"}],"wp:term":[{"taxonomy":"cpt_team_group","embeddable":true,"href":"https:\/\/skyddaskogen.se\/de\/wp-json\/wp\/v2\/cpt_team_group?post=68149"}],"curies":[{"name":"wp","href":"https:\/\/api.w.org\/{rel}","templated":true}]}}