{"id":68150,"date":"2025-11-13T00:29:19","date_gmt":"2025-11-12T23:29:19","guid":{"rendered":"https:\/\/skyddaskogen.se\/team\/viktor-saefve\/"},"modified":"2026-02-24T17:43:47","modified_gmt":"2026-02-24T16:43:47","slug":"viktor-saefve","status":"publish","type":"cpt_team","link":"https:\/\/skyddaskogen.se\/de\/team\/viktor-saefve\/","title":{"rendered":"Viktor S\u00e4fve"},"content":{"rendered":"<p>Viktor S\u00e4fve ist Experte f\u00fcr Forstwirtschaft und naturnahe Forstwirtschaft, Natursch\u00fctzer und Kleinbauer in der Agroforstwirtschaft. Geboren und aufgewachsen in Norrbotten. Lebt und arbeitet mit seiner Familie auf einem Forstbauernhof im s\u00fcdlichen N\u00e4rke. Ist ein erfahrener Kampagnenmanager, Natursch\u00fctzer, P\u00e4dagoge, Naturf\u00fchrer und G\u00e4rtner. Arbeitet nebenberuflich beim Verein Protect the Forest mit Fragen der Kartierung sch\u00fctzenswerter W\u00e4lder und engagiert sich ehrenamtlich im Verein f\u00fcr politische Themen f\u00fcr eine naturnahe Forstwirtschaft sowie f\u00fcr internationale Waldthemen. Au\u00dferdem arbeite ich f\u00fcr das Familienunternehmen \u00c5fallet Skogstr\u00e4dg\u00e5rd in den Bereichen Naturschutzmanagement, Vortr\u00e4ge, F\u00fchrungen, Gartenarbeit und P\u00e4dagogik.     <\/p>\n<p>Ansprechpartner in N\u00e4rke.<\/p>\n","protected":false},"excerpt":{"rendered":"<p>Viktor S\u00e4fve ist Experte f\u00fcr Forstwirtschaft und naturnahe Forstwirtschaft, Natursch\u00fctzer und Kleinbauer in der Agroforstwirtschaft. Geboren und aufgewachsen in Norrbotten. Lebt und arbeitet mit seiner Familie auf einem Forstbauernhof im&hellip;<\/p>\n","protected":false},"author":32,"featured_media":36007,"comment_status":"closed","ping_status":"closed","template":"","cpt_team_group":[1496],"class_list":["post-68150","cpt_team","type-cpt_team","status-publish","has-post-thumbnail","hentry","cpt_team_group-mitarbeiter"],"yoast_head":"<!-- This site is optimized with the Yoast SEO plugin v27.4 - https:\/\/yoast.com\/product\/yoast-seo-wordpress\/ -->\n<title>Viktor S\u00e4fve - Sch\u00fczt den wald<\/title>\n<meta name=\"robots\" content=\"index, follow, max-snippet:-1, max-image-preview:large, max-video-preview:-1\" \/>\n<link rel=\"canonical\" href=\"https:\/\/skyddaskogen.se\/de\/team\/viktor-saefve\/\" \/>\n<meta property=\"og:locale\" content=\"de_DE\" \/>\n<meta property=\"og:type\" content=\"article\" \/>\n<meta property=\"og:title\" content=\"Viktor S\u00e4fve - Sch\u00fczt den wald\" \/>\n<meta property=\"og:description\" content=\"Viktor S\u00e4fve ist Experte f\u00fcr Forstwirtschaft und naturnahe Forstwirtschaft, Natursch\u00fctzer und Kleinbauer in der Agroforstwirtschaft. Geboren und aufgewachsen in Norrbotten. Lebt und arbeitet mit seiner Familie auf einem Forstbauernhof im&hellip;\" \/>\n<meta property=\"og:url\" content=\"https:\/\/skyddaskogen.se\/de\/team\/viktor-saefve\/\" \/>\n<meta property=\"og:site_name\" content=\"Sch\u00fczt den wald\" \/>\n<meta property=\"article:publisher\" content=\"https:\/\/www.facebook.com\/groups\/54996954022\/\" \/>\n<meta property=\"article:modified_time\" content=\"2026-02-24T16:43:47+00:00\" \/>\n<meta property=\"og:image\" content=\"https:\/\/skyddaskogen.se\/wp-content\/uploads\/2024\/05\/cropped-image.png\" \/>\n\t<meta property=\"og:image:width\" content=\"287\" \/>\n\t<meta property=\"og:image:height\" content=\"287\" \/>\n\t<meta property=\"og:image:type\" content=\"image\/png\" \/>\n<meta name=\"twitter:card\" content=\"summary_large_image\" \/>\n<meta name=\"twitter:site\" content=\"@skyddaskogen\" \/>\n<meta name=\"twitter:label1\" content=\"Gesch\u00e4tzte Lesezeit\" \/>\n\t<meta name=\"twitter:data1\" content=\"1\u00a0Minute\" \/>\n<script type=\"application\/ld+json\" class=\"yoast-schema-graph\">{\"@context\":\"https:\\\/\\\/schema.org\",\"@graph\":[{\"@type\":\"WebPage\",\"@id\":\"https:\\\/\\\/skyddaskogen.se\\\/de\\\/team\\\/viktor-saefve\\\/\",\"url\":\"https:\\\/\\\/skyddaskogen.se\\\/de\\\/team\\\/viktor-saefve\\\/\",\"name\":\"Viktor S\u00e4fve - Sch\u00fczt den wald\",\"isPartOf\":{\"@id\":\"https:\\\/\\\/skyddaskogen.se\\\/#website\"},\"primaryImageOfPage\":{\"@id\":\"https:\\\/\\\/skyddaskogen.se\\\/de\\\/team\\\/viktor-saefve\\\/#primaryimage\"},\"image\":{\"@id\":\"https:\\\/\\\/skyddaskogen.se\\\/de\\\/team\\\/viktor-saefve\\\/#primaryimage\"},\"thumbnailUrl\":\"https:\\\/\\\/skyddaskogen.se\\\/wp-content\\\/uploads\\\/2024\\\/05\\\/cropped-image.png\",\"datePublished\":\"2025-11-12T23:29:19+00:00\",\"dateModified\":\"2026-02-24T16:43:47+00:00\",\"breadcrumb\":{\"@id\":\"https:\\\/\\\/skyddaskogen.se\\\/de\\\/team\\\/viktor-saefve\\\/#breadcrumb\"},\"inLanguage\":\"de\",\"potentialAction\":[{\"@type\":\"ReadAction\",\"target\":[\"https:\\\/\\\/skyddaskogen.se\\\/de\\\/team\\\/viktor-saefve\\\/\"]}]},{\"@type\":\"ImageObject\",\"inLanguage\":\"de\",\"@id\":\"https:\\\/\\\/skyddaskogen.se\\\/de\\\/team\\\/viktor-saefve\\\/#primaryimage\",\"url\":\"https:\\\/\\\/skyddaskogen.se\\\/wp-content\\\/uploads\\\/2024\\\/05\\\/cropped-image.png\",\"contentUrl\":\"https:\\\/\\\/skyddaskogen.se\\\/wp-content\\\/uploads\\\/2024\\\/05\\\/cropped-image.png\",\"width\":287,\"height\":287},{\"@type\":\"BreadcrumbList\",\"@id\":\"https:\\\/\\\/skyddaskogen.se\\\/de\\\/team\\\/viktor-saefve\\\/#breadcrumb\",\"itemListElement\":[{\"@type\":\"ListItem\",\"position\":1,\"name\":\"Home\",\"item\":\"https:\\\/\\\/skyddaskogen.se\\\/de\\\/schutzen-sie-den-wald\\\/\"},{\"@type\":\"ListItem\",\"position\":2,\"name\":\"Team\",\"item\":\"https:\\\/\\\/skyddaskogen.se\\\/team\\\/\"},{\"@type\":\"ListItem\",\"position\":3,\"name\":\"Viktor S\u00e4fve\"}]},{\"@type\":\"WebSite\",\"@id\":\"https:\\\/\\\/skyddaskogen.se\\\/#website\",\"url\":\"https:\\\/\\\/skyddaskogen.se\\\/\",\"name\":\"Skydda Skogen\",\"description\":\"Zum Schutz alter W\u00e4lder und nat\u00fcrlicher Bauernh\u00f6fe\",\"publisher\":{\"@id\":\"https:\\\/\\\/skyddaskogen.se\\\/#organization\"},\"potentialAction\":[{\"@type\":\"SearchAction\",\"target\":{\"@type\":\"EntryPoint\",\"urlTemplate\":\"https:\\\/\\\/skyddaskogen.se\\\/?s={search_term_string}\"},\"query-input\":{\"@type\":\"PropertyValueSpecification\",\"valueRequired\":true,\"valueName\":\"search_term_string\"}}],\"inLanguage\":\"de\"},{\"@type\":\"Organization\",\"@id\":\"https:\\\/\\\/skyddaskogen.se\\\/#organization\",\"name\":\"Skydda Skogen\",\"url\":\"https:\\\/\\\/skyddaskogen.se\\\/\",\"logo\":{\"@type\":\"ImageObject\",\"inLanguage\":\"de\",\"@id\":\"https:\\\/\\\/skyddaskogen.se\\\/#\\\/schema\\\/logo\\\/image\\\/\",\"url\":\"https:\\\/\\\/skyddaskogen.se\\\/wp-content\\\/uploads\\\/2020\\\/09\\\/skyddaskogen.se_favicon-1.png\",\"contentUrl\":\"https:\\\/\\\/skyddaskogen.se\\\/wp-content\\\/uploads\\\/2020\\\/09\\\/skyddaskogen.se_favicon-1.png\",\"width\":256,\"height\":256,\"caption\":\"Skydda Skogen\"},\"image\":{\"@id\":\"https:\\\/\\\/skyddaskogen.se\\\/#\\\/schema\\\/logo\\\/image\\\/\"},\"sameAs\":[\"https:\\\/\\\/www.facebook.com\\\/groups\\\/54996954022\\\/\",\"https:\\\/\\\/x.com\\\/skyddaskogen\",\"https:\\\/\\\/www.instagram.com\\\/skyddaskogen\\\/\",\"https:\\\/\\\/www.youtube.com\\\/channel\\\/UCHJVIc9sptUj-qPek3Imitw\"]}]}<\/script>\n<!-- \/ Yoast SEO plugin. -->","yoast_head_json":{"title":"Viktor S\u00e4fve - Sch\u00fczt den wald","robots":{"index":"index","follow":"follow","max-snippet":"max-snippet:-1","max-image-preview":"max-image-preview:large","max-video-preview":"max-video-preview:-1"},"canonical":"https:\/\/skyddaskogen.se\/de\/team\/viktor-saefve\/","og_locale":"de_DE","og_type":"article","og_title":"Viktor S\u00e4fve - Sch\u00fczt den wald","og_description":"Viktor S\u00e4fve ist Experte f\u00fcr Forstwirtschaft und naturnahe Forstwirtschaft, Natursch\u00fctzer und Kleinbauer in der Agroforstwirtschaft. Geboren und aufgewachsen in Norrbotten. Lebt und arbeitet mit seiner Familie auf einem Forstbauernhof im&hellip;","og_url":"https:\/\/skyddaskogen.se\/de\/team\/viktor-saefve\/","og_site_name":"Sch\u00fczt den wald","article_publisher":"https:\/\/www.facebook.com\/groups\/54996954022\/","article_modified_time":"2026-02-24T16:43:47+00:00","og_image":[{"width":287,"height":287,"url":"https:\/\/skyddaskogen.se\/wp-content\/uploads\/2024\/05\/cropped-image.png","type":"image\/png"}],"twitter_card":"summary_large_image","twitter_site":"@skyddaskogen","twitter_misc":{"Gesch\u00e4tzte Lesezeit":"1\u00a0Minute"},"schema":{"@context":"https:\/\/schema.org","@graph":[{"@type":"WebPage","@id":"https:\/\/skyddaskogen.se\/de\/team\/viktor-saefve\/","url":"https:\/\/skyddaskogen.se\/de\/team\/viktor-saefve\/","name":"Viktor S\u00e4fve - Sch\u00fczt den wald","isPartOf":{"@id":"https:\/\/skyddaskogen.se\/#website"},"primaryImageOfPage":{"@id":"https:\/\/skyddaskogen.se\/de\/team\/viktor-saefve\/#primaryimage"},"image":{"@id":"https:\/\/skyddaskogen.se\/de\/team\/viktor-saefve\/#primaryimage"},"thumbnailUrl":"https:\/\/skyddaskogen.se\/wp-content\/uploads\/2024\/05\/cropped-image.png","datePublished":"2025-11-12T23:29:19+00:00","dateModified":"2026-02-24T16:43:47+00:00","breadcrumb":{"@id":"https:\/\/skyddaskogen.se\/de\/team\/viktor-saefve\/#breadcrumb"},"inLanguage":"de","potentialAction":[{"@type":"ReadAction","target":["https:\/\/skyddaskogen.se\/de\/team\/viktor-saefve\/"]}]},{"@type":"ImageObject","inLanguage":"de","@id":"https:\/\/skyddaskogen.se\/de\/team\/viktor-saefve\/#primaryimage","url":"https:\/\/skyddaskogen.se\/wp-content\/uploads\/2024\/05\/cropped-image.png","contentUrl":"https:\/\/skyddaskogen.se\/wp-content\/uploads\/2024\/05\/cropped-image.png","width":287,"height":287},{"@type":"BreadcrumbList","@id":"https:\/\/skyddaskogen.se\/de\/team\/viktor-saefve\/#breadcrumb","itemListElement":[{"@type":"ListItem","position":1,"name":"Home","item":"https:\/\/skyddaskogen.se\/de\/schutzen-sie-den-wald\/"},{"@type":"ListItem","position":2,"name":"Team","item":"https:\/\/skyddaskogen.se\/team\/"},{"@type":"ListItem","position":3,"name":"Viktor S\u00e4fve"}]},{"@type":"WebSite","@id":"https:\/\/skyddaskogen.se\/#website","url":"https:\/\/skyddaskogen.se\/","name":"Skydda Skogen","description":"Zum Schutz alter W\u00e4lder und nat\u00fcrlicher Bauernh\u00f6fe","publisher":{"@id":"https:\/\/skyddaskogen.se\/#organization"},"potentialAction":[{"@type":"SearchAction","target":{"@type":"EntryPoint","urlTemplate":"https:\/\/skyddaskogen.se\/?s={search_term_string}"},"query-input":{"@type":"PropertyValueSpecification","valueRequired":true,"valueName":"search_term_string"}}],"inLanguage":"de"},{"@type":"Organization","@id":"https:\/\/skyddaskogen.se\/#organization","name":"Skydda Skogen","url":"https:\/\/skyddaskogen.se\/","logo":{"@type":"ImageObject","inLanguage":"de","@id":"https:\/\/skyddaskogen.se\/#\/schema\/logo\/image\/","url":"https:\/\/skyddaskogen.se\/wp-content\/uploads\/2020\/09\/skyddaskogen.se_favicon-1.png","contentUrl":"https:\/\/skyddaskogen.se\/wp-content\/uploads\/2020\/09\/skyddaskogen.se_favicon-1.png","width":256,"height":256,"caption":"Skydda Skogen"},"image":{"@id":"https:\/\/skyddaskogen.se\/#\/schema\/logo\/image\/"},"sameAs":["https:\/\/www.facebook.com\/groups\/54996954022\/","https:\/\/x.com\/skyddaskogen","https:\/\/www.instagram.com\/skyddaskogen\/","https:\/\/www.youtube.com\/channel\/UCHJVIc9sptUj-qPek3Imitw"]}]}},"_links":{"self":[{"href":"https:\/\/skyddaskogen.se\/de\/wp-json\/wp\/v2\/cpt_team\/68150","targetHints":{"allow":["GET"]}}],"collection":[{"href":"https:\/\/skyddaskogen.se\/de\/wp-json\/wp\/v2\/cpt_team"}],"about":[{"href":"https:\/\/skyddaskogen.se\/de\/wp-json\/wp\/v2\/types\/cpt_team"}],"author":[{"embeddable":true,"href":"https:\/\/skyddaskogen.se\/de\/wp-json\/wp\/v2\/users\/32"}],"replies":[{"embeddable":true,"href":"https:\/\/skyddaskogen.se\/de\/wp-json\/wp\/v2\/comments?post=68150"}],"wp:featuredmedia":[{"embeddable":true,"href":"https:\/\/skyddaskogen.se\/de\/wp-json\/wp\/v2\/media\/36007"}],"wp:attachment":[{"href":"https:\/\/skyddaskogen.se\/de\/wp-json\/wp\/v2\/media?parent=68150"}],"wp:term":[{"taxonomy":"cpt_team_group","embeddable":true,"href":"https:\/\/skyddaskogen.se\/de\/wp-json\/wp\/v2\/cpt_team_group?post=68150"}],"curies":[{"name":"wp","href":"https:\/\/api.w.org\/{rel}","templated":true}]}}