{"id":68152,"date":"2025-11-13T00:30:43","date_gmt":"2025-11-12T23:30:43","guid":{"rendered":"https:\/\/skyddaskogen.se\/team\/daniel-rutschman\/"},"modified":"2026-02-24T17:42:20","modified_gmt":"2026-02-24T16:42:20","slug":"daniel-rutschman","status":"publish","type":"cpt_team","link":"https:\/\/skyddaskogen.se\/de\/team\/daniel-rutschman\/","title":{"rendered":"Daniel Rutschman"},"content":{"rendered":"<p>Zimmermann und Walderfinder, der f\u00fcr den Urwald k\u00e4mpft. Aufgewachsen in Jokkmokk, lebt jetzt in \u00c5ngermanland. Wurde vor ca. 20 Jahren im Wald aktiv. Hat an Waldschutzkampagnen sowohl f\u00fcr Urw\u00e4lder in Schweden als auch international gearbeitet.   <\/p>\n","protected":false},"excerpt":{"rendered":"<p>Zimmermann und Walderfinder, der f\u00fcr den Urwald k\u00e4mpft. Aufgewachsen in Jokkmokk, lebt jetzt in \u00c5ngermanland. Wurde vor ca. 20 Jahren im Wald aktiv. Hat an Waldschutzkampagnen sowohl f\u00fcr Urw\u00e4lder in&hellip;<\/p>\n","protected":false},"author":32,"featured_media":36078,"comment_status":"closed","ping_status":"closed","template":"","cpt_team_group":[1496],"class_list":["post-68152","cpt_team","type-cpt_team","status-publish","has-post-thumbnail","hentry","cpt_team_group-mitarbeiter"],"yoast_head":"<!-- This site is optimized with the Yoast SEO plugin v27.4 - https:\/\/yoast.com\/product\/yoast-seo-wordpress\/ -->\n<title>Daniel Rutschman - Sch\u00fczt den wald<\/title>\n<meta name=\"robots\" content=\"index, follow, max-snippet:-1, max-image-preview:large, max-video-preview:-1\" \/>\n<link rel=\"canonical\" href=\"https:\/\/skyddaskogen.se\/de\/team\/daniel-rutschman\/\" \/>\n<meta property=\"og:locale\" content=\"de_DE\" \/>\n<meta property=\"og:type\" content=\"article\" \/>\n<meta property=\"og:title\" content=\"Daniel Rutschman - Sch\u00fczt den wald\" \/>\n<meta property=\"og:description\" content=\"Zimmermann und Walderfinder, der f\u00fcr den Urwald k\u00e4mpft. Aufgewachsen in Jokkmokk, lebt jetzt in \u00c5ngermanland. Wurde vor ca. 20 Jahren im Wald aktiv. Hat an Waldschutzkampagnen sowohl f\u00fcr Urw\u00e4lder in&hellip;\" \/>\n<meta property=\"og:url\" content=\"https:\/\/skyddaskogen.se\/de\/team\/daniel-rutschman\/\" \/>\n<meta property=\"og:site_name\" content=\"Sch\u00fczt den wald\" \/>\n<meta property=\"article:publisher\" content=\"https:\/\/www.facebook.com\/groups\/54996954022\/\" \/>\n<meta property=\"article:modified_time\" content=\"2026-02-24T16:42:20+00:00\" \/>\n<meta property=\"og:image\" content=\"https:\/\/skyddaskogen.se\/wp-content\/uploads\/2024\/05\/cropped-image-17.png\" \/>\n\t<meta property=\"og:image:width\" content=\"298\" \/>\n\t<meta property=\"og:image:height\" content=\"298\" \/>\n\t<meta property=\"og:image:type\" content=\"image\/png\" \/>\n<meta name=\"twitter:card\" content=\"summary_large_image\" \/>\n<meta name=\"twitter:site\" content=\"@skyddaskogen\" \/>\n<meta name=\"twitter:label1\" content=\"Gesch\u00e4tzte Lesezeit\" \/>\n\t<meta name=\"twitter:data1\" content=\"1\u00a0Minute\" \/>\n<script type=\"application\/ld+json\" class=\"yoast-schema-graph\">{\"@context\":\"https:\\\/\\\/schema.org\",\"@graph\":[{\"@type\":\"WebPage\",\"@id\":\"https:\\\/\\\/skyddaskogen.se\\\/de\\\/team\\\/daniel-rutschman\\\/\",\"url\":\"https:\\\/\\\/skyddaskogen.se\\\/de\\\/team\\\/daniel-rutschman\\\/\",\"name\":\"Daniel Rutschman - Sch\u00fczt den wald\",\"isPartOf\":{\"@id\":\"https:\\\/\\\/skyddaskogen.se\\\/#website\"},\"primaryImageOfPage\":{\"@id\":\"https:\\\/\\\/skyddaskogen.se\\\/de\\\/team\\\/daniel-rutschman\\\/#primaryimage\"},\"image\":{\"@id\":\"https:\\\/\\\/skyddaskogen.se\\\/de\\\/team\\\/daniel-rutschman\\\/#primaryimage\"},\"thumbnailUrl\":\"https:\\\/\\\/skyddaskogen.se\\\/wp-content\\\/uploads\\\/2024\\\/05\\\/cropped-image-17.png\",\"datePublished\":\"2025-11-12T23:30:43+00:00\",\"dateModified\":\"2026-02-24T16:42:20+00:00\",\"breadcrumb\":{\"@id\":\"https:\\\/\\\/skyddaskogen.se\\\/de\\\/team\\\/daniel-rutschman\\\/#breadcrumb\"},\"inLanguage\":\"de\",\"potentialAction\":[{\"@type\":\"ReadAction\",\"target\":[\"https:\\\/\\\/skyddaskogen.se\\\/de\\\/team\\\/daniel-rutschman\\\/\"]}]},{\"@type\":\"ImageObject\",\"inLanguage\":\"de\",\"@id\":\"https:\\\/\\\/skyddaskogen.se\\\/de\\\/team\\\/daniel-rutschman\\\/#primaryimage\",\"url\":\"https:\\\/\\\/skyddaskogen.se\\\/wp-content\\\/uploads\\\/2024\\\/05\\\/cropped-image-17.png\",\"contentUrl\":\"https:\\\/\\\/skyddaskogen.se\\\/wp-content\\\/uploads\\\/2024\\\/05\\\/cropped-image-17.png\",\"width\":298,\"height\":298},{\"@type\":\"BreadcrumbList\",\"@id\":\"https:\\\/\\\/skyddaskogen.se\\\/de\\\/team\\\/daniel-rutschman\\\/#breadcrumb\",\"itemListElement\":[{\"@type\":\"ListItem\",\"position\":1,\"name\":\"Home\",\"item\":\"https:\\\/\\\/skyddaskogen.se\\\/de\\\/schutzen-sie-den-wald\\\/\"},{\"@type\":\"ListItem\",\"position\":2,\"name\":\"Team\",\"item\":\"https:\\\/\\\/skyddaskogen.se\\\/team\\\/\"},{\"@type\":\"ListItem\",\"position\":3,\"name\":\"Daniel Rutschman\"}]},{\"@type\":\"WebSite\",\"@id\":\"https:\\\/\\\/skyddaskogen.se\\\/#website\",\"url\":\"https:\\\/\\\/skyddaskogen.se\\\/\",\"name\":\"Skydda Skogen\",\"description\":\"Zum Schutz alter W\u00e4lder und nat\u00fcrlicher Bauernh\u00f6fe\",\"publisher\":{\"@id\":\"https:\\\/\\\/skyddaskogen.se\\\/#organization\"},\"potentialAction\":[{\"@type\":\"SearchAction\",\"target\":{\"@type\":\"EntryPoint\",\"urlTemplate\":\"https:\\\/\\\/skyddaskogen.se\\\/?s={search_term_string}\"},\"query-input\":{\"@type\":\"PropertyValueSpecification\",\"valueRequired\":true,\"valueName\":\"search_term_string\"}}],\"inLanguage\":\"de\"},{\"@type\":\"Organization\",\"@id\":\"https:\\\/\\\/skyddaskogen.se\\\/#organization\",\"name\":\"Skydda Skogen\",\"url\":\"https:\\\/\\\/skyddaskogen.se\\\/\",\"logo\":{\"@type\":\"ImageObject\",\"inLanguage\":\"de\",\"@id\":\"https:\\\/\\\/skyddaskogen.se\\\/#\\\/schema\\\/logo\\\/image\\\/\",\"url\":\"https:\\\/\\\/skyddaskogen.se\\\/wp-content\\\/uploads\\\/2020\\\/09\\\/skyddaskogen.se_favicon-1.png\",\"contentUrl\":\"https:\\\/\\\/skyddaskogen.se\\\/wp-content\\\/uploads\\\/2020\\\/09\\\/skyddaskogen.se_favicon-1.png\",\"width\":256,\"height\":256,\"caption\":\"Skydda Skogen\"},\"image\":{\"@id\":\"https:\\\/\\\/skyddaskogen.se\\\/#\\\/schema\\\/logo\\\/image\\\/\"},\"sameAs\":[\"https:\\\/\\\/www.facebook.com\\\/groups\\\/54996954022\\\/\",\"https:\\\/\\\/x.com\\\/skyddaskogen\",\"https:\\\/\\\/www.instagram.com\\\/skyddaskogen\\\/\",\"https:\\\/\\\/www.youtube.com\\\/channel\\\/UCHJVIc9sptUj-qPek3Imitw\"]}]}<\/script>\n<!-- \/ Yoast SEO plugin. -->","yoast_head_json":{"title":"Daniel Rutschman - Sch\u00fczt den wald","robots":{"index":"index","follow":"follow","max-snippet":"max-snippet:-1","max-image-preview":"max-image-preview:large","max-video-preview":"max-video-preview:-1"},"canonical":"https:\/\/skyddaskogen.se\/de\/team\/daniel-rutschman\/","og_locale":"de_DE","og_type":"article","og_title":"Daniel Rutschman - Sch\u00fczt den wald","og_description":"Zimmermann und Walderfinder, der f\u00fcr den Urwald k\u00e4mpft. Aufgewachsen in Jokkmokk, lebt jetzt in \u00c5ngermanland. Wurde vor ca. 20 Jahren im Wald aktiv. Hat an Waldschutzkampagnen sowohl f\u00fcr Urw\u00e4lder in&hellip;","og_url":"https:\/\/skyddaskogen.se\/de\/team\/daniel-rutschman\/","og_site_name":"Sch\u00fczt den wald","article_publisher":"https:\/\/www.facebook.com\/groups\/54996954022\/","article_modified_time":"2026-02-24T16:42:20+00:00","og_image":[{"width":298,"height":298,"url":"https:\/\/skyddaskogen.se\/wp-content\/uploads\/2024\/05\/cropped-image-17.png","type":"image\/png"}],"twitter_card":"summary_large_image","twitter_site":"@skyddaskogen","twitter_misc":{"Gesch\u00e4tzte Lesezeit":"1\u00a0Minute"},"schema":{"@context":"https:\/\/schema.org","@graph":[{"@type":"WebPage","@id":"https:\/\/skyddaskogen.se\/de\/team\/daniel-rutschman\/","url":"https:\/\/skyddaskogen.se\/de\/team\/daniel-rutschman\/","name":"Daniel Rutschman - Sch\u00fczt den wald","isPartOf":{"@id":"https:\/\/skyddaskogen.se\/#website"},"primaryImageOfPage":{"@id":"https:\/\/skyddaskogen.se\/de\/team\/daniel-rutschman\/#primaryimage"},"image":{"@id":"https:\/\/skyddaskogen.se\/de\/team\/daniel-rutschman\/#primaryimage"},"thumbnailUrl":"https:\/\/skyddaskogen.se\/wp-content\/uploads\/2024\/05\/cropped-image-17.png","datePublished":"2025-11-12T23:30:43+00:00","dateModified":"2026-02-24T16:42:20+00:00","breadcrumb":{"@id":"https:\/\/skyddaskogen.se\/de\/team\/daniel-rutschman\/#breadcrumb"},"inLanguage":"de","potentialAction":[{"@type":"ReadAction","target":["https:\/\/skyddaskogen.se\/de\/team\/daniel-rutschman\/"]}]},{"@type":"ImageObject","inLanguage":"de","@id":"https:\/\/skyddaskogen.se\/de\/team\/daniel-rutschman\/#primaryimage","url":"https:\/\/skyddaskogen.se\/wp-content\/uploads\/2024\/05\/cropped-image-17.png","contentUrl":"https:\/\/skyddaskogen.se\/wp-content\/uploads\/2024\/05\/cropped-image-17.png","width":298,"height":298},{"@type":"BreadcrumbList","@id":"https:\/\/skyddaskogen.se\/de\/team\/daniel-rutschman\/#breadcrumb","itemListElement":[{"@type":"ListItem","position":1,"name":"Home","item":"https:\/\/skyddaskogen.se\/de\/schutzen-sie-den-wald\/"},{"@type":"ListItem","position":2,"name":"Team","item":"https:\/\/skyddaskogen.se\/team\/"},{"@type":"ListItem","position":3,"name":"Daniel Rutschman"}]},{"@type":"WebSite","@id":"https:\/\/skyddaskogen.se\/#website","url":"https:\/\/skyddaskogen.se\/","name":"Skydda Skogen","description":"Zum Schutz alter W\u00e4lder und nat\u00fcrlicher Bauernh\u00f6fe","publisher":{"@id":"https:\/\/skyddaskogen.se\/#organization"},"potentialAction":[{"@type":"SearchAction","target":{"@type":"EntryPoint","urlTemplate":"https:\/\/skyddaskogen.se\/?s={search_term_string}"},"query-input":{"@type":"PropertyValueSpecification","valueRequired":true,"valueName":"search_term_string"}}],"inLanguage":"de"},{"@type":"Organization","@id":"https:\/\/skyddaskogen.se\/#organization","name":"Skydda Skogen","url":"https:\/\/skyddaskogen.se\/","logo":{"@type":"ImageObject","inLanguage":"de","@id":"https:\/\/skyddaskogen.se\/#\/schema\/logo\/image\/","url":"https:\/\/skyddaskogen.se\/wp-content\/uploads\/2020\/09\/skyddaskogen.se_favicon-1.png","contentUrl":"https:\/\/skyddaskogen.se\/wp-content\/uploads\/2020\/09\/skyddaskogen.se_favicon-1.png","width":256,"height":256,"caption":"Skydda Skogen"},"image":{"@id":"https:\/\/skyddaskogen.se\/#\/schema\/logo\/image\/"},"sameAs":["https:\/\/www.facebook.com\/groups\/54996954022\/","https:\/\/x.com\/skyddaskogen","https:\/\/www.instagram.com\/skyddaskogen\/","https:\/\/www.youtube.com\/channel\/UCHJVIc9sptUj-qPek3Imitw"]}]}},"_links":{"self":[{"href":"https:\/\/skyddaskogen.se\/de\/wp-json\/wp\/v2\/cpt_team\/68152","targetHints":{"allow":["GET"]}}],"collection":[{"href":"https:\/\/skyddaskogen.se\/de\/wp-json\/wp\/v2\/cpt_team"}],"about":[{"href":"https:\/\/skyddaskogen.se\/de\/wp-json\/wp\/v2\/types\/cpt_team"}],"author":[{"embeddable":true,"href":"https:\/\/skyddaskogen.se\/de\/wp-json\/wp\/v2\/users\/32"}],"replies":[{"embeddable":true,"href":"https:\/\/skyddaskogen.se\/de\/wp-json\/wp\/v2\/comments?post=68152"}],"wp:featuredmedia":[{"embeddable":true,"href":"https:\/\/skyddaskogen.se\/de\/wp-json\/wp\/v2\/media\/36078"}],"wp:attachment":[{"href":"https:\/\/skyddaskogen.se\/de\/wp-json\/wp\/v2\/media?parent=68152"}],"wp:term":[{"taxonomy":"cpt_team_group","embeddable":true,"href":"https:\/\/skyddaskogen.se\/de\/wp-json\/wp\/v2\/cpt_team_group?post=68152"}],"curies":[{"name":"wp","href":"https:\/\/api.w.org\/{rel}","templated":true}]}}