{"id":68014,"date":"2025-11-12T17:45:21","date_gmt":"2025-11-12T16:45:21","guid":{"rendered":"https:\/\/skyddaskogen.se\/aktivitaten\/"},"modified":"2026-03-19T17:40:58","modified_gmt":"2026-03-19T16:40:58","slug":"projekte","status":"publish","type":"page","link":"https:\/\/skyddaskogen.se\/de\/projekte\/","title":{"rendered":"Projekte"},"content":{"rendered":"\n<h2 class=\"wp-block-heading\">Projekte<\/h2>\n\n\n\n<p>Hier finden Sie die aktuellen Kampagnen und Projekte von Protect the Forest sowie Informationen, wie Sie sich f\u00fcr den Erhalt und Schutz unserer W\u00e4lder engagieren k\u00f6nnen.<\/p>\n\n\n\n<ul class=\"wp-block-list\">\n<li><a href=\"https:\/\/www.skogsmonitor.se\/\">Wald-Monitor<\/a><\/li>\n\n\n\n<li><a href=\"https:\/\/moreofeverything.org\/\">Mehr von allem<\/a><\/li>\n\n\n\n<li><a href=\"https:\/\/www.swedishforestvision.org\/\">Schwedische Waldvision<\/a><\/li>\n\n\n\n<li><a href=\"https:\/\/sca-files.skyddaskogen.se\/\">SCA-Dateien<\/a><\/li>\n\n\n\n<li><a href=\"https:\/\/forestscandal.org\">Wald-Skandal<\/a><\/li>\n\n\n\n<li><a href=\"https:\/\/skyddaskogen.se\/tag\/forskningsresan\/\">Die Forschungsreise<\/a><\/li>\n\n\n\n<li><a href=\"https:\/\/skyddaskogen.se\/de\/das-waldfest-2025-eine-manifestation-fur-den-wald\/\">Das Waldfest<\/a><br><\/li>\n<\/ul>\n\n\n\n<p><br><\/p>\n\n\n\n<h2 class=\"wp-block-heading\">Nachrichten<\/h2>\n\n\n<div \t\tclass=\"sc_blogger sc_blogger_default sc_blogger_default_classic sc_item_filters_tabs_none is-style-default\"><div class=\"sc_blogger_columns_wrap sc_item_columns sc_item_posts_container trx_addons_columns_wrap columns_padding_bottom\"><div class=\"trx_addons_column-1_2\"><div data-post-id=\"70975\" data-item-number=\"1\" class=\"sc_blogger_item sc_item_container post_container sc_blogger_item_default sc_blogger_item_default_classic sc_blogger_item_odd sc_blogger_item_align_left post_format_standard sc_blogger_item_with_image sc_blogger_item_with_excerpt sc_blogger_item_image_position_top post-70975 post type-post status-publish format-standard has-post-thumbnail hentry category-aktivitaten category-berichte-2 category-berichte category-die-forschungsreise category-waldnachrichten category-pressemitteilungen category-die-verein\"><div class=\"sc_blogger_item_body\"><div class=\"post_featured with_thumb hover_link sc_item_featured sc_blogger_item_featured\"><img fetchpriority=\"high\" decoding=\"async\" width=\"709\" height=\"473\" src=\"https:\/\/skyddaskogen.se\/wp-content\/uploads\/2024\/01\/tokberget-forskningsresan-klas-magnusson-scaled.jpeg\" class=\"attachment-heart-thumb-big size-heart-thumb-big wp-post-image\" alt=\"\" srcset=\"https:\/\/skyddaskogen.se\/wp-content\/uploads\/2024\/01\/tokberget-forskningsresan-klas-magnusson-scaled.jpeg 2560w, https:\/\/skyddaskogen.se\/wp-content\/uploads\/2024\/01\/tokberget-forskningsresan-klas-magnusson-300x200.jpeg 300w, https:\/\/skyddaskogen.se\/wp-content\/uploads\/2024\/01\/tokberget-forskningsresan-klas-magnusson-1024x683.jpeg 1024w, https:\/\/skyddaskogen.se\/wp-content\/uploads\/2024\/01\/tokberget-forskningsresan-klas-magnusson-768x512.jpeg 768w, https:\/\/skyddaskogen.se\/wp-content\/uploads\/2024\/01\/tokberget-forskningsresan-klas-magnusson-1536x1024.jpeg 1536w, https:\/\/skyddaskogen.se\/wp-content\/uploads\/2024\/01\/tokberget-forskningsresan-klas-magnusson-2048x1365.jpeg 2048w, https:\/\/skyddaskogen.se\/wp-content\/uploads\/2024\/01\/tokberget-forskningsresan-klas-magnusson-1140x760.jpeg 1140w, https:\/\/skyddaskogen.se\/wp-content\/uploads\/2024\/01\/tokberget-forskningsresan-klas-magnusson-570x380.jpeg 570w, https:\/\/skyddaskogen.se\/wp-content\/uploads\/2024\/01\/tokberget-forskningsresan-klas-magnusson-380x254.jpeg 380w, https:\/\/skyddaskogen.se\/wp-content\/uploads\/2024\/01\/tokberget-forskningsresan-klas-magnusson-285x190.jpeg 285w\" sizes=\"(max-width: 709px) 100vw, 709px\" \/>\t\t\t\t\t\t<div class=\"mask\"><\/div>\n\t\t\t\t\t\t\t\t\t<a href=\"https:\/\/skyddaskogen.se\/de\/berichte-von-der-forschungsreise-in-den-aussengebieten-des-naturschutzes-2025\/\"  aria-hidden=\"true\" class=\"link\"><\/a>\n\t\t\t<\/div><div class=\"sc_blogger_item_content entry-content\"><h5 class=\"sc_blogger_item_title entry-title\" data-item-number=\"1\"><a href=\"https:\/\/skyddaskogen.se\/de\/berichte-von-der-forschungsreise-in-den-aussengebieten-des-naturschutzes-2025\/\" rel=\"bookmark\">Berichte von der Forschungsreise in den Au\u00dfengebieten des Naturschutzes 2025<\/a><\/h5><div class=\"sc_blogger_item_excerpt\">Letzten Sommer entdeckten die Teilnehmer der Forschungsreise, dass Sveaskog, SCA, Holmen, Billerud Korsn\u00e4s und Pajala Allm\u00e4nning in den Gemeinden Pajala, Bjurholm, \u00d6rnsk\u00f6ldsvik und \u00c5sele F\u00e4llw\u00e4lder mit sehr hohen Schutzwerten gemeldet&hellip;<\/div><div class=\"sc_blogger_item_button sc_item_button\"><a href=\"https:\/\/skyddaskogen.se\/de\/berichte-von-der-forschungsreise-in-den-aussengebieten-des-naturschutzes-2025\/\" class=\"item_more_link\"><span class=\"link_text\">Read more<\/span><span class=\"link_icon\"><\/span><\/a><\/div><\/div><!-- .entry-content --><\/div><!-- .sc_blogger_item_body --><\/div><!-- .sc_blogger_item --><\/div><div class=\"trx_addons_column-1_2\"><div data-post-id=\"70592\" data-item-number=\"2\" class=\"sc_blogger_item sc_item_container post_container sc_blogger_item_default sc_blogger_item_default_classic sc_blogger_item_even sc_blogger_item_align_left post_format_standard sc_blogger_item_with_image sc_blogger_item_with_excerpt sc_blogger_item_image_position_top post-70592 post type-post status-publish format-standard has-post-thumbnail hentry category-aktivitaten category-demonstration category-forestscandal category-pressemitteilungen category-sca tag-essity tag-gesamtstruktur-scandal tag-pressmeddelande\"><div class=\"sc_blogger_item_body\"><div class=\"post_featured with_thumb hover_link sc_item_featured sc_blogger_item_featured\"><img decoding=\"async\" width=\"840\" height=\"473\" src=\"https:\/\/skyddaskogen.se\/wp-content\/uploads\/2026\/03\/image-2026-03-30-093122767-840x473.png\" class=\"attachment-heart-thumb-big size-heart-thumb-big wp-post-image\" alt=\"\" srcset=\"https:\/\/skyddaskogen.se\/wp-content\/uploads\/2026\/03\/image-2026-03-30-093122767-840x473.png 840w, https:\/\/skyddaskogen.se\/wp-content\/uploads\/2026\/03\/image-2026-03-30-093122767-1290x725.png 1290w, https:\/\/skyddaskogen.se\/wp-content\/uploads\/2026\/03\/image-2026-03-30-093122767-410x230.png 410w, https:\/\/skyddaskogen.se\/wp-content\/uploads\/2026\/03\/image-2026-03-30-093122767-270x152.png 270w\" sizes=\"(max-width: 840px) 100vw, 840px\" \/>\t\t\t\t\t\t<div class=\"mask\"><\/div>\n\t\t\t\t\t\t\t\t\t<a href=\"https:\/\/skyddaskogen.se\/de\/miljoorganisationer-uppmanar-essity-att-dumpa-sca\/\"  aria-hidden=\"true\" class=\"link\"><\/a>\n\t\t\t<\/div><div class=\"sc_blogger_item_content entry-content\"><h5 class=\"sc_blogger_item_title entry-title\" data-item-number=\"2\"><a href=\"https:\/\/skyddaskogen.se\/de\/miljoorganisationer-uppmanar-essity-att-dumpa-sca\/\" rel=\"bookmark\">Umweltorganisationen dr\u00e4ngen Essity, SCA abzuschaffen<\/a><\/h5><div class=\"sc_blogger_item_excerpt\">Auf der heutigen Jahreshauptversammlung von Essity demonstrieren mehrere Umweltorganisationen, die alle die Gewebegruppe auffordern, Nestl\u00e9 und Zalando zu folgen und den Kauf von Forstrohmaterialien vom umstrittenen Forstunternehmen SCA einzustellen. Die&hellip;<\/div><div class=\"sc_blogger_item_button sc_item_button\"><a href=\"https:\/\/skyddaskogen.se\/de\/miljoorganisationer-uppmanar-essity-att-dumpa-sca\/\" class=\"item_more_link\"><span class=\"link_text\">Read more<\/span><span class=\"link_icon\"><\/span><\/a><\/div><\/div><!-- .entry-content --><\/div><!-- .sc_blogger_item_body --><\/div><!-- .sc_blogger_item --><\/div><div class=\"trx_addons_column-1_2\"><div data-post-id=\"69617\" data-item-number=\"3\" class=\"sc_blogger_item sc_item_container post_container sc_blogger_item_default sc_blogger_item_default_classic sc_blogger_item_odd sc_blogger_item_align_left post_format_standard sc_blogger_item_with_image sc_blogger_item_with_excerpt sc_blogger_item_image_position_top post-69617 post type-post status-publish format-standard has-post-thumbnail hentry category-aktivitaten category-englische-kategorie category-waldnachrichten category-die-verein category-wald-und-naturschutz\"><div class=\"sc_blogger_item_body\"><div class=\"post_featured with_thumb hover_link sc_item_featured sc_blogger_item_featured\"><img decoding=\"async\" width=\"710\" height=\"473\" src=\"https:\/\/skyddaskogen.se\/wp-content\/uploads\/2023\/04\/marcus-bild-pa-mig-i-skogen.jpg\" class=\"attachment-heart-thumb-big size-heart-thumb-big wp-post-image\" alt=\"\" srcset=\"https:\/\/skyddaskogen.se\/wp-content\/uploads\/2023\/04\/marcus-bild-pa-mig-i-skogen.jpg 2000w, https:\/\/skyddaskogen.se\/wp-content\/uploads\/2023\/04\/marcus-bild-pa-mig-i-skogen-300x200.jpg 300w, https:\/\/skyddaskogen.se\/wp-content\/uploads\/2023\/04\/marcus-bild-pa-mig-i-skogen-1024x682.jpg 1024w, https:\/\/skyddaskogen.se\/wp-content\/uploads\/2023\/04\/marcus-bild-pa-mig-i-skogen-768x512.jpg 768w, https:\/\/skyddaskogen.se\/wp-content\/uploads\/2023\/04\/marcus-bild-pa-mig-i-skogen-1536x1024.jpg 1536w, https:\/\/skyddaskogen.se\/wp-content\/uploads\/2023\/04\/marcus-bild-pa-mig-i-skogen-1140x760.jpg 1140w, https:\/\/skyddaskogen.se\/wp-content\/uploads\/2023\/04\/marcus-bild-pa-mig-i-skogen-570x380.jpg 570w, https:\/\/skyddaskogen.se\/wp-content\/uploads\/2023\/04\/marcus-bild-pa-mig-i-skogen-380x254.jpg 380w, https:\/\/skyddaskogen.se\/wp-content\/uploads\/2023\/04\/marcus-bild-pa-mig-i-skogen-285x190.jpg 285w\" sizes=\"(max-width: 710px) 100vw, 710px\" \/>\t\t\t\t\t\t<div class=\"mask\"><\/div>\n\t\t\t\t\t\t\t\t\t<a href=\"https:\/\/skyddaskogen.se\/de\/waldoekologie-und-inventaris-grundkurs-8-10-mai-2026\/\"  aria-hidden=\"true\" class=\"link\"><\/a>\n\t\t\t<\/div><div class=\"sc_blogger_item_content entry-content\"><h5 class=\"sc_blogger_item_title entry-title\" data-item-number=\"3\"><a href=\"https:\/\/skyddaskogen.se\/de\/waldoekologie-und-inventaris-grundkurs-8-10-mai-2026\/\" rel=\"bookmark\">Wald\u00f6kologie und Inventaris, Grundkurs 8.\u201310. Mai 2026<\/a><\/h5><div class=\"sc_blogger_item_excerpt\">Wald\u00f6kologie und Inventaris, Grundkurs 8.\u201310. Mai 2026 mit Sebastian Kirppu, Uno skog, Bo Karlstens und andere . \n\nLindsbergs Ausbildungszentrum und Protect the Forest bieten einen Wochenendkurs an, der viel praktische&hellip;<\/div><div class=\"sc_blogger_item_button sc_item_button\"><a href=\"https:\/\/skyddaskogen.se\/de\/waldoekologie-und-inventaris-grundkurs-8-10-mai-2026\/\" class=\"item_more_link\"><span class=\"link_text\">Read more<\/span><span class=\"link_icon\"><\/span><\/a><\/div><\/div><!-- .entry-content --><\/div><!-- .sc_blogger_item_body --><\/div><!-- .sc_blogger_item --><\/div><div class=\"trx_addons_column-1_2\"><div data-post-id=\"68086\" data-item-number=\"4\" class=\"sc_blogger_item sc_item_container post_container sc_blogger_item_default sc_blogger_item_default_classic sc_blogger_item_even sc_blogger_item_align_left post_format_standard sc_blogger_item_with_image sc_blogger_item_with_excerpt sc_blogger_item_image_position_top post-68086 post type-post status-publish format-standard has-post-thumbnail hentry category-aktivitaten category-klima-und-wald category-waldnachrichten tag-demonstration tag-forstliche-untersuchung tag-parlament\"><div class=\"sc_blogger_item_body\"><div class=\"post_featured with_thumb hover_link sc_item_featured sc_blogger_item_featured\"><img loading=\"lazy\" decoding=\"async\" width=\"840\" height=\"473\" src=\"https:\/\/skyddaskogen.se\/wp-content\/uploads\/2025\/09\/20250924-165727-840x473.jpg\" class=\"attachment-heart-thumb-big size-heart-thumb-big wp-post-image\" alt=\"\" srcset=\"https:\/\/skyddaskogen.se\/wp-content\/uploads\/2025\/09\/20250924-165727-840x473.jpg 840w, https:\/\/skyddaskogen.se\/wp-content\/uploads\/2025\/09\/20250924-165727-1290x725.jpg 1290w, https:\/\/skyddaskogen.se\/wp-content\/uploads\/2025\/09\/20250924-165727-410x230.jpg 410w, https:\/\/skyddaskogen.se\/wp-content\/uploads\/2025\/09\/20250924-165727-270x152.jpg 270w\" sizes=\"(max-width: 840px) 100vw, 840px\" \/>\t\t\t\t\t\t<div class=\"mask\"><\/div>\n\t\t\t\t\t\t\t\t\t<a href=\"https:\/\/skyddaskogen.se\/de\/protect-the-forest-demonstrationen-vor-dem-riksdag\/\"  aria-hidden=\"true\" class=\"link\"><\/a>\n\t\t\t<\/div><div class=\"sc_blogger_item_content entry-content\"><h5 class=\"sc_blogger_item_title entry-title\" data-item-number=\"4\"><a href=\"https:\/\/skyddaskogen.se\/de\/protect-the-forest-demonstrationen-vor-dem-riksdag\/\" rel=\"bookmark\">&#8222;Protect the Forest&#8220;-Demonstrationen vor dem Riksdag<\/a><\/h5><div class=\"sc_blogger_item_excerpt\">Jeden Mittwochnachmittag im Herbst versammelt sich die lokale Gruppe von Protect the Forest in Stockholm vor dem Riksdag, um gegen die Forstpolitik der Regierung zu protestieren. \n\nWir fordern einen verst\u00e4rkten&hellip;<\/div><div class=\"sc_blogger_item_button sc_item_button\"><a href=\"https:\/\/skyddaskogen.se\/de\/protect-the-forest-demonstrationen-vor-dem-riksdag\/\" class=\"item_more_link\"><span class=\"link_text\">Read more<\/span><span class=\"link_icon\"><\/span><\/a><\/div><\/div><!-- .entry-content --><\/div><!-- .sc_blogger_item_body --><\/div><!-- .sc_blogger_item --><\/div><div class=\"trx_addons_column-1_2\"><div data-post-id=\"68093\" data-item-number=\"5\" class=\"sc_blogger_item sc_item_container post_container sc_blogger_item_default sc_blogger_item_default_classic sc_blogger_item_odd sc_blogger_item_align_left post_format_standard sc_blogger_item_with_image sc_blogger_item_with_excerpt sc_blogger_item_image_position_top post-68093 post type-post status-publish format-standard has-post-thumbnail hentry category-aktivitaten category-waldnachrichten category-wald-und-naturschutz tag-arten-auf-der-roten-liste tag-biodiversitat tag-fagersjoskogen\"><div class=\"sc_blogger_item_body\"><div class=\"post_featured with_thumb hover_link sc_item_featured sc_blogger_item_featured\"><img loading=\"lazy\" decoding=\"async\" width=\"840\" height=\"473\" src=\"https:\/\/skyddaskogen.se\/wp-content\/uploads\/2025\/06\/fagersjoskogen-foto-nina-tadsen-1-840x473.jpg\" class=\"attachment-heart-thumb-big size-heart-thumb-big wp-post-image\" alt=\"\" srcset=\"https:\/\/skyddaskogen.se\/wp-content\/uploads\/2025\/06\/fagersjoskogen-foto-nina-tadsen-1-840x473.jpg 840w, https:\/\/skyddaskogen.se\/wp-content\/uploads\/2025\/06\/fagersjoskogen-foto-nina-tadsen-1-410x230.jpg 410w, https:\/\/skyddaskogen.se\/wp-content\/uploads\/2025\/06\/fagersjoskogen-foto-nina-tadsen-1-270x152.jpg 270w\" sizes=\"(max-width: 840px) 100vw, 840px\" \/>\t\t\t\t\t\t<div class=\"mask\"><\/div>\n\t\t\t\t\t\t\t\t\t<a href=\"https:\/\/skyddaskogen.se\/de\/brief-an-die-lokalpolitiker-schuetzt-den-gesamten-fagersjoe-wald-und-schafft-die-ausbeutung-ab\/\"  aria-hidden=\"true\" class=\"link\"><\/a>\n\t\t\t<\/div><div class=\"sc_blogger_item_content entry-content\"><h5 class=\"sc_blogger_item_title entry-title\" data-item-number=\"5\"><a href=\"https:\/\/skyddaskogen.se\/de\/brief-an-die-lokalpolitiker-schuetzt-den-gesamten-fagersjoe-wald-und-schafft-die-ausbeutung-ab\/\" rel=\"bookmark\">Brief an die Lokalpolitiker: Sch\u00fctzt den gesamten Fagersj\u00f6-Wald und schafft die Ausbeutung ab!<\/a><\/h5><div class=\"sc_blogger_item_excerpt\">Mitglieder der neuen lokalen Gruppe von Protect the Forest in Stockholm in Fagersj\u00f6skogen. Foto: Nina Tadsen \n\n&#8222;Wir appellieren an Sie, eine Entscheidung zu treffen, um den gesamten Fagersj\u00f6-Wald, etwa 100&hellip;<\/div><div class=\"sc_blogger_item_button sc_item_button\"><a href=\"https:\/\/skyddaskogen.se\/de\/brief-an-die-lokalpolitiker-schuetzt-den-gesamten-fagersjoe-wald-und-schafft-die-ausbeutung-ab\/\" class=\"item_more_link\"><span class=\"link_text\">Read more<\/span><span class=\"link_icon\"><\/span><\/a><\/div><\/div><!-- .entry-content --><\/div><!-- .sc_blogger_item_body --><\/div><!-- .sc_blogger_item --><\/div><div class=\"trx_addons_column-1_2\"><div data-post-id=\"68171\" data-item-number=\"6\" class=\"sc_blogger_item sc_item_container post_container sc_blogger_item_default sc_blogger_item_default_classic sc_blogger_item_even sc_blogger_item_align_left post_format_standard sc_blogger_item_with_image sc_blogger_item_with_excerpt sc_blogger_item_image_position_top post-68171 post type-post status-publish format-standard has-post-thumbnail hentry category-aktivitaten category-die-forschungsreise category-gefahrdete-walder category-waldnachrichten category-die-verein tag-erhaltung-von-arten tag-fsc-englisch\"><div class=\"sc_blogger_item_body\"><div class=\"post_featured with_thumb hover_link sc_item_featured sc_blogger_item_featured\"><img loading=\"lazy\" decoding=\"async\" width=\"269\" height=\"272\" src=\"https:\/\/skyddaskogen.se\/wp-content\/uploads\/2025\/03\/image-6.png\" class=\"attachment-heart-thumb-big size-heart-thumb-big wp-post-image\" alt=\"\" srcset=\"https:\/\/skyddaskogen.se\/wp-content\/uploads\/2025\/03\/image-6.png 269w, https:\/\/skyddaskogen.se\/wp-content\/uploads\/2025\/03\/image-6-120x120.png 120w\" sizes=\"(max-width: 269px) 100vw, 269px\" \/>\t\t\t\t\t\t<div class=\"mask\"><\/div>\n\t\t\t\t\t\t\t\t\t<a href=\"https:\/\/skyddaskogen.se\/de\/reports-from-the-research-trip-in-the-outskirts-of-nature-conservation-2024\/\"  aria-hidden=\"true\" class=\"link\"><\/a>\n\t\t\t<\/div><div class=\"sc_blogger_item_content entry-content\"><h5 class=\"sc_blogger_item_title entry-title\" data-item-number=\"6\"><a href=\"https:\/\/skyddaskogen.se\/de\/reports-from-the-research-trip-in-the-outskirts-of-nature-conservation-2024\/\" rel=\"bookmark\">Reports from the Research Trip in the Outskirts of Nature Conservation 2024<\/a><\/h5><div class=\"sc_blogger_item_excerpt\">Wir sind stolz darauf, Ihnen die umfassenden Berichte von der Forschungsreise in die Wildnis des Naturschutzes 2024 pr\u00e4sentieren zu k\u00f6nnen. Zum ersten Mal wurde die Forschungsreise gleichzeitig an zwei verschiedenen&hellip;<\/div><div class=\"sc_blogger_item_button sc_item_button\"><a href=\"https:\/\/skyddaskogen.se\/de\/reports-from-the-research-trip-in-the-outskirts-of-nature-conservation-2024\/\" class=\"item_more_link\"><span class=\"link_text\">Read more<\/span><span class=\"link_icon\"><\/span><\/a><\/div><\/div><!-- .entry-content --><\/div><!-- .sc_blogger_item_body --><\/div><!-- .sc_blogger_item --><\/div><\/div><nav class=\"sc_blogger_pagination sc_item_pagination sc_item_pagination_pages navigation pagination \"\n\t\t\tdata-params=\"{&quot;cat&quot;:&quot;1488 &quot;,&quot;columns&quot;:2,&quot;columns_widescreen&quot;:&quot;&quot;,&quot;columns_laptop&quot;:&quot;&quot;,&quot;columns_tablet_extra&quot;:&quot;&quot;,&quot;columns_tablet&quot;:&quot;&quot;,&quot;columns_mobile_extra&quot;:&quot;&quot;,&quot;columns_mobile&quot;:&quot;&quot;,&quot;count&quot;:6,&quot;offset&quot;:0,&quot;orderby&quot;:&quot;post_date&quot;,&quot;order&quot;:&quot;desc&quot;,&quot;ids&quot;:&quot;&quot;,&quot;slider&quot;:false,&quot;slider_effect&quot;:&quot;slide&quot;,&quot;slider_pagination&quot;:&quot;none&quot;,&quot;slider_pagination_type&quot;:&quot;bullets&quot;,&quot;slider_pagination_thumbs&quot;:0,&quot;slider_controls&quot;:&quot;none&quot;,&quot;slides_space&quot;:0,&quot;slides_centered&quot;:false,&quot;slides_overflow&quot;:false,&quot;slider_mouse_wheel&quot;:false,&quot;slider_autoplay&quot;:true,&quot;slider_loop&quot;:true,&quot;slider_free_mode&quot;:false,&quot;title&quot;:&quot;&quot;,&quot;title_align&quot;:&quot;&quot;,&quot;title_style&quot;:&quot;&quot;,&quot;title_tag&quot;:&quot;&quot;,&quot;title_color&quot;:&quot;&quot;,&quot;title_color2&quot;:&quot;&quot;,&quot;gradient_fill&quot;:&quot;block&quot;,&quot;gradient_direction&quot;:&quot;0&quot;,&quot;title_border_color&quot;:&quot;&quot;,&quot;title_border_width&quot;:0,&quot;title_bg_image&quot;:0,&quot;title2&quot;:&quot;&quot;,&quot;title2_color&quot;:&quot;&quot;,&quot;title2_color2&quot;:&quot;&quot;,&quot;gradient_fill2&quot;:&quot;block&quot;,&quot;gradient_direction2&quot;:&quot;0&quot;,&quot;title2_border_color&quot;:&quot;&quot;,&quot;title2_border_width&quot;:0,&quot;title2_bg_image&quot;:0,&quot;subtitle&quot;:&quot;&quot;,&quot;subtitle_align&quot;:&quot;none&quot;,&quot;subtitle_position&quot;:&quot;above&quot;,&quot;subtitle_color&quot;:&quot;&quot;,&quot;description&quot;:&quot;&quot;,&quot;description_color&quot;:&quot;&quot;,&quot;link&quot;:&quot;&quot;,&quot;link_style&quot;:&quot;&quot;,&quot;link_size&quot;:&quot;normal&quot;,&quot;link_image&quot;:0,&quot;link_text&quot;:&quot;&quot;,&quot;new_window&quot;:0,&quot;typed&quot;:false,&quot;typed_strings&quot;:&quot;&quot;,&quot;typed_loop&quot;:true,&quot;typed_cursor&quot;:true,&quot;typed_cursor_char&quot;:&quot;_&quot;,&quot;typed_color&quot;:&quot;&quot;,&quot;typed_speed&quot;:6,&quot;typed_delay&quot;:1,&quot;id&quot;:&quot;&quot;,&quot;class&quot;:&quot;is-style-default&quot;,&quot;className&quot;:&quot;is-style-default&quot;,&quot;css&quot;:&quot;&quot;,&quot;type&quot;:&quot;default&quot;,&quot;post_type&quot;:&quot;post&quot;,&quot;taxonomy&quot;:&quot;category&quot;,&quot;show_filters&quot;:false,&quot;filters_title&quot;:&quot;&quot;,&quot;filters_subtitle&quot;:&quot;&quot;,&quot;filters_title_align&quot;:&quot;left&quot;,&quot;filters_tabs_position&quot;:&quot;top&quot;,&quot;filters_tabs_on_hover&quot;:false,&quot;filters_taxonomy&quot;:&quot;category&quot;,&quot;filters_active&quot;:&quot;&quot;,&quot;filters_ids&quot;:[],&quot;filters_all&quot;:true,&quot;filters_all_text&quot;:&quot;All&quot;,&quot;filters_more_text&quot;:&quot;More posts&quot;,&quot;meta_parts&quot;:&quot;&quot;,&quot;image_position&quot;:&quot;top&quot;,&quot;image_width&quot;:40,&quot;image_ratio&quot;:&quot;none&quot;,&quot;thumb_size&quot;:&quot;&quot;,&quot;hover&quot;:&quot;inherit&quot;,&quot;date_format&quot;:&quot;&quot;,&quot;disable_date_diff&quot;:0,&quot;on_plate&quot;:false,&quot;hide_excerpt&quot;:false,&quot;excerpt_length&quot;:&quot;&quot;,&quot;text_align&quot;:&quot;left&quot;,&quot;no_margin&quot;:false,&quot;no_links&quot;:false,&quot;full_post&quot;:false,&quot;video_in_popup&quot;:false,&quot;numbers&quot;:false,&quot;more_button&quot;:true,&quot;more_text&quot;:&quot;Read more&quot;,&quot;pagination&quot;:&quot;pages&quot;,&quot;page&quot;:1,&quot;posts_exclude&quot;:&quot;&quot;,&quot;align&quot;:&quot;&quot;,&quot;template_default&quot;:&quot;classic&quot;,&quot;template_list&quot;:&quot;simple&quot;,&quot;template_news&quot;:&quot;magazine&quot;,&quot;template_lay_portfolio&quot;:&quot;style-1&quot;,&quot;template_lay_portfolio_grid&quot;:&quot;grid_style_3&quot;,&quot;template_portmodern&quot;:&quot;image-over&quot;,&quot;template_portestate&quot;:&quot;default&quot;,&quot;template_excerpt&quot;:&quot;&quot;,&quot;template_band&quot;:&quot;&quot;,&quot;template_classic&quot;:&quot;&quot;,&quot;template_classic-masonry&quot;:&quot;&quot;,&quot;template_portfolio&quot;:&quot;&quot;,&quot;template_portfolio-masonry&quot;:&quot;&quot;,&quot;scheme&quot;:&quot;inherit&quot;,&quot;color_style&quot;:&quot;default&quot;,&quot;item_number&quot;:6,&quot;sc&quot;:&quot;sc_blogger&quot;}\"\n\t\t\trole=\"navigation\"\n\t\t>\n\t\t\t<div class=\"nav-links\"><span class=\"page-numbers current\">1<\/span><a href=\"#\" role=\"button\" class=\"page-numbers\" data-page=\"2\">2<\/a><a href=\"#\" role=\"button\" class=\"page-numbers next\" data-page=\"2\" title=\"Next page\">Next<\/a><a href=\"#\" role=\"button\" class=\"page-numbers last\" data-page=\"2\" title=\"Last page\">Last<\/a><\/div><\/nav><\/div>\n\n\n<p><\/p>\n","protected":false},"excerpt":{"rendered":"<p>Projekte Hier finden Sie die aktuellen Kampagnen und Projekte von Protect the Forest sowie Informationen, wie Sie sich f\u00fcr den Erhalt und Schutz unserer W\u00e4lder engagieren k\u00f6nnen. Nachrichten<\/p>\n","protected":false},"author":32,"featured_media":0,"parent":0,"menu_order":0,"comment_status":"closed","ping_status":"closed","template":"","meta":{"give_campaign_id":0,"_price":"","_stock":"","_tribe_ticket_header":"","_tribe_default_ticket_provider":"","_tribe_ticket_capacity":"0","_ticket_start_date":"","_ticket_end_date":"","_tribe_ticket_show_description":"","_tribe_ticket_show_not_going":false,"_tribe_ticket_use_global_stock":"","_tribe_ticket_global_stock_level":"","_global_stock_mode":"","_global_stock_cap":"","_tribe_rsvp_for_event":"","_tribe_ticket_going_count":"","_tribe_ticket_not_going_count":"","_tribe_tickets_list":"[]","_tribe_ticket_has_attendee_info_fields":false,"footnotes":"","_tec_slr_enabled":"","_tec_slr_layout":""},"class_list":["post-68014","page","type-page","status-publish","hentry"],"yoast_head":"<!-- This site is optimized with the Yoast SEO plugin v27.4 - https:\/\/yoast.com\/product\/yoast-seo-wordpress\/ -->\n<title>Projekte - Sch\u00fczt den wald<\/title>\n<meta name=\"robots\" content=\"index, follow, max-snippet:-1, max-image-preview:large, max-video-preview:-1\" \/>\n<link rel=\"canonical\" href=\"https:\/\/skyddaskogen.se\/de\/projekte\/\" \/>\n<meta property=\"og:locale\" content=\"de_DE\" \/>\n<meta property=\"og:type\" content=\"article\" \/>\n<meta property=\"og:title\" content=\"Projekte - Sch\u00fczt den wald\" \/>\n<meta property=\"og:description\" content=\"Projekte Hier finden Sie die aktuellen Kampagnen und Projekte von Protect the Forest sowie Informationen, wie Sie sich f\u00fcr den Erhalt und Schutz unserer W\u00e4lder engagieren k\u00f6nnen. Nachrichten\" \/>\n<meta property=\"og:url\" content=\"https:\/\/skyddaskogen.se\/de\/projekte\/\" \/>\n<meta property=\"og:site_name\" content=\"Sch\u00fczt den wald\" \/>\n<meta property=\"article:publisher\" content=\"https:\/\/www.facebook.com\/groups\/54996954022\/\" \/>\n<meta property=\"article:modified_time\" content=\"2026-03-19T16:40:58+00:00\" \/>\n<meta name=\"twitter:card\" content=\"summary_large_image\" \/>\n<meta name=\"twitter:site\" content=\"@skyddaskogen\" \/>\n<meta name=\"twitter:label1\" content=\"Gesch\u00e4tzte Lesezeit\" \/>\n\t<meta name=\"twitter:data1\" content=\"1\u00a0Minute\" \/>\n<script type=\"application\/ld+json\" class=\"yoast-schema-graph\">{\"@context\":\"https:\\\/\\\/schema.org\",\"@graph\":[{\"@type\":\"WebPage\",\"@id\":\"https:\\\/\\\/skyddaskogen.se\\\/de\\\/projekte\\\/\",\"url\":\"https:\\\/\\\/skyddaskogen.se\\\/de\\\/projekte\\\/\",\"name\":\"Projekte - Sch\u00fczt den wald\",\"isPartOf\":{\"@id\":\"https:\\\/\\\/skyddaskogen.se\\\/#website\"},\"datePublished\":\"2025-11-12T16:45:21+00:00\",\"dateModified\":\"2026-03-19T16:40:58+00:00\",\"breadcrumb\":{\"@id\":\"https:\\\/\\\/skyddaskogen.se\\\/de\\\/projekte\\\/#breadcrumb\"},\"inLanguage\":\"de\",\"potentialAction\":[{\"@type\":\"ReadAction\",\"target\":[\"https:\\\/\\\/skyddaskogen.se\\\/de\\\/projekte\\\/\"]}]},{\"@type\":\"BreadcrumbList\",\"@id\":\"https:\\\/\\\/skyddaskogen.se\\\/de\\\/projekte\\\/#breadcrumb\",\"itemListElement\":[{\"@type\":\"ListItem\",\"position\":1,\"name\":\"Home\",\"item\":\"https:\\\/\\\/skyddaskogen.se\\\/de\\\/schutzen-sie-den-wald\\\/\"},{\"@type\":\"ListItem\",\"position\":2,\"name\":\"Projekte\"}]},{\"@type\":\"WebSite\",\"@id\":\"https:\\\/\\\/skyddaskogen.se\\\/#website\",\"url\":\"https:\\\/\\\/skyddaskogen.se\\\/\",\"name\":\"Skydda Skogen\",\"description\":\"Zum Schutz alter W\u00e4lder und nat\u00fcrlicher Bauernh\u00f6fe\",\"publisher\":{\"@id\":\"https:\\\/\\\/skyddaskogen.se\\\/#organization\"},\"potentialAction\":[{\"@type\":\"SearchAction\",\"target\":{\"@type\":\"EntryPoint\",\"urlTemplate\":\"https:\\\/\\\/skyddaskogen.se\\\/?s={search_term_string}\"},\"query-input\":{\"@type\":\"PropertyValueSpecification\",\"valueRequired\":true,\"valueName\":\"search_term_string\"}}],\"inLanguage\":\"de\"},{\"@type\":\"Organization\",\"@id\":\"https:\\\/\\\/skyddaskogen.se\\\/#organization\",\"name\":\"Skydda Skogen\",\"url\":\"https:\\\/\\\/skyddaskogen.se\\\/\",\"logo\":{\"@type\":\"ImageObject\",\"inLanguage\":\"de\",\"@id\":\"https:\\\/\\\/skyddaskogen.se\\\/#\\\/schema\\\/logo\\\/image\\\/\",\"url\":\"https:\\\/\\\/skyddaskogen.se\\\/wp-content\\\/uploads\\\/2020\\\/09\\\/skyddaskogen.se_favicon-1.png\",\"contentUrl\":\"https:\\\/\\\/skyddaskogen.se\\\/wp-content\\\/uploads\\\/2020\\\/09\\\/skyddaskogen.se_favicon-1.png\",\"width\":256,\"height\":256,\"caption\":\"Skydda Skogen\"},\"image\":{\"@id\":\"https:\\\/\\\/skyddaskogen.se\\\/#\\\/schema\\\/logo\\\/image\\\/\"},\"sameAs\":[\"https:\\\/\\\/www.facebook.com\\\/groups\\\/54996954022\\\/\",\"https:\\\/\\\/x.com\\\/skyddaskogen\",\"https:\\\/\\\/www.instagram.com\\\/skyddaskogen\\\/\",\"https:\\\/\\\/www.youtube.com\\\/channel\\\/UCHJVIc9sptUj-qPek3Imitw\"]}]}<\/script>\n<!-- \/ Yoast SEO plugin. -->","yoast_head_json":{"title":"Projekte - Sch\u00fczt den wald","robots":{"index":"index","follow":"follow","max-snippet":"max-snippet:-1","max-image-preview":"max-image-preview:large","max-video-preview":"max-video-preview:-1"},"canonical":"https:\/\/skyddaskogen.se\/de\/projekte\/","og_locale":"de_DE","og_type":"article","og_title":"Projekte - Sch\u00fczt den wald","og_description":"Projekte Hier finden Sie die aktuellen Kampagnen und Projekte von Protect the Forest sowie Informationen, wie Sie sich f\u00fcr den Erhalt und Schutz unserer W\u00e4lder engagieren k\u00f6nnen. Nachrichten","og_url":"https:\/\/skyddaskogen.se\/de\/projekte\/","og_site_name":"Sch\u00fczt den wald","article_publisher":"https:\/\/www.facebook.com\/groups\/54996954022\/","article_modified_time":"2026-03-19T16:40:58+00:00","twitter_card":"summary_large_image","twitter_site":"@skyddaskogen","twitter_misc":{"Gesch\u00e4tzte Lesezeit":"1\u00a0Minute"},"schema":{"@context":"https:\/\/schema.org","@graph":[{"@type":"WebPage","@id":"https:\/\/skyddaskogen.se\/de\/projekte\/","url":"https:\/\/skyddaskogen.se\/de\/projekte\/","name":"Projekte - Sch\u00fczt den wald","isPartOf":{"@id":"https:\/\/skyddaskogen.se\/#website"},"datePublished":"2025-11-12T16:45:21+00:00","dateModified":"2026-03-19T16:40:58+00:00","breadcrumb":{"@id":"https:\/\/skyddaskogen.se\/de\/projekte\/#breadcrumb"},"inLanguage":"de","potentialAction":[{"@type":"ReadAction","target":["https:\/\/skyddaskogen.se\/de\/projekte\/"]}]},{"@type":"BreadcrumbList","@id":"https:\/\/skyddaskogen.se\/de\/projekte\/#breadcrumb","itemListElement":[{"@type":"ListItem","position":1,"name":"Home","item":"https:\/\/skyddaskogen.se\/de\/schutzen-sie-den-wald\/"},{"@type":"ListItem","position":2,"name":"Projekte"}]},{"@type":"WebSite","@id":"https:\/\/skyddaskogen.se\/#website","url":"https:\/\/skyddaskogen.se\/","name":"Skydda Skogen","description":"Zum Schutz alter W\u00e4lder und nat\u00fcrlicher Bauernh\u00f6fe","publisher":{"@id":"https:\/\/skyddaskogen.se\/#organization"},"potentialAction":[{"@type":"SearchAction","target":{"@type":"EntryPoint","urlTemplate":"https:\/\/skyddaskogen.se\/?s={search_term_string}"},"query-input":{"@type":"PropertyValueSpecification","valueRequired":true,"valueName":"search_term_string"}}],"inLanguage":"de"},{"@type":"Organization","@id":"https:\/\/skyddaskogen.se\/#organization","name":"Skydda Skogen","url":"https:\/\/skyddaskogen.se\/","logo":{"@type":"ImageObject","inLanguage":"de","@id":"https:\/\/skyddaskogen.se\/#\/schema\/logo\/image\/","url":"https:\/\/skyddaskogen.se\/wp-content\/uploads\/2020\/09\/skyddaskogen.se_favicon-1.png","contentUrl":"https:\/\/skyddaskogen.se\/wp-content\/uploads\/2020\/09\/skyddaskogen.se_favicon-1.png","width":256,"height":256,"caption":"Skydda Skogen"},"image":{"@id":"https:\/\/skyddaskogen.se\/#\/schema\/logo\/image\/"},"sameAs":["https:\/\/www.facebook.com\/groups\/54996954022\/","https:\/\/x.com\/skyddaskogen","https:\/\/www.instagram.com\/skyddaskogen\/","https:\/\/www.youtube.com\/channel\/UCHJVIc9sptUj-qPek3Imitw"]}]}},"campaignId":"","ticketed":false,"_links":{"self":[{"href":"https:\/\/skyddaskogen.se\/de\/wp-json\/wp\/v2\/pages\/68014","targetHints":{"allow":["GET"]}}],"collection":[{"href":"https:\/\/skyddaskogen.se\/de\/wp-json\/wp\/v2\/pages"}],"about":[{"href":"https:\/\/skyddaskogen.se\/de\/wp-json\/wp\/v2\/types\/page"}],"author":[{"embeddable":true,"href":"https:\/\/skyddaskogen.se\/de\/wp-json\/wp\/v2\/users\/32"}],"replies":[{"embeddable":true,"href":"https:\/\/skyddaskogen.se\/de\/wp-json\/wp\/v2\/comments?post=68014"}],"version-history":[{"count":6,"href":"https:\/\/skyddaskogen.se\/de\/wp-json\/wp\/v2\/pages\/68014\/revisions"}],"predecessor-version":[{"id":70164,"href":"https:\/\/skyddaskogen.se\/de\/wp-json\/wp\/v2\/pages\/68014\/revisions\/70164"}],"wp:attachment":[{"href":"https:\/\/skyddaskogen.se\/de\/wp-json\/wp\/v2\/media?parent=68014"}],"curies":[{"name":"wp","href":"https:\/\/api.w.org\/{rel}","templated":true}]}}