{"id":70095,"date":"2026-03-16T22:05:32","date_gmt":"2026-03-16T21:05:32","guid":{"rendered":"https:\/\/skyddaskogen.se\/aktivitaten\/das-waldfest\/"},"modified":"2026-03-16T22:05:32","modified_gmt":"2026-03-16T21:05:32","slug":"das-waldfest","status":"publish","type":"page","link":"https:\/\/skyddaskogen.se\/de\/projekte\/das-waldfest\/","title":{"rendered":"Das Waldfest"},"content":{"rendered":"\n<h2 class=\"wp-block-heading\">Das Waldfest<\/h2>\n\n<div class=\"wp-block-columns is-layout-flex wp-container-core-columns-is-layout-9d6595d7 wp-block-columns-is-layout-flex\">\n<div class=\"wp-block-column is-layout-flow wp-block-column-is-layout-flow\">\n<p>Das Waldfest ist ein inspirierender Treffpunkt f\u00fcr Waldfreunde, Waldgartenfreunde und Umweltengagierte. Das Festival ist der gr\u00f6\u00dfte Treffpunkt f\u00fcr Waldliebhaber in Skandinavien. Eine Manifestation f\u00fcr den Schutz und die Wiederherstellung des Waldes und f\u00fcr eine Reform der Forstwirtschaft hin zu einer naturnahen Mehrnutzung. Die Veranstaltung wurde seit 2003 mehrmals ausgetragen.   <br\/><br\/><strong><span style=\"text-decoration: underline;\">Vorherige Jahre<\/span><\/strong><\/p>\n\n\n<\/div>\n\n\n\n<div class=\"wp-block-column is-layout-flow wp-block-column-is-layout-flow\">\n<figure class=\"wp-block-image size-large has-custom-border\"><img fetchpriority=\"high\" decoding=\"async\" width=\"1024\" height=\"683\" src=\"https:\/\/skyddaskogen.se\/wp-content\/uploads\/2023\/04\/img-5953-1024x683.jpg\" alt=\"\" class=\"wp-image-32702\" style=\"border-top-left-radius:20px;border-top-right-radius:20px;border-bottom-left-radius:20px;border-bottom-right-radius:20px\" srcset=\"https:\/\/skyddaskogen.se\/wp-content\/uploads\/2023\/04\/img-5953-1024x683.jpg 1024w, https:\/\/skyddaskogen.se\/wp-content\/uploads\/2023\/04\/img-5953-300x200.jpg 300w, https:\/\/skyddaskogen.se\/wp-content\/uploads\/2023\/04\/img-5953-768x512.jpg 768w, https:\/\/skyddaskogen.se\/wp-content\/uploads\/2023\/04\/img-5953-1536x1024.jpg 1536w, https:\/\/skyddaskogen.se\/wp-content\/uploads\/2023\/04\/img-5953-2048x1365.jpg 2048w, https:\/\/skyddaskogen.se\/wp-content\/uploads\/2023\/04\/img-5953-1140x760.jpg 1140w, https:\/\/skyddaskogen.se\/wp-content\/uploads\/2023\/04\/img-5953-570x380.jpg 570w, https:\/\/skyddaskogen.se\/wp-content\/uploads\/2023\/04\/img-5953-380x254.jpg 380w, https:\/\/skyddaskogen.se\/wp-content\/uploads\/2023\/04\/img-5953-285x190.jpg 285w\" sizes=\"(max-width: 1024px) 100vw, 1024px\" \/><\/figure>\n<\/div>\n<\/div>\n","protected":false},"excerpt":{"rendered":"<p>Das Waldfest Das Waldfest ist ein inspirierender Treffpunkt f\u00fcr Waldfreunde, Waldgartenfreunde und Umweltengagierte. Das Festival ist der gr\u00f6\u00dfte Treffpunkt f\u00fcr Waldliebhaber in Skandinavien. Eine Manifestation f\u00fcr den Schutz und die&hellip;<\/p>\n","protected":false},"author":32,"featured_media":0,"parent":68014,"menu_order":0,"comment_status":"closed","ping_status":"closed","template":"","meta":{"give_campaign_id":0,"_price":"","_stock":"","_tribe_ticket_header":"","_tribe_default_ticket_provider":"","_tribe_ticket_capacity":"0","_ticket_start_date":"","_ticket_end_date":"","_tribe_ticket_show_description":"","_tribe_ticket_show_not_going":false,"_tribe_ticket_use_global_stock":"","_tribe_ticket_global_stock_level":"","_global_stock_mode":"","_global_stock_cap":"","_tribe_rsvp_for_event":"","_tribe_ticket_going_count":"","_tribe_ticket_not_going_count":"","_tribe_tickets_list":"[]","_tribe_ticket_has_attendee_info_fields":false,"footnotes":"","_tec_slr_enabled":"","_tec_slr_layout":""},"class_list":["post-70095","page","type-page","status-publish","hentry"],"yoast_head":"<!-- This site is optimized with the Yoast SEO plugin v27.4 - https:\/\/yoast.com\/product\/yoast-seo-wordpress\/ -->\n<title>Das Waldfest - Sch\u00fczt den wald<\/title>\n<meta name=\"robots\" content=\"index, follow, max-snippet:-1, max-image-preview:large, max-video-preview:-1\" \/>\n<link rel=\"canonical\" href=\"https:\/\/skyddaskogen.se\/de\/projekte\/das-waldfest\/\" \/>\n<meta property=\"og:locale\" content=\"de_DE\" \/>\n<meta property=\"og:type\" content=\"article\" \/>\n<meta property=\"og:title\" content=\"Das Waldfest - Sch\u00fczt den wald\" \/>\n<meta property=\"og:description\" content=\"Das Waldfest Das Waldfest ist ein inspirierender Treffpunkt f\u00fcr Waldfreunde, Waldgartenfreunde und Umweltengagierte. Das Festival ist der gr\u00f6\u00dfte Treffpunkt f\u00fcr Waldliebhaber in Skandinavien. Eine Manifestation f\u00fcr den Schutz und die&hellip;\" \/>\n<meta property=\"og:url\" content=\"https:\/\/skyddaskogen.se\/de\/projekte\/das-waldfest\/\" \/>\n<meta property=\"og:site_name\" content=\"Sch\u00fczt den wald\" \/>\n<meta property=\"article:publisher\" content=\"https:\/\/www.facebook.com\/groups\/54996954022\/\" \/>\n<meta property=\"og:image\" content=\"https:\/\/skyddaskogen.se\/wp-content\/uploads\/2023\/04\/img-5953-scaled.jpg\" \/>\n\t<meta property=\"og:image:width\" content=\"2560\" \/>\n\t<meta property=\"og:image:height\" content=\"1707\" \/>\n\t<meta property=\"og:image:type\" content=\"image\/jpeg\" \/>\n<meta name=\"twitter:card\" content=\"summary_large_image\" \/>\n<meta name=\"twitter:site\" content=\"@skyddaskogen\" \/>\n<script type=\"application\/ld+json\" class=\"yoast-schema-graph\">{\"@context\":\"https:\\\/\\\/schema.org\",\"@graph\":[{\"@type\":\"WebPage\",\"@id\":\"https:\\\/\\\/skyddaskogen.se\\\/de\\\/projekte\\\/das-waldfest\\\/\",\"url\":\"https:\\\/\\\/skyddaskogen.se\\\/de\\\/projekte\\\/das-waldfest\\\/\",\"name\":\"Das Waldfest - Sch\u00fczt den wald\",\"isPartOf\":{\"@id\":\"https:\\\/\\\/skyddaskogen.se\\\/#website\"},\"primaryImageOfPage\":{\"@id\":\"https:\\\/\\\/skyddaskogen.se\\\/de\\\/projekte\\\/das-waldfest\\\/#primaryimage\"},\"image\":{\"@id\":\"https:\\\/\\\/skyddaskogen.se\\\/de\\\/projekte\\\/das-waldfest\\\/#primaryimage\"},\"thumbnailUrl\":\"https:\\\/\\\/skyddaskogen.se\\\/wp-content\\\/uploads\\\/2023\\\/04\\\/img-5953-1024x683.jpg\",\"datePublished\":\"2026-03-16T21:05:32+00:00\",\"breadcrumb\":{\"@id\":\"https:\\\/\\\/skyddaskogen.se\\\/de\\\/projekte\\\/das-waldfest\\\/#breadcrumb\"},\"inLanguage\":\"de\",\"potentialAction\":[{\"@type\":\"ReadAction\",\"target\":[\"https:\\\/\\\/skyddaskogen.se\\\/de\\\/projekte\\\/das-waldfest\\\/\"]}]},{\"@type\":\"ImageObject\",\"inLanguage\":\"de\",\"@id\":\"https:\\\/\\\/skyddaskogen.se\\\/de\\\/projekte\\\/das-waldfest\\\/#primaryimage\",\"url\":\"https:\\\/\\\/skyddaskogen.se\\\/wp-content\\\/uploads\\\/2023\\\/04\\\/img-5953-1024x683.jpg\",\"contentUrl\":\"https:\\\/\\\/skyddaskogen.se\\\/wp-content\\\/uploads\\\/2023\\\/04\\\/img-5953-1024x683.jpg\"},{\"@type\":\"BreadcrumbList\",\"@id\":\"https:\\\/\\\/skyddaskogen.se\\\/de\\\/projekte\\\/das-waldfest\\\/#breadcrumb\",\"itemListElement\":[{\"@type\":\"ListItem\",\"position\":1,\"name\":\"Home\",\"item\":\"https:\\\/\\\/skyddaskogen.se\\\/de\\\/schutzen-sie-den-wald\\\/\"},{\"@type\":\"ListItem\",\"position\":2,\"name\":\"Projekte\",\"item\":\"https:\\\/\\\/skyddaskogen.se\\\/de\\\/projekte\\\/\"},{\"@type\":\"ListItem\",\"position\":3,\"name\":\"Das Waldfest\"}]},{\"@type\":\"WebSite\",\"@id\":\"https:\\\/\\\/skyddaskogen.se\\\/#website\",\"url\":\"https:\\\/\\\/skyddaskogen.se\\\/\",\"name\":\"Skydda Skogen\",\"description\":\"Zum Schutz alter W\u00e4lder und nat\u00fcrlicher Bauernh\u00f6fe\",\"publisher\":{\"@id\":\"https:\\\/\\\/skyddaskogen.se\\\/#organization\"},\"potentialAction\":[{\"@type\":\"SearchAction\",\"target\":{\"@type\":\"EntryPoint\",\"urlTemplate\":\"https:\\\/\\\/skyddaskogen.se\\\/?s={search_term_string}\"},\"query-input\":{\"@type\":\"PropertyValueSpecification\",\"valueRequired\":true,\"valueName\":\"search_term_string\"}}],\"inLanguage\":\"de\"},{\"@type\":\"Organization\",\"@id\":\"https:\\\/\\\/skyddaskogen.se\\\/#organization\",\"name\":\"Skydda Skogen\",\"url\":\"https:\\\/\\\/skyddaskogen.se\\\/\",\"logo\":{\"@type\":\"ImageObject\",\"inLanguage\":\"de\",\"@id\":\"https:\\\/\\\/skyddaskogen.se\\\/#\\\/schema\\\/logo\\\/image\\\/\",\"url\":\"https:\\\/\\\/skyddaskogen.se\\\/wp-content\\\/uploads\\\/2020\\\/09\\\/skyddaskogen.se_favicon-1.png\",\"contentUrl\":\"https:\\\/\\\/skyddaskogen.se\\\/wp-content\\\/uploads\\\/2020\\\/09\\\/skyddaskogen.se_favicon-1.png\",\"width\":256,\"height\":256,\"caption\":\"Skydda Skogen\"},\"image\":{\"@id\":\"https:\\\/\\\/skyddaskogen.se\\\/#\\\/schema\\\/logo\\\/image\\\/\"},\"sameAs\":[\"https:\\\/\\\/www.facebook.com\\\/groups\\\/54996954022\\\/\",\"https:\\\/\\\/x.com\\\/skyddaskogen\",\"https:\\\/\\\/www.instagram.com\\\/skyddaskogen\\\/\",\"https:\\\/\\\/www.youtube.com\\\/channel\\\/UCHJVIc9sptUj-qPek3Imitw\"]}]}<\/script>\n<!-- \/ Yoast SEO plugin. -->","yoast_head_json":{"title":"Das Waldfest - Sch\u00fczt den wald","robots":{"index":"index","follow":"follow","max-snippet":"max-snippet:-1","max-image-preview":"max-image-preview:large","max-video-preview":"max-video-preview:-1"},"canonical":"https:\/\/skyddaskogen.se\/de\/projekte\/das-waldfest\/","og_locale":"de_DE","og_type":"article","og_title":"Das Waldfest - Sch\u00fczt den wald","og_description":"Das Waldfest Das Waldfest ist ein inspirierender Treffpunkt f\u00fcr Waldfreunde, Waldgartenfreunde und Umweltengagierte. Das Festival ist der gr\u00f6\u00dfte Treffpunkt f\u00fcr Waldliebhaber in Skandinavien. Eine Manifestation f\u00fcr den Schutz und die&hellip;","og_url":"https:\/\/skyddaskogen.se\/de\/projekte\/das-waldfest\/","og_site_name":"Sch\u00fczt den wald","article_publisher":"https:\/\/www.facebook.com\/groups\/54996954022\/","og_image":[{"width":2560,"height":1707,"url":"https:\/\/skyddaskogen.se\/wp-content\/uploads\/2023\/04\/img-5953-scaled.jpg","type":"image\/jpeg"}],"twitter_card":"summary_large_image","twitter_site":"@skyddaskogen","schema":{"@context":"https:\/\/schema.org","@graph":[{"@type":"WebPage","@id":"https:\/\/skyddaskogen.se\/de\/projekte\/das-waldfest\/","url":"https:\/\/skyddaskogen.se\/de\/projekte\/das-waldfest\/","name":"Das Waldfest - Sch\u00fczt den wald","isPartOf":{"@id":"https:\/\/skyddaskogen.se\/#website"},"primaryImageOfPage":{"@id":"https:\/\/skyddaskogen.se\/de\/projekte\/das-waldfest\/#primaryimage"},"image":{"@id":"https:\/\/skyddaskogen.se\/de\/projekte\/das-waldfest\/#primaryimage"},"thumbnailUrl":"https:\/\/skyddaskogen.se\/wp-content\/uploads\/2023\/04\/img-5953-1024x683.jpg","datePublished":"2026-03-16T21:05:32+00:00","breadcrumb":{"@id":"https:\/\/skyddaskogen.se\/de\/projekte\/das-waldfest\/#breadcrumb"},"inLanguage":"de","potentialAction":[{"@type":"ReadAction","target":["https:\/\/skyddaskogen.se\/de\/projekte\/das-waldfest\/"]}]},{"@type":"ImageObject","inLanguage":"de","@id":"https:\/\/skyddaskogen.se\/de\/projekte\/das-waldfest\/#primaryimage","url":"https:\/\/skyddaskogen.se\/wp-content\/uploads\/2023\/04\/img-5953-1024x683.jpg","contentUrl":"https:\/\/skyddaskogen.se\/wp-content\/uploads\/2023\/04\/img-5953-1024x683.jpg"},{"@type":"BreadcrumbList","@id":"https:\/\/skyddaskogen.se\/de\/projekte\/das-waldfest\/#breadcrumb","itemListElement":[{"@type":"ListItem","position":1,"name":"Home","item":"https:\/\/skyddaskogen.se\/de\/schutzen-sie-den-wald\/"},{"@type":"ListItem","position":2,"name":"Projekte","item":"https:\/\/skyddaskogen.se\/de\/projekte\/"},{"@type":"ListItem","position":3,"name":"Das Waldfest"}]},{"@type":"WebSite","@id":"https:\/\/skyddaskogen.se\/#website","url":"https:\/\/skyddaskogen.se\/","name":"Skydda Skogen","description":"Zum Schutz alter W\u00e4lder und nat\u00fcrlicher Bauernh\u00f6fe","publisher":{"@id":"https:\/\/skyddaskogen.se\/#organization"},"potentialAction":[{"@type":"SearchAction","target":{"@type":"EntryPoint","urlTemplate":"https:\/\/skyddaskogen.se\/?s={search_term_string}"},"query-input":{"@type":"PropertyValueSpecification","valueRequired":true,"valueName":"search_term_string"}}],"inLanguage":"de"},{"@type":"Organization","@id":"https:\/\/skyddaskogen.se\/#organization","name":"Skydda Skogen","url":"https:\/\/skyddaskogen.se\/","logo":{"@type":"ImageObject","inLanguage":"de","@id":"https:\/\/skyddaskogen.se\/#\/schema\/logo\/image\/","url":"https:\/\/skyddaskogen.se\/wp-content\/uploads\/2020\/09\/skyddaskogen.se_favicon-1.png","contentUrl":"https:\/\/skyddaskogen.se\/wp-content\/uploads\/2020\/09\/skyddaskogen.se_favicon-1.png","width":256,"height":256,"caption":"Skydda Skogen"},"image":{"@id":"https:\/\/skyddaskogen.se\/#\/schema\/logo\/image\/"},"sameAs":["https:\/\/www.facebook.com\/groups\/54996954022\/","https:\/\/x.com\/skyddaskogen","https:\/\/www.instagram.com\/skyddaskogen\/","https:\/\/www.youtube.com\/channel\/UCHJVIc9sptUj-qPek3Imitw"]}]}},"campaignId":"","ticketed":false,"_links":{"self":[{"href":"https:\/\/skyddaskogen.se\/de\/wp-json\/wp\/v2\/pages\/70095","targetHints":{"allow":["GET"]}}],"collection":[{"href":"https:\/\/skyddaskogen.se\/de\/wp-json\/wp\/v2\/pages"}],"about":[{"href":"https:\/\/skyddaskogen.se\/de\/wp-json\/wp\/v2\/types\/page"}],"author":[{"embeddable":true,"href":"https:\/\/skyddaskogen.se\/de\/wp-json\/wp\/v2\/users\/32"}],"replies":[{"embeddable":true,"href":"https:\/\/skyddaskogen.se\/de\/wp-json\/wp\/v2\/comments?post=70095"}],"version-history":[{"count":1,"href":"https:\/\/skyddaskogen.se\/de\/wp-json\/wp\/v2\/pages\/70095\/revisions"}],"predecessor-version":[{"id":70096,"href":"https:\/\/skyddaskogen.se\/de\/wp-json\/wp\/v2\/pages\/70095\/revisions\/70096"}],"up":[{"embeddable":true,"href":"https:\/\/skyddaskogen.se\/de\/wp-json\/wp\/v2\/pages\/68014"}],"wp:attachment":[{"href":"https:\/\/skyddaskogen.se\/de\/wp-json\/wp\/v2\/media?parent=70095"}],"curies":[{"name":"wp","href":"https:\/\/api.w.org\/{rel}","templated":true}]}}