{"id":70097,"date":"2026-03-16T22:07:18","date_gmt":"2026-03-16T21:07:18","guid":{"rendered":"https:\/\/skyddaskogen.se\/presse\/"},"modified":"2026-03-16T22:07:21","modified_gmt":"2026-03-16T21:07:21","slug":"presse","status":"publish","type":"page","link":"https:\/\/skyddaskogen.se\/de\/presse\/","title":{"rendered":"Presse"},"content":{"rendered":"\n<h2 class=\"wp-block-heading\">Presse<\/h2>\n\n<div class=\"wp-block-columns is-layout-flex wp-container-core-columns-is-layout-9d6595d7 wp-block-columns-is-layout-flex\">\n<div class=\"wp-block-column is-layout-flow wp-block-column-is-layout-flow\">\n<p>Sch\u00fctzt den Wald arbeitet aktiv daran, Journalisten und Medien zu unterst\u00fctzen, indem es Fakten, Fachwissen und Analysen zu Themen rund um W\u00e4lder und Umwelt bereitstellt. Unser Ziel ist es, zu einer fundierten Debatte beizutragen und das Wissen \u00fcber die Zukunft der W\u00e4lder sowohl in Schweden als auch international zu erh\u00f6hen. <br\/><br\/>Wir bieten Perspektiven und Einblicke, die die Arbeit der Organisation zu Sch\u00fctzt den Wald, Biodiversit\u00e4t und nachhaltiger Nutzung von W\u00e4ldern widerspiegeln, und wir pr\u00e4sentieren gerne unsere Expertise in Interviews, Artikeln und Berichten. Durch die Zusammenarbeit mit den Medien m\u00f6chten wir das Verst\u00e4ndnis f\u00fcr die wichtigen \u00f6kologischen und sozialen Werte des Waldes vertiefen und zudem konkrete L\u00f6sungen und Initiativen hervorheben, die zu einer nachhaltigen Waldlandschaft beitragen k\u00f6nnen. <\/p>\n\n\n\n<div class=\"wp-block-buttons is-layout-flex wp-block-buttons-is-layout-flex\">\n<div class=\"wp-block-button\"><a class=\"wp-block-button__link has-text-link-2-background-color has-background wp-element-button\" href=\"mailto:press@skyddaskogen.se\" style=\"border-top-left-radius:10px;border-top-right-radius:10px;border-bottom-left-radius:10px;border-bottom-right-radius:10px\">Kontaktieren Sie uns<\/a><\/div>\n<\/div>\n<\/div>\n\n\n\n<div class=\"wp-block-column is-layout-flow wp-block-column-is-layout-flow\">\n<figure class=\"wp-block-image size-large is-resized has-custom-border\"><img fetchpriority=\"high\" decoding=\"async\" width=\"1024\" height=\"641\" src=\"https:\/\/skyddaskogen.se\/wp-content\/uploads\/2020\/11\/skyddaskogen.se_photograph_taken_by_dan_jamalina_burnelius-1024x641.jpg\" alt=\"\" class=\"wp-image-19368\" style=\"border-top-left-radius:20px;border-top-right-radius:20px;border-bottom-left-radius:20px;border-bottom-right-radius:20px;width:550px\" srcset=\"https:\/\/skyddaskogen.se\/wp-content\/uploads\/2020\/11\/skyddaskogen.se_photograph_taken_by_dan_jamalina_burnelius-1024x641.jpg 1024w, https:\/\/skyddaskogen.se\/wp-content\/uploads\/2020\/11\/skyddaskogen.se_photograph_taken_by_dan_jamalina_burnelius-300x188.jpg 300w, https:\/\/skyddaskogen.se\/wp-content\/uploads\/2020\/11\/skyddaskogen.se_photograph_taken_by_dan_jamalina_burnelius-768x480.jpg 768w, https:\/\/skyddaskogen.se\/wp-content\/uploads\/2020\/11\/skyddaskogen.se_photograph_taken_by_dan_jamalina_burnelius.jpg 1378w\" sizes=\"(max-width: 1024px) 100vw, 1024px\" \/><\/figure>\n<\/div>\n<\/div>\n\n<div style=\"height:50px\" aria-hidden=\"true\" class=\"wp-block-spacer\"><\/div>\n\n<div class=\"wp-block-columns is-layout-flex wp-container-core-columns-is-layout-9d6595d7 wp-block-columns-is-layout-flex\">\n<div class=\"wp-block-column is-layout-flow wp-block-column-is-layout-flow\">\n<h2 class=\"wp-block-heading\">Kontakte<\/h2>\n\n\n\n<div style=\"height:10px\" aria-hidden=\"true\" class=\"wp-block-spacer\"><\/div>\n\n\n\n<div class=\"wp-block-group is-layout-constrained wp-block-group-is-layout-constrained\"><div \t\tclass=\"sc_team sc_team_default\"><div class=\"sc_team_columns_wrap sc_item_columns sc_item_posts_container trx_addons_columns_wrap columns_padding_bottom columns_in_single_row\"><div class=\"trx_addons_column-1_3\"><div data-post-id=\"68139\" class=\"sc_team_item sc_item_container post_container no_links post-68139 cpt_team type-cpt_team status-publish has-post-thumbnail hentry cpt_team_group-brett cpt_team_group-presse\">\n\t<div class=\"post_featured with_thumb hover_link sc_team_item_thumb\"><img decoding=\"async\" width=\"298\" height=\"298\" src=\"https:\/\/skyddaskogen.se\/wp-content\/uploads\/2025\/05\/elingotmark-1.png\" class=\"attachment-heart-thumb-rectangle size-heart-thumb-rectangle wp-post-image\" alt=\"\" srcset=\"https:\/\/skyddaskogen.se\/wp-content\/uploads\/2025\/05\/elingotmark-1.png 298w, https:\/\/skyddaskogen.se\/wp-content\/uploads\/2025\/05\/elingotmark-1-150x150.png 150w, https:\/\/skyddaskogen.se\/wp-content\/uploads\/2025\/05\/elingotmark-1-120x120.png 120w\" sizes=\"(max-width: 298px) 100vw, 298px\" \/>\t\t\t\t\t\t<div class=\"mask\"><\/div>\n\t\t\t\t\t\t\t\t\t<a href=\"https:\/\/skyddaskogen.se\/de\/team\/elin-goetmark\/\"  aria-hidden=\"true\" class=\"link\"><\/a>\n\t\t\t<\/div>\t<div class=\"sc_team_item_info\">\n\t\t<div class=\"sc_team_item_header\">\n\t\t\t<h4 class=\"sc_team_item_title entry-title\"><a href=\"https:\/\/skyddaskogen.se\/de\/team\/elin-goetmark\/\">Elin G\u00f6tmark<\/a><\/h4>\n\t\t\t<div class=\"sc_team_item_subtitle\">Mitglied<\/div>\t\t<\/div>\n\t\t<div class=\"sc_team_item_button\"><a href=\"https:\/\/skyddaskogen.se\/de\/team\/elin-goetmark\/\" class=\"sc_button sc_button_simple\">Kontakt<\/a><\/div><\/div>\n<\/div><\/div><\/div><\/div><\/div>\n<\/div>\n<\/div>\n\n<div style=\"height:25px\" aria-hidden=\"true\" class=\"wp-block-spacer\"><\/div>\n\n<h2 class=\"wp-block-heading\">Pressemitteilungen<\/h2>\n<ul class=\"wp-block-latest-posts__list is-grid columns-3 has-dates wp-block-latest-posts\"><li><div class=\"wp-block-latest-posts__featured-image\"><img decoding=\"async\" width=\"345\" height=\"230\" src=\"https:\/\/skyddaskogen.se\/wp-content\/uploads\/2024\/01\/tokberget-forskningsresan-klas-magnusson-scaled.jpeg\" class=\"attachment-heart-thumb-med size-heart-thumb-med wp-post-image\" alt=\"\" style=\"\" srcset=\"https:\/\/skyddaskogen.se\/wp-content\/uploads\/2024\/01\/tokberget-forskningsresan-klas-magnusson-scaled.jpeg 2560w, https:\/\/skyddaskogen.se\/wp-content\/uploads\/2024\/01\/tokberget-forskningsresan-klas-magnusson-300x200.jpeg 300w, https:\/\/skyddaskogen.se\/wp-content\/uploads\/2024\/01\/tokberget-forskningsresan-klas-magnusson-1024x683.jpeg 1024w, https:\/\/skyddaskogen.se\/wp-content\/uploads\/2024\/01\/tokberget-forskningsresan-klas-magnusson-768x512.jpeg 768w, https:\/\/skyddaskogen.se\/wp-content\/uploads\/2024\/01\/tokberget-forskningsresan-klas-magnusson-1536x1024.jpeg 1536w, https:\/\/skyddaskogen.se\/wp-content\/uploads\/2024\/01\/tokberget-forskningsresan-klas-magnusson-2048x1365.jpeg 2048w, https:\/\/skyddaskogen.se\/wp-content\/uploads\/2024\/01\/tokberget-forskningsresan-klas-magnusson-1140x760.jpeg 1140w, https:\/\/skyddaskogen.se\/wp-content\/uploads\/2024\/01\/tokberget-forskningsresan-klas-magnusson-570x380.jpeg 570w, https:\/\/skyddaskogen.se\/wp-content\/uploads\/2024\/01\/tokberget-forskningsresan-klas-magnusson-380x254.jpeg 380w, https:\/\/skyddaskogen.se\/wp-content\/uploads\/2024\/01\/tokberget-forskningsresan-klas-magnusson-285x190.jpeg 285w\" sizes=\"(max-width: 600px) 100vw, 345px\" \/><\/div><a class=\"wp-block-latest-posts__post-title\" href=\"https:\/\/skyddaskogen.se\/de\/berichte-von-der-forschungsreise-in-den-aussengebieten-des-naturschutzes-2025\/\">Berichte von der Forschungsreise in den Au\u00dfengebieten des Naturschutzes 2025<\/a><time datetime=\"2026-04-09T20:33:06+02:00\" class=\"wp-block-latest-posts__post-date\">9. April 2026<\/time><\/li>\n<li><div class=\"wp-block-latest-posts__featured-image\"><img loading=\"lazy\" decoding=\"async\" width=\"410\" height=\"230\" src=\"https:\/\/skyddaskogen.se\/wp-content\/uploads\/2026\/04\/givasverige-medlem-410x230.png\" class=\"attachment-heart-thumb-med size-heart-thumb-med wp-post-image\" alt=\"\" style=\"\" srcset=\"https:\/\/skyddaskogen.se\/wp-content\/uploads\/2026\/04\/givasverige-medlem-410x230.png 410w, https:\/\/skyddaskogen.se\/wp-content\/uploads\/2026\/04\/givasverige-medlem-270x152.png 270w\" sizes=\"(max-width: 600px) 100vw, 410px\" \/><\/div><a class=\"wp-block-latest-posts__post-title\" href=\"https:\/\/skyddaskogen.se\/de\/protect-the-forest-wird-mitglied-von-giva-sweden\/\">Protect the Forest wird Mitglied von Giva Sverige<\/a><time datetime=\"2026-04-02T16:57:48+02:00\" class=\"wp-block-latest-posts__post-date\">2. April 2026<\/time><\/li>\n<li><div class=\"wp-block-latest-posts__featured-image\"><img loading=\"lazy\" decoding=\"async\" width=\"410\" height=\"230\" src=\"https:\/\/skyddaskogen.se\/wp-content\/uploads\/2026\/03\/image-2026-03-30-093122767-410x230.png\" class=\"attachment-heart-thumb-med size-heart-thumb-med wp-post-image\" alt=\"\" style=\"\" srcset=\"https:\/\/skyddaskogen.se\/wp-content\/uploads\/2026\/03\/image-2026-03-30-093122767-410x230.png 410w, https:\/\/skyddaskogen.se\/wp-content\/uploads\/2026\/03\/image-2026-03-30-093122767-1290x725.png 1290w, https:\/\/skyddaskogen.se\/wp-content\/uploads\/2026\/03\/image-2026-03-30-093122767-840x473.png 840w, https:\/\/skyddaskogen.se\/wp-content\/uploads\/2026\/03\/image-2026-03-30-093122767-270x152.png 270w\" sizes=\"(max-width: 600px) 100vw, 410px\" \/><\/div><a class=\"wp-block-latest-posts__post-title\" href=\"https:\/\/skyddaskogen.se\/de\/miljoorganisationer-uppmanar-essity-att-dumpa-sca\/\">Umweltorganisationen dr\u00e4ngen Essity, SCA abzuschaffen<\/a><time datetime=\"2026-03-30T09:36:37+02:00\" class=\"wp-block-latest-posts__post-date\">30. M\u00e4rz 2026<\/time><\/li>\n<li><div class=\"wp-block-latest-posts__featured-image\"><img loading=\"lazy\" decoding=\"async\" width=\"410\" height=\"230\" src=\"https:\/\/skyddaskogen.se\/wp-content\/uploads\/2026\/02\/36a23e27-8e8f-4c10-b7d1-7f4407e88752-410x230.jpg\" class=\"attachment-heart-thumb-med size-heart-thumb-med wp-post-image\" alt=\"\" style=\"\" srcset=\"https:\/\/skyddaskogen.se\/wp-content\/uploads\/2026\/02\/36a23e27-8e8f-4c10-b7d1-7f4407e88752-410x230.jpg 410w, https:\/\/skyddaskogen.se\/wp-content\/uploads\/2026\/02\/36a23e27-8e8f-4c10-b7d1-7f4407e88752-1290x725.jpg 1290w, https:\/\/skyddaskogen.se\/wp-content\/uploads\/2026\/02\/36a23e27-8e8f-4c10-b7d1-7f4407e88752-840x473.jpg 840w, https:\/\/skyddaskogen.se\/wp-content\/uploads\/2026\/02\/36a23e27-8e8f-4c10-b7d1-7f4407e88752-270x152.jpg 270w\" sizes=\"(max-width: 600px) 100vw, 410px\" \/><\/div><a class=\"wp-block-latest-posts__post-title\" href=\"https:\/\/skyddaskogen.se\/de\/e-commerce-riese-zalando-verzichtet-auf-sca-ein-weiteres-grosses-unternehmen-flieht-die-umstrittene-schwedische-forstwirtschaft\/\">E-Commerce-Riese Zalando verzichtet auf SCA \u2013 ein weiteres gro\u00dfes Unternehmen flieht die umstrittene schwedische Forstwirtschaft<\/a><time datetime=\"2026-02-19T12:56:47+01:00\" class=\"wp-block-latest-posts__post-date\">19. Februar 2026<\/time><\/li>\n<li><div class=\"wp-block-latest-posts__featured-image\"><img loading=\"lazy\" decoding=\"async\" width=\"410\" height=\"230\" src=\"https:\/\/skyddaskogen.se\/wp-content\/uploads\/2026\/01\/signal-2026-01-28-093815-019-410x230.jpeg\" class=\"attachment-heart-thumb-med size-heart-thumb-med wp-post-image\" alt=\"\" style=\"\" srcset=\"https:\/\/skyddaskogen.se\/wp-content\/uploads\/2026\/01\/signal-2026-01-28-093815-019-410x230.jpeg 410w, https:\/\/skyddaskogen.se\/wp-content\/uploads\/2026\/01\/signal-2026-01-28-093815-019-1290x725.jpeg 1290w, https:\/\/skyddaskogen.se\/wp-content\/uploads\/2026\/01\/signal-2026-01-28-093815-019-840x473.jpeg 840w, https:\/\/skyddaskogen.se\/wp-content\/uploads\/2026\/01\/signal-2026-01-28-093815-019-270x152.jpeg 270w\" sizes=\"(max-width: 600px) 100vw, 410px\" \/><\/div><a class=\"wp-block-latest-posts__post-title\" href=\"https:\/\/skyddaskogen.se\/de\/beerdigungsprotest-waehrend-der-copenhagen-fashion-week-verurteilt-zalandos-rolle-bei-der-waldzerstoerung-in-schweden\/\">&#8222;Beerdigungsprotest&#8220; w\u00e4hrend der Copenhagen Fashion Week verurteilt Zalandos Rolle bei der Waldzerst\u00f6rung in Schweden<\/a><time datetime=\"2026-01-28T14:19:35+01:00\" class=\"wp-block-latest-posts__post-date\">28. Januar 2026<\/time><\/li>\n<\/ul>","protected":false},"excerpt":{"rendered":"<p>Presse Sch\u00fctzt den Wald arbeitet aktiv daran, Journalisten und Medien zu unterst\u00fctzen, indem es Fakten, Fachwissen und Analysen zu Themen rund um W\u00e4lder und Umwelt bereitstellt. Unser Ziel ist es,&hellip;<\/p>\n","protected":false},"author":32,"featured_media":0,"parent":0,"menu_order":0,"comment_status":"closed","ping_status":"closed","template":"","meta":{"give_campaign_id":0,"_price":"","_stock":"","_tribe_ticket_header":"","_tribe_default_ticket_provider":"","_tribe_ticket_capacity":"0","_ticket_start_date":"","_ticket_end_date":"","_tribe_ticket_show_description":"","_tribe_ticket_show_not_going":false,"_tribe_ticket_use_global_stock":"","_tribe_ticket_global_stock_level":"","_global_stock_mode":"","_global_stock_cap":"","_tribe_rsvp_for_event":"","_tribe_ticket_going_count":"","_tribe_ticket_not_going_count":"","_tribe_tickets_list":"[]","_tribe_ticket_has_attendee_info_fields":false,"footnotes":"","_tec_slr_enabled":"","_tec_slr_layout":""},"class_list":["post-70097","page","type-page","status-publish","hentry"],"yoast_head":"<!-- This site is optimized with the Yoast SEO plugin v27.4 - https:\/\/yoast.com\/product\/yoast-seo-wordpress\/ -->\n<title>Presse - Sch\u00fczt den wald<\/title>\n<meta name=\"robots\" content=\"index, follow, max-snippet:-1, max-image-preview:large, max-video-preview:-1\" \/>\n<link rel=\"canonical\" href=\"https:\/\/skyddaskogen.se\/de\/presse\/\" \/>\n<meta property=\"og:locale\" content=\"de_DE\" \/>\n<meta property=\"og:type\" content=\"article\" \/>\n<meta property=\"og:title\" content=\"Presse - Sch\u00fczt den wald\" \/>\n<meta property=\"og:description\" content=\"Presse Sch\u00fctzt den Wald arbeitet aktiv daran, Journalisten und Medien zu unterst\u00fctzen, indem es Fakten, Fachwissen und Analysen zu Themen rund um W\u00e4lder und Umwelt bereitstellt. Unser Ziel ist es,&hellip;\" \/>\n<meta property=\"og:url\" content=\"https:\/\/skyddaskogen.se\/de\/presse\/\" \/>\n<meta property=\"og:site_name\" content=\"Sch\u00fczt den wald\" \/>\n<meta property=\"article:publisher\" content=\"https:\/\/www.facebook.com\/groups\/54996954022\/\" \/>\n<meta property=\"article:modified_time\" content=\"2026-03-16T21:07:21+00:00\" \/>\n<meta property=\"og:image\" content=\"https:\/\/skyddaskogen.se\/wp-content\/uploads\/2020\/11\/skyddaskogen.se_photograph_taken_by_dan_jamalina_burnelius.jpg\" \/>\n\t<meta property=\"og:image:width\" content=\"1378\" \/>\n\t<meta property=\"og:image:height\" content=\"862\" \/>\n\t<meta property=\"og:image:type\" content=\"image\/jpeg\" \/>\n<meta name=\"twitter:card\" content=\"summary_large_image\" \/>\n<meta name=\"twitter:site\" content=\"@skyddaskogen\" \/>\n<meta name=\"twitter:label1\" content=\"Gesch\u00e4tzte Lesezeit\" \/>\n\t<meta name=\"twitter:data1\" content=\"1\u00a0Minute\" \/>\n<script type=\"application\/ld+json\" class=\"yoast-schema-graph\">{\"@context\":\"https:\\\/\\\/schema.org\",\"@graph\":[{\"@type\":\"WebPage\",\"@id\":\"https:\\\/\\\/skyddaskogen.se\\\/de\\\/presse\\\/\",\"url\":\"https:\\\/\\\/skyddaskogen.se\\\/de\\\/presse\\\/\",\"name\":\"Presse - Sch\u00fczt den wald\",\"isPartOf\":{\"@id\":\"https:\\\/\\\/skyddaskogen.se\\\/#website\"},\"primaryImageOfPage\":{\"@id\":\"https:\\\/\\\/skyddaskogen.se\\\/de\\\/presse\\\/#primaryimage\"},\"image\":{\"@id\":\"https:\\\/\\\/skyddaskogen.se\\\/de\\\/presse\\\/#primaryimage\"},\"thumbnailUrl\":\"https:\\\/\\\/skyddaskogen.se\\\/wp-content\\\/uploads\\\/2020\\\/11\\\/skyddaskogen.se_photograph_taken_by_dan_jamalina_burnelius-1024x641.jpg\",\"datePublished\":\"2026-03-16T21:07:18+00:00\",\"dateModified\":\"2026-03-16T21:07:21+00:00\",\"breadcrumb\":{\"@id\":\"https:\\\/\\\/skyddaskogen.se\\\/de\\\/presse\\\/#breadcrumb\"},\"inLanguage\":\"de\",\"potentialAction\":[{\"@type\":\"ReadAction\",\"target\":[\"https:\\\/\\\/skyddaskogen.se\\\/de\\\/presse\\\/\"]}]},{\"@type\":\"ImageObject\",\"inLanguage\":\"de\",\"@id\":\"https:\\\/\\\/skyddaskogen.se\\\/de\\\/presse\\\/#primaryimage\",\"url\":\"https:\\\/\\\/skyddaskogen.se\\\/wp-content\\\/uploads\\\/2020\\\/11\\\/skyddaskogen.se_photograph_taken_by_dan_jamalina_burnelius-1024x641.jpg\",\"contentUrl\":\"https:\\\/\\\/skyddaskogen.se\\\/wp-content\\\/uploads\\\/2020\\\/11\\\/skyddaskogen.se_photograph_taken_by_dan_jamalina_burnelius-1024x641.jpg\"},{\"@type\":\"BreadcrumbList\",\"@id\":\"https:\\\/\\\/skyddaskogen.se\\\/de\\\/presse\\\/#breadcrumb\",\"itemListElement\":[{\"@type\":\"ListItem\",\"position\":1,\"name\":\"Home\",\"item\":\"https:\\\/\\\/skyddaskogen.se\\\/de\\\/schutzen-sie-den-wald\\\/\"},{\"@type\":\"ListItem\",\"position\":2,\"name\":\"Presse\"}]},{\"@type\":\"WebSite\",\"@id\":\"https:\\\/\\\/skyddaskogen.se\\\/#website\",\"url\":\"https:\\\/\\\/skyddaskogen.se\\\/\",\"name\":\"Skydda Skogen\",\"description\":\"Zum Schutz alter W\u00e4lder und nat\u00fcrlicher Bauernh\u00f6fe\",\"publisher\":{\"@id\":\"https:\\\/\\\/skyddaskogen.se\\\/#organization\"},\"potentialAction\":[{\"@type\":\"SearchAction\",\"target\":{\"@type\":\"EntryPoint\",\"urlTemplate\":\"https:\\\/\\\/skyddaskogen.se\\\/?s={search_term_string}\"},\"query-input\":{\"@type\":\"PropertyValueSpecification\",\"valueRequired\":true,\"valueName\":\"search_term_string\"}}],\"inLanguage\":\"de\"},{\"@type\":\"Organization\",\"@id\":\"https:\\\/\\\/skyddaskogen.se\\\/#organization\",\"name\":\"Skydda Skogen\",\"url\":\"https:\\\/\\\/skyddaskogen.se\\\/\",\"logo\":{\"@type\":\"ImageObject\",\"inLanguage\":\"de\",\"@id\":\"https:\\\/\\\/skyddaskogen.se\\\/#\\\/schema\\\/logo\\\/image\\\/\",\"url\":\"https:\\\/\\\/skyddaskogen.se\\\/wp-content\\\/uploads\\\/2020\\\/09\\\/skyddaskogen.se_favicon-1.png\",\"contentUrl\":\"https:\\\/\\\/skyddaskogen.se\\\/wp-content\\\/uploads\\\/2020\\\/09\\\/skyddaskogen.se_favicon-1.png\",\"width\":256,\"height\":256,\"caption\":\"Skydda Skogen\"},\"image\":{\"@id\":\"https:\\\/\\\/skyddaskogen.se\\\/#\\\/schema\\\/logo\\\/image\\\/\"},\"sameAs\":[\"https:\\\/\\\/www.facebook.com\\\/groups\\\/54996954022\\\/\",\"https:\\\/\\\/x.com\\\/skyddaskogen\",\"https:\\\/\\\/www.instagram.com\\\/skyddaskogen\\\/\",\"https:\\\/\\\/www.youtube.com\\\/channel\\\/UCHJVIc9sptUj-qPek3Imitw\"]}]}<\/script>\n<!-- \/ Yoast SEO plugin. -->","yoast_head_json":{"title":"Presse - Sch\u00fczt den wald","robots":{"index":"index","follow":"follow","max-snippet":"max-snippet:-1","max-image-preview":"max-image-preview:large","max-video-preview":"max-video-preview:-1"},"canonical":"https:\/\/skyddaskogen.se\/de\/presse\/","og_locale":"de_DE","og_type":"article","og_title":"Presse - Sch\u00fczt den wald","og_description":"Presse Sch\u00fctzt den Wald arbeitet aktiv daran, Journalisten und Medien zu unterst\u00fctzen, indem es Fakten, Fachwissen und Analysen zu Themen rund um W\u00e4lder und Umwelt bereitstellt. Unser Ziel ist es,&hellip;","og_url":"https:\/\/skyddaskogen.se\/de\/presse\/","og_site_name":"Sch\u00fczt den wald","article_publisher":"https:\/\/www.facebook.com\/groups\/54996954022\/","article_modified_time":"2026-03-16T21:07:21+00:00","og_image":[{"width":1378,"height":862,"url":"https:\/\/skyddaskogen.se\/wp-content\/uploads\/2020\/11\/skyddaskogen.se_photograph_taken_by_dan_jamalina_burnelius.jpg","type":"image\/jpeg"}],"twitter_card":"summary_large_image","twitter_site":"@skyddaskogen","twitter_misc":{"Gesch\u00e4tzte Lesezeit":"1\u00a0Minute"},"schema":{"@context":"https:\/\/schema.org","@graph":[{"@type":"WebPage","@id":"https:\/\/skyddaskogen.se\/de\/presse\/","url":"https:\/\/skyddaskogen.se\/de\/presse\/","name":"Presse - Sch\u00fczt den wald","isPartOf":{"@id":"https:\/\/skyddaskogen.se\/#website"},"primaryImageOfPage":{"@id":"https:\/\/skyddaskogen.se\/de\/presse\/#primaryimage"},"image":{"@id":"https:\/\/skyddaskogen.se\/de\/presse\/#primaryimage"},"thumbnailUrl":"https:\/\/skyddaskogen.se\/wp-content\/uploads\/2020\/11\/skyddaskogen.se_photograph_taken_by_dan_jamalina_burnelius-1024x641.jpg","datePublished":"2026-03-16T21:07:18+00:00","dateModified":"2026-03-16T21:07:21+00:00","breadcrumb":{"@id":"https:\/\/skyddaskogen.se\/de\/presse\/#breadcrumb"},"inLanguage":"de","potentialAction":[{"@type":"ReadAction","target":["https:\/\/skyddaskogen.se\/de\/presse\/"]}]},{"@type":"ImageObject","inLanguage":"de","@id":"https:\/\/skyddaskogen.se\/de\/presse\/#primaryimage","url":"https:\/\/skyddaskogen.se\/wp-content\/uploads\/2020\/11\/skyddaskogen.se_photograph_taken_by_dan_jamalina_burnelius-1024x641.jpg","contentUrl":"https:\/\/skyddaskogen.se\/wp-content\/uploads\/2020\/11\/skyddaskogen.se_photograph_taken_by_dan_jamalina_burnelius-1024x641.jpg"},{"@type":"BreadcrumbList","@id":"https:\/\/skyddaskogen.se\/de\/presse\/#breadcrumb","itemListElement":[{"@type":"ListItem","position":1,"name":"Home","item":"https:\/\/skyddaskogen.se\/de\/schutzen-sie-den-wald\/"},{"@type":"ListItem","position":2,"name":"Presse"}]},{"@type":"WebSite","@id":"https:\/\/skyddaskogen.se\/#website","url":"https:\/\/skyddaskogen.se\/","name":"Skydda Skogen","description":"Zum Schutz alter W\u00e4lder und nat\u00fcrlicher Bauernh\u00f6fe","publisher":{"@id":"https:\/\/skyddaskogen.se\/#organization"},"potentialAction":[{"@type":"SearchAction","target":{"@type":"EntryPoint","urlTemplate":"https:\/\/skyddaskogen.se\/?s={search_term_string}"},"query-input":{"@type":"PropertyValueSpecification","valueRequired":true,"valueName":"search_term_string"}}],"inLanguage":"de"},{"@type":"Organization","@id":"https:\/\/skyddaskogen.se\/#organization","name":"Skydda Skogen","url":"https:\/\/skyddaskogen.se\/","logo":{"@type":"ImageObject","inLanguage":"de","@id":"https:\/\/skyddaskogen.se\/#\/schema\/logo\/image\/","url":"https:\/\/skyddaskogen.se\/wp-content\/uploads\/2020\/09\/skyddaskogen.se_favicon-1.png","contentUrl":"https:\/\/skyddaskogen.se\/wp-content\/uploads\/2020\/09\/skyddaskogen.se_favicon-1.png","width":256,"height":256,"caption":"Skydda Skogen"},"image":{"@id":"https:\/\/skyddaskogen.se\/#\/schema\/logo\/image\/"},"sameAs":["https:\/\/www.facebook.com\/groups\/54996954022\/","https:\/\/x.com\/skyddaskogen","https:\/\/www.instagram.com\/skyddaskogen\/","https:\/\/www.youtube.com\/channel\/UCHJVIc9sptUj-qPek3Imitw"]}]}},"campaignId":"","ticketed":false,"_links":{"self":[{"href":"https:\/\/skyddaskogen.se\/de\/wp-json\/wp\/v2\/pages\/70097","targetHints":{"allow":["GET"]}}],"collection":[{"href":"https:\/\/skyddaskogen.se\/de\/wp-json\/wp\/v2\/pages"}],"about":[{"href":"https:\/\/skyddaskogen.se\/de\/wp-json\/wp\/v2\/types\/page"}],"author":[{"embeddable":true,"href":"https:\/\/skyddaskogen.se\/de\/wp-json\/wp\/v2\/users\/32"}],"replies":[{"embeddable":true,"href":"https:\/\/skyddaskogen.se\/de\/wp-json\/wp\/v2\/comments?post=70097"}],"version-history":[{"count":1,"href":"https:\/\/skyddaskogen.se\/de\/wp-json\/wp\/v2\/pages\/70097\/revisions"}],"predecessor-version":[{"id":70098,"href":"https:\/\/skyddaskogen.se\/de\/wp-json\/wp\/v2\/pages\/70097\/revisions\/70098"}],"wp:attachment":[{"href":"https:\/\/skyddaskogen.se\/de\/wp-json\/wp\/v2\/media?parent=70097"}],"curies":[{"name":"wp","href":"https:\/\/api.w.org\/{rel}","templated":true}]}}